{"id":140,"date":"2023-02-10T21:01:00","date_gmt":"2023-02-10T21:01:00","guid":{"rendered":"http:\/\/box5516.temp.domains\/~theyovq2\/?page_id=140"},"modified":"2024-08-09T16:30:40","modified_gmt":"2024-08-09T16:30:40","slug":"whats-new","status":"publish","type":"page","link":"https:\/\/www.theyouthharbour.org\/fr\/whats-new\/","title":{"rendered":"Actualit\u00e9s"},"content":{"rendered":"<p><div class=\"et_d4_element et_pb_section et_pb_section_0 et_pb_with_background  et_pb_css_mix_blend_mode et_section_regular et_block_section\" >\n\t\t\t\t\n\t\t\t\t\n\t\t\t\t\n\t\t\t\t\n\t\t\t\t\n\t\t\t\t\n\t\t\t\t<div class=\"et_d4_element et_pb_row et_pb_row_0  et_pb_css_mix_blend_mode et_block_row\">\n\t\t\t\t<div class=\"et_d4_element et_pb_column_4_4 et_pb_column et_pb_column_0  et_pb_css_mix_blend_mode et-last-child et_block_column\">\n\t\t\t\t\n\t\t\t\t\n\t\t\t\t\n\t\t\t\t\n\t\t\t\t<div class=\"et_pb_module et_d4_element et_pb_text et_pb_text_0  et_pb_text_align_center et_pb_bg_layout_light\">\n\t\t\t\t\n\t\t\t\t\n\t\t\t\t\n\t\t\t\t\n\t\t\t\t<div class=\"et_pb_text_inner\"><h1>WHAT'S NEW<\/h1><\/div>\n\t\t\t<\/div>\n\t\t\t<\/div>\n\t\t\t\t\n\t\t\t\t\n\t\t\t\t\n\t\t\t\t\n\t\t\t<\/div>\n\t\t\t\t\n\t\t\t\t\n\t\t\t<\/div><div class=\"et_d4_element et_pb_section et_pb_section_1 et_pb_with_background  et_pb_css_mix_blend_mode et_section_regular et_block_section\" >\n\t\t\t\t\n\t\t\t\t\n\t\t\t\t\n\t\t\t\t\n\t\t\t\t\n\t\t\t\t\n\t\t\t\t<div class=\"et_d4_element et_pb_row et_pb_row_1  et_pb_css_mix_blend_mode et_block_row\">\n\t\t\t\t<div class=\"et_d4_element et_pb_column_4_4 et_pb_column et_pb_column_1  et_pb_css_mix_blend_mode et-last-child et_block_column\">\n\t\t\t\t\n\t\t\t\t\n\t\t\t\t\n\t\t\t\t\n\t\t\t\t<div class=\"et_pb_module et_d4_element et_pb_text et_pb_text_1  et_pb_text_align_center et_pb_bg_layout_light\">\n\t\t\t\t\n\t\t\t\t\n\t\t\t\t\n\t\t\t\t\n\t\t\t\t<div class=\"et_pb_text_inner\"><h1>WHAT'S NEW<\/h1><\/div>\n\t\t\t<\/div><div class=\"et_pb_module et_d4_element et_pb_image et_pb_image_0\">\n\t\t\t\t\n\t\t\t\t\n\t\t\t\t\n\t\t\t\t\n\t\t\t\t<span class=\"et_pb_image_wrap\"><img data-recalc-dims=\"1\" loading=\"lazy\" decoding=\"async\" width=\"1080\" height=\"400\" src=\"https:\/\/i0.wp.com\/www.theyouthharbour.org\/wp-content\/uploads\/2023\/09\/Whats-new-2.png?resize=1080%2C400&#038;ssl=1\" alt=\"\" title=\"What&#039;s new (2)\" srcset=\"https:\/\/i0.wp.com\/www.theyouthharbour.org\/wp-content\/uploads\/2023\/09\/Whats-new-2.png?w=1920&ssl=1 1920w, https:\/\/i0.wp.com\/www.theyouthharbour.org\/wp-content\/uploads\/2023\/09\/Whats-new-2.png?resize=300%2C111&ssl=1 300w, https:\/\/i0.wp.com\/www.theyouthharbour.org\/wp-content\/uploads\/2023\/09\/Whats-new-2.png?resize=1024%2C379&ssl=1 1024w, https:\/\/i0.wp.com\/www.theyouthharbour.org\/wp-content\/uploads\/2023\/09\/Whats-new-2.png?resize=768%2C284&ssl=1 768w, https:\/\/i0.wp.com\/www.theyouthharbour.org\/wp-content\/uploads\/2023\/09\/Whats-new-2.png?resize=1536%2C569&ssl=1 1536w, https:\/\/i0.wp.com\/www.theyouthharbour.org\/wp-content\/uploads\/2023\/09\/Whats-new-2.png?resize=18%2C7&ssl=1 18w, https:\/\/i0.wp.com\/www.theyouthharbour.org\/wp-content\/uploads\/2023\/09\/Whats-new-2.png?resize=1080%2C400&ssl=1 1080w, https:\/\/i0.wp.com\/www.theyouthharbour.org\/wp-content\/uploads\/2023\/09\/Whats-new-2.png?resize=1280%2C474&ssl=1 1280w, https:\/\/i0.wp.com\/www.theyouthharbour.org\/wp-content\/uploads\/2023\/09\/Whats-new-2.png?resize=980%2C363&ssl=1 980w, https:\/\/i0.wp.com\/www.theyouthharbour.org\/wp-content\/uploads\/2023\/09\/Whats-new-2.png?resize=480%2C178&ssl=1 480w\" sizes=\"(max-width: 1080px) 100vw, 1080px\" class=\"wp-image-28433\" \/><\/span>\n\t\t\t<\/div>\n\t\t\t<\/div>\n\t\t\t\t\n\t\t\t\t\n\t\t\t\t\n\t\t\t\t\n\t\t\t<\/div>\n\t\t\t\t\n\t\t\t\t\n\t\t\t<\/div><div id=\"pa-blog-equal-height\" class=\"et_d4_element et_pb_section et_pb_section_2 et_pb_with_background  et_pb_css_mix_blend_mode et_section_regular et_block_section\" >\n\t\t\t\t\n\t\t\t\t\n\t\t\t\t\n\t\t\t\t\n\t\t\t\t\n\t\t\t\t\n\t\t\t\t<div class=\"et_d4_element et_pb_row et_pb_row_2  et_pb_css_mix_blend_mode et_block_row\">\n\t\t\t\t<div class=\"et_d4_element et_pb_column_4_4 et_pb_column et_pb_column_2  et_pb_css_mix_blend_mode et-last-child et_block_column\">\n\t\t\t\t\n\t\t\t\t\n\t\t\t\t\n\t\t\t\t\n\t\t\t\t<div class=\"et_pb_with_border et_pb_module et_d4_element et_pb_text et_pb_text_2  et_pb_text_align_left et_pb_bg_layout_light\">\n\t\t\t\t\n\t\t\t\t\n\t\t\t\t\n\t\t\t\t\n\t\t\t\t<div class=\"et_pb_text_inner\"><p><marquee><br \/><span> NOUVELLES &amp; DERNI\u00c8RES INFOS  \u00a0 \u00a0 \u00a0\u00a0NOUVELLES &amp; DERNI\u00c8RES INFOS  \u00a0 \u00a0 \u00a0\u00a0 NOUVELLES &amp; DERNI\u00c8RES INFOS  \u00a0 \u00a0 \u00a0\u00a0 NOUVELLES &amp; DERNI\u00c8RES INFOS  \u00a0 \u00a0 \u00a0\u00a0 NOUVELLES &amp; DERNI\u00c8RES INFOS  \u00a0 \u00a0 \u00a0\u00a0 NOUVELLES &amp; DERNI\u00c8RES INFOS  \u00a0 \u00a0 \u00a0\u00a0 NOUVELLES &amp; DERNI\u00c8RES INFOS  \u00a0 \u00a0 \u00a0\u00a0 NOUVELLES &amp; DERNI\u00c8RES INFOS  \u00a0 \u00a0 \u00a0\u00a0 NOUVELLES &amp; DERNI\u00c8RES INFOS  \u00a0 \u00a0 \u00a0\u00a0 NOUVELLES &amp; DERNI\u00c8RES INFOS  \u00a0 \u00a0 \u00a0\u00a0 NOUVELLES &amp; DERNI\u00c8RES INFOS  \u00a0 \u00a0 \u00a0\u00a0 NOUVELLES &amp; DERNI\u00c8RES INFOS  \u00a0 \u00a0 \u00a0\u00a0 NOUVELLES &amp; DERNI\u00c8RES INFOS  \u00a0 \u00a0 \u00a0\u00a0 NOUVELLES &amp; DERNI\u00c8RES INFOS  \u00a0 \u00a0 \u00a0\u00a0 NOUVELLES &amp; DERNI\u00c8RES INFOS  \u00a0 \u00a0 \u00a0\u00a0 NOUVELLES &amp; DERNI\u00c8RES INFOS  \u00a0 \u00a0 \u00a0\u00a0 NOUVELLES &amp; DERNI\u00c8RES INFOS  \u00a0 \u00a0 \u00a0\u00a0 \u00a0 \u00a0 \u00a0\u00a0 \u00a0\u00a0 \u00a0 \u00a0 <\/span><\/marquee><\/p><\/div>\n\t\t\t<\/div>\n\t\t\t<\/div>\n\t\t\t\t\n\t\t\t\t\n\t\t\t\t\n\t\t\t\t\n\t\t\t<\/div><div class=\"et_d4_element et_pb_row et_pb_row_3  et_pb_css_mix_blend_mode et_block_row\">\n\t\t\t\t<div class=\"et_d4_element et_pb_column_4_4 et_pb_column et_pb_column_3  et_pb_css_mix_blend_mode et-last-child et_block_column\">\n\t\t\t\t\n\t\t\t\t\n\t\t\t\t\n\t\t\t\t\n\t\t\t\t<div class=\"et_pb_module et_d4_element et_pb_text et_pb_text_3  et_pb_text_align_left et_pb_bg_layout_light\">\n\t\t\t\t\n\t\t\t\t\n\t\t\t\t\n\t\t\t\t\n\t\t\t\t<div class=\"et_pb_text_inner\"><p style=\"text-align: center;\"><span>Consultez cette page pour d\u00e9couvrir l'actualit\u00e9 de notre \u00e9quipe, de nos b\u00e9n\u00e9ficiaires et de notre organisation !<\/span><\/p><\/div>\n\t\t\t<\/div>\n\t\t\t<\/div>\n\t\t\t\t\n\t\t\t\t\n\t\t\t\t\n\t\t\t\t\n\t\t\t<\/div><div class=\"et_d4_element et_pb_row et_pb_row_4 et_pb_gutters1.5  et_pb_css_mix_blend_mode et_block_row\">\n\t\t\t\t<div class=\"et_d4_element et_pb_column_1_6 et_pb_column et_pb_column_4  et_pb_css_mix_blend_mode et_block_column\">\n\t\t\t\t\n\t\t\t\t\n\t\t\t\t\n\t\t\t\t\n\t\t\t\t<div class=\"et_pb_button_module_wrapper et_pb_button_0_wrapper et_pb_button_alignment_center et_pb_module\">\n\t\t\t\t<a class=\"et_pb_button et_d4_element et_pb_button_0 df-button et_pb_bg_layout_light et_block_module\" href=\"\">Tous<\/a>\n\t\t\t<\/div>\n\t\t\t<\/div><div class=\"et_d4_element et_pb_column_1_6 et_pb_column et_pb_column_5  et_pb_css_mix_blend_mode et_block_column\">\n\t\t\t\t\n\t\t\t\t\n\t\t\t\t\n\t\t\t\t\n\t\t\t\t<div class=\"et_pb_button_module_wrapper et_pb_button_1_wrapper et_pb_button_alignment_center et_pb_module\">\n\t\t\t\t<a class=\"et_pb_button et_d4_element et_pb_button_1 df-button dfc-our-updates et_pb_bg_layout_light et_block_module\" href=\"\">Nos nouveautes<\/a>\n\t\t\t<\/div>\n\t\t\t<\/div><div class=\"et_d4_element et_pb_column_1_6 et_pb_column et_pb_column_6  et_pb_css_mix_blend_mode et_block_column\">\n\t\t\t\t\n\t\t\t\t\n\t\t\t\t\n\t\t\t\t\n\t\t\t\t<div class=\"et_pb_button_module_wrapper et_pb_button_2_wrapper et_pb_button_alignment_center et_pb_module\">\n\t\t\t\t<a class=\"et_pb_button et_d4_element et_pb_button_2 df-button dfc-in-the-news et_pb_bg_layout_light et_block_module\" href=\"\">Dans les grands titres<\/a>\n\t\t\t<\/div>\n\t\t\t<\/div><div class=\"et_d4_element et_pb_column_1_6 et_pb_column et_pb_column_7  et_pb_css_mix_blend_mode et_block_column\">\n\t\t\t\t\n\t\t\t\t\n\t\t\t\t\n\t\t\t\t\n\t\t\t\t<div class=\"et_pb_button_module_wrapper et_pb_button_3_wrapper et_pb_button_alignment_center et_pb_module\">\n\t\t\t\t<a class=\"et_pb_button et_d4_element et_pb_button_3 df-button dfc-what-were-reading et_pb_bg_layout_light et_block_module\" href=\"\">Lire<\/a>\n\t\t\t<\/div>\n\t\t\t<\/div><div class=\"et_d4_element et_pb_column_1_6 et_pb_column et_pb_column_8  et_pb_css_mix_blend_mode et_block_column\">\n\t\t\t\t\n\t\t\t\t\n\t\t\t\t\n\t\t\t\t\n\t\t\t\t<div class=\"et_pb_button_module_wrapper et_pb_button_4_wrapper et_pb_button_alignment_center et_pb_module\">\n\t\t\t\t<a class=\"et_pb_button et_d4_element et_pb_button_4 df-button dfc-reports et_pb_bg_layout_light et_block_module\" href=\"\">rapports<\/a>\n\t\t\t<\/div>\n\t\t\t<\/div><div class=\"et_d4_element et_pb_column_1_6 et_pb_column et_pb_column_9  et_pb_css_mix_blend_mode et-last-child et_block_column\">\n\t\t\t\t\n\t\t\t\t\n\t\t\t\t\n\t\t\t\t\n\t\t\t\t<div class=\"et_pb_button_module_wrapper et_pb_button_5_wrapper et_pb_button_alignment_center et_pb_module\">\n\t\t\t\t<a class=\"et_pb_button et_d4_element et_pb_button_5 df-button dfc-impact-story et_pb_bg_layout_light et_block_module\" href=\"\">Grantees<\/a>\n\t\t\t<\/div>\n\t\t\t<\/div>\n\t\t\t\t\n\t\t\t\t\n\t\t\t\t\n\t\t\t\t\n\t\t\t<\/div>\n\t\t\t\t\n\t\t\t\t\n\t\t\t<\/div><div class=\"et_d4_element et_pb_section et_pb_section_3 df-area df-post et_pb_with_background  et_pb_css_mix_blend_mode et_section_regular et_block_section\" >\n\t\t\t\t\n\t\t\t\t\n\t\t\t\t\n\t\t\t\t\n\t\t\t\t\n\t\t\t\t\n\t\t\t\t<div class=\"et_d4_element et_pb_row et_pb_row_5 et_pb_equal_columns  et_pb_css_mix_blend_mode et_block_row\">\n\t\t\t\t<div class=\"et_d4_element et_pb_column_4_4 et_pb_column et_pb_column_10  et_pb_css_mix_blend_mode et-last-child et_block_column\">\n\t\t\t\t\n\t\t\t\t\n\t\t\t\t\n\t\t\t\t\n\t\t\t\t<div class=\"et_pb_with_border et_pb_module et_d4_element et_pb_blog_0 pa-blog-no-links  et_pb_css_mix_blend_mode et_pb_blog_grid_wrapper et_pb_bg_layout_light\">\n\t\t\t\t\t<div class=\"et_pb_blog_grid clearfix\">\n\t\t\t\t\t\n\t\t\t\t\t\n\t\t\t\t\t\n\t\t\t\t\t\n\t\t\t\t\t<div class=\"et_pb_ajax_pagination_container\">\n\t\t\t\t\t\t<div class=\"et_pb_salvattore_content\" data-columns>\n\t\t\t<article id=\"post-32623\" class=\"et_pb_post clearfix et_pb_has_overlay et_pb_blog_item_0_0 post-32623 post type-post status-publish format-standard has-post-thumbnail hentry category-impact-story\">\n\n\t\t\t\t<div class=\"et_pb_image_container\"><a href=\"https:\/\/www.theyouthharbour.org\/fr\/impact-story\/colour-in-climate-building-belonging-through-care-and-connection\/\" class=\"entry-featured-image-url\"><img loading=\"lazy\" decoding=\"async\" src=\"https:\/\/www.theyouthharbour.org\/wp-content\/uploads\/2026\/07\/Nicole-Doray-1-400x250.avif\" alt=\"Colour in Climate: Building Belonging Through Care and Connection\" class=\"\" srcset=\"https:\/\/www.theyouthharbour.org\/wp-content\/uploads\/2026\/07\/Nicole-Doray-1.avif 479w, https:\/\/www.theyouthharbour.org\/wp-content\/uploads\/2026\/07\/Nicole-Doray-1-400x250.avif 480w \" sizes=\"(max-width:479px) 479px, 100vw \"  width=\"400\" height=\"250\" \/><span class=\"et_overlay et_pb_inline_icon\" data-icon=\"$\"><\/span><\/a><\/div>\n\t\t\t\t\t\t\t\t\t\t\t\t\t\t<h2 class=\"entry-title\">\n\t\t\t\t\t\t\t\t\t\t\t\t\t<a href=\"https:\/\/www.theyouthharbour.org\/fr\/impact-story\/colour-in-climate-building-belonging-through-care-and-connection\/\">De la couleur dans le climat : b\u00e2tir de l\u2019appartenance par le soin et la connexion<\/a>\n\t\t\t\t\t\t\t\t\t\t\t<\/h2>\n\t\t\t\t\n\t\t\t\t\t<p class=\"post-meta\"><a href=\"https:\/\/www.theyouthharbour.org\/fr\/category\/impact-story\/\" rel=\"tag\">Histoires d'impact<\/a><\/p><div class=\"post-content\"><div class=\"post-content-inner\"><\/div><\/div>\t\t\t\n\t\t\t<\/article>\n\t\t\t\t\n\t\t\t<article id=\"post-32569\" class=\"et_pb_post clearfix et_pb_has_overlay et_pb_blog_item_0_1 post-32569 post type-post status-publish format-standard has-post-thumbnail hentry category-our-updates\">\n\n\t\t\t\t<div class=\"et_pb_image_container\"><a href=\"https:\/\/www.theyouthharbour.org\/fr\/our-updates\/the-elephant-in-the-room-resilience-alone-isnt-the-key-to-the-future-of-youth-led-organizing\/\" class=\"entry-featured-image-url\"><img loading=\"lazy\" decoding=\"async\" src=\"https:\/\/www.theyouthharbour.org\/wp-content\/uploads\/2026\/07\/The-Elephant-in-the-Room-400x250.avif\" alt=\"The Elephant in the Room: Resilience alone isn\u2019t the key to the future of youth-led organizing\" class=\"\" srcset=\"https:\/\/www.theyouthharbour.org\/wp-content\/uploads\/2026\/07\/The-Elephant-in-the-Room.avif 479w, https:\/\/www.theyouthharbour.org\/wp-content\/uploads\/2026\/07\/The-Elephant-in-the-Room-400x250.avif 480w \" sizes=\"(max-width:479px) 479px, 100vw \"  width=\"400\" height=\"250\" \/><span class=\"et_overlay et_pb_inline_icon\" data-icon=\"$\"><\/span><\/a><\/div>\n\t\t\t\t\t\t\t\t\t\t\t\t\t\t<h2 class=\"entry-title\">\n\t\t\t\t\t\t\t\t\t\t\t\t\t<a href=\"https:\/\/www.theyouthharbour.org\/fr\/our-updates\/the-elephant-in-the-room-resilience-alone-isnt-the-key-to-the-future-of-youth-led-organizing\/\">The Elephant in the Room: Resilience alone isn\u2019t the key to the future of youth-led organizing<\/a>\n\t\t\t\t\t\t\t\t\t\t\t<\/h2>\n\t\t\t\t\n\t\t\t\t\t<p class=\"post-meta\"><a href=\"https:\/\/www.theyouthharbour.org\/fr\/category\/our-updates\/\" rel=\"tag\">Nos nouveautes<\/a><\/p><div class=\"post-content\"><div class=\"post-content-inner\"><\/div><\/div>\t\t\t\n\t\t\t<\/article>\n\t\t\t\t\n\t\t\t<article id=\"post-32523\" class=\"et_pb_post clearfix et_pb_has_overlay et_pb_blog_item_0_2 post-32523 post type-post status-publish format-standard has-post-thumbnail hentry category-impact-story\">\n\n\t\t\t\t<div class=\"et_pb_image_container\"><a href=\"https:\/\/www.theyouthharbour.org\/fr\/impact-story\/reigniting-the-spark-how-haley-and-cje-built-community-after-covid\/\" class=\"entry-featured-image-url\"><img loading=\"lazy\" decoding=\"async\" src=\"https:\/\/www.theyouthharbour.org\/wp-content\/uploads\/2026\/06\/Haley-Pukanski-400x250.avif\" alt=\"Reigniting the Spark: How Haley and CJE Built Community After COVID\" class=\"\" srcset=\"https:\/\/www.theyouthharbour.org\/wp-content\/uploads\/2026\/06\/Haley-Pukanski.avif 479w, https:\/\/www.theyouthharbour.org\/wp-content\/uploads\/2026\/06\/Haley-Pukanski-400x250.avif 480w \" sizes=\"(max-width:479px) 479px, 100vw \"  width=\"400\" height=\"250\" \/><span class=\"et_overlay et_pb_inline_icon\" data-icon=\"$\"><\/span><\/a><\/div>\n\t\t\t\t\t\t\t\t\t\t\t\t\t\t<h2 class=\"entry-title\">\n\t\t\t\t\t\t\t\t\t\t\t\t\t<a href=\"https:\/\/www.theyouthharbour.org\/fr\/impact-story\/reigniting-the-spark-how-haley-and-cje-built-community-after-covid\/\">Rallumer l\u2019\u00e9tincelle : Comment Haley et CJE ont b\u00e2ti une communaut\u00e9 apr\u00e8s le COVID<\/a>\n\t\t\t\t\t\t\t\t\t\t\t<\/h2>\n\t\t\t\t\n\t\t\t\t\t<p class=\"post-meta\"><a href=\"https:\/\/www.theyouthharbour.org\/fr\/category\/impact-story\/\" rel=\"tag\">Histoires d'impact<\/a><\/p><div class=\"post-content\"><div class=\"post-content-inner\"><\/div><\/div>\t\t\t\n\t\t\t<\/article>\n\t\t\t\t\n\t\t\t<article id=\"post-32532\" class=\"et_pb_post clearfix et_pb_has_overlay et_pb_blog_item_0_3 post-32532 post type-post status-publish format-standard has-post-thumbnail hentry category-reports\">\n\n\t\t\t\t<div class=\"et_pb_image_container\"><a href=\"https:\/\/www.theyouthharbour.org\/fr\/reports\/amplifying-youth-voices-report\/\" class=\"entry-featured-image-url\"><img loading=\"lazy\" decoding=\"async\" src=\"https:\/\/www.theyouthharbour.org\/wp-content\/uploads\/2026\/06\/Amplify-Report-400x250.avif\" alt=\"Amplifying Youth Voices Report\" class=\"\" srcset=\"https:\/\/www.theyouthharbour.org\/wp-content\/uploads\/2026\/06\/Amplify-Report.avif 479w, https:\/\/www.theyouthharbour.org\/wp-content\/uploads\/2026\/06\/Amplify-Report-400x250.avif 480w \" sizes=\"(max-width:479px) 479px, 100vw \"  width=\"400\" height=\"250\" \/><span class=\"et_overlay et_pb_inline_icon\" data-icon=\"$\"><\/span><\/a><\/div>\n\t\t\t\t\t\t\t\t\t\t\t\t\t\t<h2 class=\"entry-title\">\n\t\t\t\t\t\t\t\t\t\t\t\t\t<a href=\"https:\/\/www.theyouthharbour.org\/fr\/reports\/amplifying-youth-voices-report\/\">Amplifier la voix des jeunes rapport<\/a>\n\t\t\t\t\t\t\t\t\t\t\t<\/h2>\n\t\t\t\t\n\t\t\t\t\t<p class=\"post-meta\"><a href=\"https:\/\/www.theyouthharbour.org\/fr\/category\/reports\/\" rel=\"tag\">rapports<\/a><\/p><div class=\"post-content\"><div class=\"post-content-inner\"><\/div><\/div>\t\t\t\n\t\t\t<\/article>\n\t\t\t\t\n\t\t\t<article id=\"post-32243\" class=\"et_pb_post clearfix et_pb_has_overlay et_pb_blog_item_0_4 post-32243 post type-post status-publish format-standard has-post-thumbnail hentry category-impact-story\">\n\n\t\t\t\t<div class=\"et_pb_image_container\"><a href=\"https:\/\/www.theyouthharbour.org\/fr\/impact-story\/creating-space-for-climate-emotions-smielys-vision-for-climate-wellness\/\" class=\"entry-featured-image-url\"><img loading=\"lazy\" decoding=\"async\" src=\"https:\/\/www.theyouthharbour.org\/wp-content\/uploads\/2026\/05\/Smiely-Khurana-2-400x250.avif\" alt=\"Creating Space for Climate Emotions: Smiely\u2019s Vision for Climate Wellness\" class=\"\" srcset=\"https:\/\/www.theyouthharbour.org\/wp-content\/uploads\/2026\/05\/Smiely-Khurana-2.avif 479w, https:\/\/www.theyouthharbour.org\/wp-content\/uploads\/2026\/05\/Smiely-Khurana-2-400x250.avif 480w \" sizes=\"(max-width:479px) 479px, 100vw \"  width=\"400\" height=\"250\" \/><span class=\"et_overlay et_pb_inline_icon\" data-icon=\"$\"><\/span><\/a><\/div>\n\t\t\t\t\t\t\t\t\t\t\t\t\t\t<h2 class=\"entry-title\">\n\t\t\t\t\t\t\t\t\t\t\t\t\t<a href=\"https:\/\/www.theyouthharbour.org\/fr\/impact-story\/creating-space-for-climate-emotions-smielys-vision-for-climate-wellness\/\">Cr\u00e9er un espace pour les \u00e9motions li\u00e9es au climat : la vision de Smiely pour le bien-\u00eatre climatique<\/a>\n\t\t\t\t\t\t\t\t\t\t\t<\/h2>\n\t\t\t\t\n\t\t\t\t\t<p class=\"post-meta\"><a href=\"https:\/\/www.theyouthharbour.org\/fr\/category\/impact-story\/\" rel=\"tag\">Histoires d'impact<\/a><\/p><div class=\"post-content\"><div class=\"post-content-inner\"><\/div><\/div>\t\t\t\n\t\t\t<\/article>\n\t\t\t\t\n\t\t\t<article id=\"post-32349\" class=\"et_pb_post clearfix et_pb_has_overlay et_pb_blog_item_0_5 post-32349 post type-post status-publish format-standard has-post-thumbnail hentry category-reports\">\n\n\t\t\t\t<div class=\"et_pb_image_container\"><a href=\"https:\/\/www.theyouthharbour.org\/fr\/reports\/abundance-fellowship-impact-report\/\" class=\"entry-featured-image-url\"><img loading=\"lazy\" decoding=\"async\" src=\"https:\/\/www.theyouthharbour.org\/wp-content\/uploads\/2026\/05\/Abundance-Report-400x250.avif\" alt=\"Abundance Fellowship Impact Report\" class=\"\" srcset=\"https:\/\/www.theyouthharbour.org\/wp-content\/uploads\/2026\/05\/Abundance-Report.avif 479w, https:\/\/www.theyouthharbour.org\/wp-content\/uploads\/2026\/05\/Abundance-Report-400x250.avif 480w \" sizes=\"(max-width:479px) 479px, 100vw \"  width=\"400\" height=\"250\" \/><span class=\"et_overlay et_pb_inline_icon\" data-icon=\"$\"><\/span><\/a><\/div>\n\t\t\t\t\t\t\t\t\t\t\t\t\t\t<h2 class=\"entry-title\">\n\t\t\t\t\t\t\t\t\t\t\t\t\t<a href=\"https:\/\/www.theyouthharbour.org\/fr\/reports\/abundance-fellowship-impact-report\/\">Programme abondance rapport d\u2019impact<\/a>\n\t\t\t\t\t\t\t\t\t\t\t<\/h2>\n\t\t\t\t\n\t\t\t\t\t<p class=\"post-meta\"><a href=\"https:\/\/www.theyouthharbour.org\/fr\/category\/reports\/\" rel=\"tag\">rapports<\/a><\/p><div class=\"post-content\"><div class=\"post-content-inner\"><\/div><\/div>\t\t\t\n\t\t\t<\/article>\n\t\t\t\t\n\t\t\t<article id=\"post-32267\" class=\"et_pb_post clearfix et_pb_has_overlay et_pb_blog_item_0_6 post-32267 post type-post status-publish format-standard has-post-thumbnail hentry category-our-updates\">\n\n\t\t\t\t<div class=\"et_pb_image_container\"><a href=\"https:\/\/www.theyouthharbour.org\/fr\/our-updates\/the-activist-resource-library-is-back-with-a-new-home\/\" class=\"entry-featured-image-url\"><img loading=\"lazy\" decoding=\"async\" src=\"https:\/\/i0.wp.com\/www.theyouthharbour.org\/wp-content\/uploads\/2026\/05\/ARL-Relaunch-1.png?resize=400%2C250&#038;ssl=1\" alt=\"The Activist Resource Library is back with a new home!\" class=\"\" srcset=\"https:\/\/i0.wp.com\/www.theyouthharbour.org\/wp-content\/uploads\/2026\/05\/ARL-Relaunch-1.png?fit=600%2C397&ssl=1 479w, https:\/\/i0.wp.com\/www.theyouthharbour.org\/wp-content\/uploads\/2026\/05\/ARL-Relaunch-1.png?resize=400%2C250&ssl=1 480w \" sizes=\"(max-width:479px) 479px, 100vw \"  width=\"400\" height=\"250\" \/><span class=\"et_overlay et_pb_inline_icon\" data-icon=\"$\"><\/span><\/a><\/div>\n\t\t\t\t\t\t\t\t\t\t\t\t\t\t<h2 class=\"entry-title\">\n\t\t\t\t\t\t\t\t\t\t\t\t\t<a href=\"https:\/\/www.theyouthharbour.org\/fr\/our-updates\/the-activist-resource-library-is-back-with-a-new-home\/\">La Biblioth\u00e8que de ressources militantes est de retour dans de nouveaux locaux !<\/a>\n\t\t\t\t\t\t\t\t\t\t\t<\/h2>\n\t\t\t\t\n\t\t\t\t\t<p class=\"post-meta\"><a href=\"https:\/\/www.theyouthharbour.org\/fr\/category\/our-updates\/\" rel=\"tag\">Nos nouveautes<\/a><\/p><div class=\"post-content\"><div class=\"post-content-inner\"><\/div><\/div>\t\t\t\n\t\t\t<\/article>\n\t\t\t\t\n\t\t\t<article id=\"post-32213\" class=\"et_pb_post clearfix et_pb_has_overlay et_pb_blog_item_0_7 post-32213 post type-post status-publish format-standard has-post-thumbnail hentry category-impact-story\">\n\n\t\t\t\t<div class=\"et_pb_image_container\"><a href=\"https:\/\/www.theyouthharbour.org\/fr\/impact-story\/from-academia-to-action-alejandros-path-to-climate-adaptation\/\" class=\"entry-featured-image-url\"><img loading=\"lazy\" decoding=\"async\" src=\"https:\/\/i0.wp.com\/www.theyouthharbour.org\/wp-content\/uploads\/2026\/04\/Alejandro-1.png?resize=400%2C250&#038;ssl=1\" alt=\"From Academia to Action: Alejandro\u2019s Path to Climate Adaptation\" class=\"\" srcset=\"https:\/\/i0.wp.com\/www.theyouthharbour.org\/wp-content\/uploads\/2026\/04\/Alejandro-1.png?fit=600%2C400&ssl=1 479w, https:\/\/i0.wp.com\/www.theyouthharbour.org\/wp-content\/uploads\/2026\/04\/Alejandro-1.png?resize=400%2C250&ssl=1 480w \" sizes=\"(max-width:479px) 479px, 100vw \"  width=\"400\" height=\"250\" \/><span class=\"et_overlay et_pb_inline_icon\" data-icon=\"$\"><\/span><\/a><\/div>\n\t\t\t\t\t\t\t\t\t\t\t\t\t\t<h2 class=\"entry-title\">\n\t\t\t\t\t\t\t\t\t\t\t\t\t<a href=\"https:\/\/www.theyouthharbour.org\/fr\/impact-story\/from-academia-to-action-alejandros-path-to-climate-adaptation\/\">Du monde universitaire \u00e0 l'action : le parcours d'Alejandro vers l'adaptation au changement climatique<\/a>\n\t\t\t\t\t\t\t\t\t\t\t<\/h2>\n\t\t\t\t\n\t\t\t\t\t<p class=\"post-meta\"><a href=\"https:\/\/www.theyouthharbour.org\/fr\/category\/impact-story\/\" rel=\"tag\">Histoires d'impact<\/a><\/p><div class=\"post-content\"><div class=\"post-content-inner\"><\/div><\/div>\t\t\t\n\t\t\t<\/article>\n\t\t\t\t\n\t\t\t<article id=\"post-32179\" class=\"et_pb_post clearfix et_pb_has_overlay et_pb_blog_item_0_8 post-32179 post type-post status-publish format-standard has-post-thumbnail hentry category-impact-story\">\n\n\t\t\t\t<div class=\"et_pb_image_container\"><a href=\"https:\/\/www.theyouthharbour.org\/fr\/impact-story\/from-vancouver-to-new-york-luizas-journey-to-climate-week\/\" class=\"entry-featured-image-url\"><img loading=\"lazy\" decoding=\"async\" src=\"https:\/\/www.theyouthharbour.org\/wp-content\/uploads\/2026\/04\/Luiza-400x250.avif\" alt=\"From Vancouver to New York: Luiza\u2019s Journey to Climate Week\" class=\"\" srcset=\"https:\/\/www.theyouthharbour.org\/wp-content\/uploads\/2026\/04\/Luiza.avif 479w, https:\/\/www.theyouthharbour.org\/wp-content\/uploads\/2026\/04\/Luiza-400x250.avif 480w \" sizes=\"(max-width:479px) 479px, 100vw \"  width=\"400\" height=\"250\" \/><span class=\"et_overlay et_pb_inline_icon\" data-icon=\"$\"><\/span><\/a><\/div>\n\t\t\t\t\t\t\t\t\t\t\t\t\t\t<h2 class=\"entry-title\">\n\t\t\t\t\t\t\t\t\t\t\t\t\t<a href=\"https:\/\/www.theyouthharbour.org\/fr\/impact-story\/from-vancouver-to-new-york-luizas-journey-to-climate-week\/\">De Vancouver \u00e0 New York : le parcours de Luiza jusqu\u2019\u00e0 la Semaine du climat<\/a>\n\t\t\t\t\t\t\t\t\t\t\t<\/h2>\n\t\t\t\t\n\t\t\t\t\t<p class=\"post-meta\"><a href=\"https:\/\/www.theyouthharbour.org\/fr\/category\/impact-story\/\" rel=\"tag\">Histoires d'impact<\/a><\/p><div class=\"post-content\"><div class=\"post-content-inner\"><\/div><\/div>\t\t\t\n\t\t\t<\/article>\n\t\t\t\t\n\t\t\t<article id=\"post-32056\" class=\"et_pb_post clearfix et_pb_has_overlay et_pb_blog_item_0_9 post-32056 post type-post status-publish format-standard has-post-thumbnail hentry category-in-the-news category-podcast-in-the-news\">\n\n\t\t\t\t<div class=\"et_pb_image_container\"><a href=\"https:\/\/www.theyouthharbour.org\/fr\/in-the-news\/accents-nord-ouest-le-3e-espace\/\" class=\"entry-featured-image-url\"><img loading=\"lazy\" decoding=\"async\" src=\"https:\/\/www.theyouthharbour.org\/wp-content\/uploads\/2026\/02\/Podcast-400x250.avif\" alt=\"Accents Nord-Ouest &#8211; Le 3e Espace\" class=\"\" srcset=\"https:\/\/www.theyouthharbour.org\/wp-content\/uploads\/2026\/02\/Podcast.avif 479w, https:\/\/www.theyouthharbour.org\/wp-content\/uploads\/2026\/02\/Podcast-400x250.avif 480w \" sizes=\"(max-width:479px) 479px, 100vw \"  width=\"400\" height=\"250\" \/><span class=\"et_overlay et_pb_inline_icon\" data-icon=\"$\"><\/span><\/a><\/div>\n\t\t\t\t\t\t\t\t\t\t\t\t\t\t<h2 class=\"entry-title\">\n\t\t\t\t\t\t\t\t\t\t\t\t\t<a href=\"https:\/\/www.theyouthharbour.org\/fr\/in-the-news\/accents-nord-ouest-le-3e-espace\/\">Accents Nord-Ouest &#8211; Le 3e Espace<\/a>\n\t\t\t\t\t\t\t\t\t\t\t<\/h2>\n\t\t\t\t\n\t\t\t\t\t<p class=\"post-meta\"><a href=\"https:\/\/www.theyouthharbour.org\/fr\/category\/in-the-news\/\" rel=\"tag\">Dans les grands titres<\/a>, <a href=\"https:\/\/www.theyouthharbour.org\/fr\/category\/in-the-news\/podcast-in-the-news\/\" rel=\"tag\">Podcast<\/a><\/p><div class=\"post-content\"><div class=\"post-content-inner\"><\/div><\/div>\t\t\t\n\t\t\t<\/article>\n\t\t\t\t\n\t\t\t<article id=\"post-32053\" class=\"et_pb_post clearfix et_pb_has_overlay et_pb_blog_item_0_10 post-32053 post type-post status-publish format-standard has-post-thumbnail hentry category-in-the-news category-video\">\n\n\t\t\t\t<div class=\"et_pb_image_container\"><a href=\"https:\/\/www.theyouthharbour.org\/fr\/in-the-news\/falher-inaugure-un-nouveau-lieu-communautaire-collaboratif-et-inclusif\/\" class=\"entry-featured-image-url\"><img loading=\"lazy\" decoding=\"async\" src=\"https:\/\/www.theyouthharbour.org\/wp-content\/uploads\/2026\/02\/spritesheet-cafe-show-ici-premiere-4235-400x250.avif\" alt=\"Falher inaugure un nouveau lieu communautaire collaboratif et inclusif\" class=\"\" srcset=\"https:\/\/www.theyouthharbour.org\/wp-content\/uploads\/2026\/02\/spritesheet-cafe-show-ici-premiere-4235.avif 479w, https:\/\/www.theyouthharbour.org\/wp-content\/uploads\/2026\/02\/spritesheet-cafe-show-ici-premiere-4235-400x250.avif 480w \" sizes=\"(max-width:479px) 479px, 100vw \"  width=\"400\" height=\"250\" \/><span class=\"et_overlay et_pb_inline_icon\" data-icon=\"$\"><\/span><\/a><\/div>\n\t\t\t\t\t\t\t\t\t\t\t\t\t\t<h2 class=\"entry-title\">\n\t\t\t\t\t\t\t\t\t\t\t\t\t<a href=\"https:\/\/www.theyouthharbour.org\/fr\/in-the-news\/falher-inaugure-un-nouveau-lieu-communautaire-collaboratif-et-inclusif\/\">Falher inaugure un nouveau lieu communautaire collaboratif et inclusif<\/a>\n\t\t\t\t\t\t\t\t\t\t\t<\/h2>\n\t\t\t\t\n\t\t\t\t\t<p class=\"post-meta\"><a href=\"https:\/\/www.theyouthharbour.org\/fr\/category\/in-the-news\/\" rel=\"tag\">Dans les grands titres<\/a>, <a href=\"https:\/\/www.theyouthharbour.org\/fr\/category\/in-the-news\/video\/\" rel=\"tag\">Video<\/a><\/p><div class=\"post-content\"><div class=\"post-content-inner\"><\/div><\/div>\t\t\t\n\t\t\t<\/article>\n\t\t\t\t\n\t\t\t<article id=\"post-31978\" class=\"et_pb_post clearfix et_pb_has_overlay et_pb_blog_item_0_11 post-31978 post type-post status-publish format-standard has-post-thumbnail hentry category-impact-story\">\n\n\t\t\t\t<div class=\"et_pb_image_container\"><a href=\"https:\/\/www.theyouthharbour.org\/fr\/impact-story\/breaking-barriers-in-sustainable-fashion-aish-manns-journey\/\" class=\"entry-featured-image-url\"><img loading=\"lazy\" decoding=\"async\" src=\"https:\/\/www.theyouthharbour.org\/wp-content\/uploads\/2026\/01\/Breaking-Barriers-in-Sustainable-Fashion-Aish-Manns-Journey-400x250.avif\" alt=\"Breaking Barriers in Sustainable Fashion: Aish Mann\u2019s Journey\" class=\"\" srcset=\"https:\/\/www.theyouthharbour.org\/wp-content\/uploads\/2026\/01\/Breaking-Barriers-in-Sustainable-Fashion-Aish-Manns-Journey.avif 479w, https:\/\/www.theyouthharbour.org\/wp-content\/uploads\/2026\/01\/Breaking-Barriers-in-Sustainable-Fashion-Aish-Manns-Journey-400x250.avif 480w \" sizes=\"(max-width:479px) 479px, 100vw \"  width=\"400\" height=\"250\" \/><span class=\"et_overlay et_pb_inline_icon\" data-icon=\"$\"><\/span><\/a><\/div>\n\t\t\t\t\t\t\t\t\t\t\t\t\t\t<h2 class=\"entry-title\">\n\t\t\t\t\t\t\t\t\t\t\t\t\t<a href=\"https:\/\/www.theyouthharbour.org\/fr\/impact-story\/breaking-barriers-in-sustainable-fashion-aish-manns-journey\/\">Briser les barri\u00e8res dans la mode durable : le parcours d'Aish Mann<\/a>\n\t\t\t\t\t\t\t\t\t\t\t<\/h2>\n\t\t\t\t\n\t\t\t\t\t<p class=\"post-meta\"><a href=\"https:\/\/www.theyouthharbour.org\/fr\/category\/impact-story\/\" rel=\"tag\">Histoires d'impact<\/a><\/p><div class=\"post-content\"><div class=\"post-content-inner\"><\/div><\/div>\t\t\t\n\t\t\t<\/article>\n\t\t\t\t\n\t\t\t<article id=\"post-31712\" class=\"et_pb_post clearfix et_pb_has_overlay et_pb_blog_item_0_12 post-31712 post type-post status-publish format-standard has-post-thumbnail hentry category-article-in-the-news category-in-the-news\">\n\n\t\t\t\t<div class=\"et_pb_image_container\"><a href=\"https:\/\/www.theyouthharbour.org\/fr\/in-the-news\/abundance-fellowship-helping-immigrants-find-their-place-in-canadas-climate-fight\/\" class=\"entry-featured-image-url\"><img loading=\"lazy\" decoding=\"async\" src=\"https:\/\/www.theyouthharbour.org\/wp-content\/uploads\/2026\/01\/Helping-immigrants-find-their-place-in-Canadas-climate-fight-400x250.avif\" alt=\"Helping immigrants find their place in Canada&#8217;s climate fight\" class=\"\" srcset=\"https:\/\/www.theyouthharbour.org\/wp-content\/uploads\/2026\/01\/Helping-immigrants-find-their-place-in-Canadas-climate-fight.avif 479w, https:\/\/www.theyouthharbour.org\/wp-content\/uploads\/2026\/01\/Helping-immigrants-find-their-place-in-Canadas-climate-fight-400x250.avif 480w \" sizes=\"(max-width:479px) 479px, 100vw \"  width=\"400\" height=\"250\" \/><span class=\"et_overlay et_pb_inline_icon\" data-icon=\"$\"><\/span><\/a><\/div>\n\t\t\t\t\t\t\t\t\t\t\t\t\t\t<h2 class=\"entry-title\">\n\t\t\t\t\t\t\t\t\t\t\t\t\t<a href=\"https:\/\/www.theyouthharbour.org\/fr\/in-the-news\/abundance-fellowship-helping-immigrants-find-their-place-in-canadas-climate-fight\/\">Helping immigrants find their place in Canada&#8217;s climate fight<\/a>\n\t\t\t\t\t\t\t\t\t\t\t<\/h2>\n\t\t\t\t\n\t\t\t\t\t<p class=\"post-meta\"><a href=\"https:\/\/www.theyouthharbour.org\/fr\/category\/in-the-news\/article-in-the-news\/\" rel=\"tag\">Article<\/a>, <a href=\"https:\/\/www.theyouthharbour.org\/fr\/category\/in-the-news\/\" rel=\"tag\">Dans les grands titres<\/a><\/p><div class=\"post-content\"><div class=\"post-content-inner\"><\/div><\/div>\t\t\t\n\t\t\t<\/article>\n\t\t\t\t\n\t\t\t<article id=\"post-30439\" class=\"et_pb_post clearfix et_pb_has_overlay et_pb_blog_item_0_13 post-30439 post type-post status-publish format-standard has-post-thumbnail hentry category-impact-story\">\n\n\t\t\t\t<div class=\"et_pb_image_container\"><a href=\"https:\/\/www.theyouthharbour.org\/fr\/impact-story\/a-justice-based-approach-to-water-access-with-the-guelph-environmental-justice-collective\/\" class=\"entry-featured-image-url\"><img loading=\"lazy\" decoding=\"async\" src=\"https:\/\/i0.wp.com\/www.theyouthharbour.org\/wp-content\/uploads\/2025\/02\/Guelph-Environmental-Justice-Collective-png.webp?resize=400%2C250&#038;ssl=1\" alt=\"A Justice-Based Approach to Water Access with the Guelph Environmental Justice Collective\" class=\"\" srcset=\"https:\/\/i0.wp.com\/www.theyouthharbour.org\/wp-content\/uploads\/2025\/02\/Guelph-Environmental-Justice-Collective-png.webp?fit=600%2C400&ssl=1 479w, https:\/\/i0.wp.com\/www.theyouthharbour.org\/wp-content\/uploads\/2025\/02\/Guelph-Environmental-Justice-Collective-png.webp?resize=400%2C250&ssl=1 480w \" sizes=\"(max-width:479px) 479px, 100vw \"  width=\"400\" height=\"250\" \/><span class=\"et_overlay et_pb_inline_icon\" data-icon=\"$\"><\/span><\/a><\/div>\n\t\t\t\t\t\t\t\t\t\t\t\t\t\t<h2 class=\"entry-title\">\n\t\t\t\t\t\t\t\t\t\t\t\t\t<a href=\"https:\/\/www.theyouthharbour.org\/fr\/impact-story\/a-justice-based-approach-to-water-access-with-the-guelph-environmental-justice-collective\/\">A Justice-Based Approach to Water Access with the Guelph Environmental Justice Collective<\/a>\n\t\t\t\t\t\t\t\t\t\t\t<\/h2>\n\t\t\t\t\n\t\t\t\t\t<p class=\"post-meta\"><a href=\"https:\/\/www.theyouthharbour.org\/fr\/category\/impact-story\/\" rel=\"tag\">Histoires d'impact<\/a><\/p><div class=\"post-content\"><div class=\"post-content-inner\"><\/div><\/div>\t\t\t\n\t\t\t<\/article>\n\t\t\t\t\n\t\t\t<article id=\"post-31183\" class=\"et_pb_post clearfix et_pb_has_overlay et_pb_blog_item_0_14 post-31183 post type-post status-publish format-standard has-post-thumbnail hentry category-impact-story\">\n\n\t\t\t\t<div class=\"et_pb_image_container\"><a href=\"https:\/\/www.theyouthharbour.org\/fr\/impact-story\/beyond-business-as-usual-university-of-waterloo-climate-justice-rally\/\" class=\"entry-featured-image-url\"><img loading=\"lazy\" decoding=\"async\" src=\"https:\/\/i0.wp.com\/www.theyouthharbour.org\/wp-content\/uploads\/2025\/01\/IMG_9570-scaled.webp?resize=400%2C250&#038;ssl=1\" alt=\"Beyond Business as Usual: University of Waterloo Climate Justice Rally\" class=\"\" srcset=\"https:\/\/i0.wp.com\/www.theyouthharbour.org\/wp-content\/uploads\/2025\/01\/IMG_9570-scaled.webp?fit=2560%2C1707&ssl=1 479w, https:\/\/i0.wp.com\/www.theyouthharbour.org\/wp-content\/uploads\/2025\/01\/IMG_9570-scaled.webp?resize=400%2C250&ssl=1 480w \" sizes=\"(max-width:479px) 479px, 100vw \"  width=\"400\" height=\"250\" \/><span class=\"et_overlay et_pb_inline_icon\" data-icon=\"$\"><\/span><\/a><\/div>\n\t\t\t\t\t\t\t\t\t\t\t\t\t\t<h2 class=\"entry-title\">\n\t\t\t\t\t\t\t\t\t\t\t\t\t<a href=\"https:\/\/www.theyouthharbour.org\/fr\/impact-story\/beyond-business-as-usual-university-of-waterloo-climate-justice-rally\/\">Au-del\u00e0 Du Business as Usual : University of Waterloo Climate Justice Rally<\/a>\n\t\t\t\t\t\t\t\t\t\t\t<\/h2>\n\t\t\t\t\n\t\t\t\t\t<p class=\"post-meta\"><a href=\"https:\/\/www.theyouthharbour.org\/fr\/category\/impact-story\/\" rel=\"tag\">Histoires d'impact<\/a><\/p><div class=\"post-content\"><div class=\"post-content-inner\"><\/div><\/div>\t\t\t\n\t\t\t<\/article>\n\t\t\t\t\n\t\t\t<article id=\"post-31168\" class=\"et_pb_post clearfix et_pb_has_overlay et_pb_blog_item_0_15 post-31168 post type-post status-publish format-standard has-post-thumbnail hentry category-impact-story\">\n\n\t\t\t\t<div class=\"et_pb_image_container\"><a href=\"https:\/\/www.theyouthharbour.org\/fr\/impact-story\/book-clubs-and-broadening-horizons-with-the-sustainability-book-club\/\" class=\"entry-featured-image-url\"><img loading=\"lazy\" decoding=\"async\" src=\"https:\/\/i0.wp.com\/www.theyouthharbour.org\/wp-content\/uploads\/2025\/01\/unnamed-png.webp?resize=400%2C250&#038;ssl=1\" alt=\"Book Clubs and Broadening Horizons with the Sustainability Book Club\" class=\"\" srcset=\"https:\/\/i0.wp.com\/www.theyouthharbour.org\/wp-content\/uploads\/2025\/01\/unnamed-png.webp?fit=1242%2C741&ssl=1 479w, https:\/\/i0.wp.com\/www.theyouthharbour.org\/wp-content\/uploads\/2025\/01\/unnamed-png.webp?resize=400%2C250&ssl=1 480w \" sizes=\"(max-width:479px) 479px, 100vw \"  width=\"400\" height=\"250\" \/><span class=\"et_overlay et_pb_inline_icon\" data-icon=\"$\"><\/span><\/a><\/div>\n\t\t\t\t\t\t\t\t\t\t\t\t\t\t<h2 class=\"entry-title\">\n\t\t\t\t\t\t\t\t\t\t\t\t\t<a href=\"https:\/\/www.theyouthharbour.org\/fr\/impact-story\/book-clubs-and-broadening-horizons-with-the-sustainability-book-club\/\">Clubs de lecture et \u00e9largissement des horizons avec the Sustainability Book Club<\/a>\n\t\t\t\t\t\t\t\t\t\t\t<\/h2>\n\t\t\t\t\n\t\t\t\t\t<p class=\"post-meta\"><a href=\"https:\/\/www.theyouthharbour.org\/fr\/category\/impact-story\/\" rel=\"tag\">Histoires d'impact<\/a><\/p><div class=\"post-content\"><div class=\"post-content-inner\"><\/div><\/div>\t\t\t\n\t\t\t<\/article>\n\t\t\t\t\n\t\t\t<article id=\"post-31142\" class=\"et_pb_post clearfix et_pb_has_overlay et_pb_blog_item_0_16 post-31142 post type-post status-publish format-standard has-post-thumbnail hentry category-impact-story\">\n\n\t\t\t\t<div class=\"et_pb_image_container\"><a href=\"https:\/\/www.theyouthharbour.org\/fr\/impact-story\/resisting-the-resource-province-climate-justice-edmontons-fight-for-a-better-alberta\/\" class=\"entry-featured-image-url\"><img loading=\"lazy\" decoding=\"async\" src=\"https:\/\/i0.wp.com\/www.theyouthharbour.org\/wp-content\/uploads\/2024\/12\/IMG_6485-scaled.webp?resize=400%2C250&#038;ssl=1\" alt=\"Resisting the Resource Province: Climate Justice Edmonton\u2019s Fight for a Better Alberta\" class=\"\" srcset=\"https:\/\/i0.wp.com\/www.theyouthharbour.org\/wp-content\/uploads\/2024\/12\/IMG_6485-scaled.webp?fit=2560%2C1707&ssl=1 479w, https:\/\/i0.wp.com\/www.theyouthharbour.org\/wp-content\/uploads\/2024\/12\/IMG_6485-scaled.webp?resize=400%2C250&ssl=1 480w \" sizes=\"(max-width:479px) 479px, 100vw \"  width=\"400\" height=\"250\" \/><span class=\"et_overlay et_pb_inline_icon\" data-icon=\"$\"><\/span><\/a><\/div>\n\t\t\t\t\t\t\t\t\t\t\t\t\t\t<h2 class=\"entry-title\">\n\t\t\t\t\t\t\t\t\t\t\t\t\t<a href=\"https:\/\/www.theyouthharbour.org\/fr\/impact-story\/resisting-the-resource-province-climate-justice-edmontons-fight-for-a-better-alberta\/\">R\u00e9sister \u00e0 la province des ressources : la lutte de Climate Justice Edmonton pour une meilleure Alberta<\/a>\n\t\t\t\t\t\t\t\t\t\t\t<\/h2>\n\t\t\t\t\n\t\t\t\t\t<p class=\"post-meta\"><a href=\"https:\/\/www.theyouthharbour.org\/fr\/category\/impact-story\/\" rel=\"tag\">Histoires d'impact<\/a><\/p><div class=\"post-content\"><div class=\"post-content-inner\"><\/div><\/div>\t\t\t\n\t\t\t<\/article>\n\t\t\t\t\n\t\t\t<article id=\"post-31121\" class=\"et_pb_post clearfix et_pb_has_overlay et_pb_blog_item_0_17 post-31121 post type-post status-publish format-standard has-post-thumbnail hentry category-job-opportunity\">\n\n\t\t\t\t<div class=\"et_pb_image_container\"><a href=\"https:\/\/www.theyouthharbour.org\/fr\/job-opportunity\/were-hiring-partnerships-manager\/\" class=\"entry-featured-image-url\"><img loading=\"lazy\" decoding=\"async\" src=\"https:\/\/i0.wp.com\/www.theyouthharbour.org\/wp-content\/uploads\/2024\/11\/Partnerships-Manager.webp?resize=400%2C250&#038;ssl=1\" alt=\"We&#8217;re Hiring: Partnerships Manager\" class=\"\" srcset=\"https:\/\/i0.wp.com\/www.theyouthharbour.org\/wp-content\/uploads\/2024\/11\/Partnerships-Manager.webp?fit=500%2C333&ssl=1 479w, https:\/\/i0.wp.com\/www.theyouthharbour.org\/wp-content\/uploads\/2024\/11\/Partnerships-Manager.webp?resize=400%2C250&ssl=1 480w \" sizes=\"(max-width:479px) 479px, 100vw \"  width=\"400\" height=\"250\" \/><span class=\"et_overlay et_pb_inline_icon\" data-icon=\"$\"><\/span><\/a><\/div>\n\t\t\t\t\t\t\t\t\t\t\t\t\t\t<h2 class=\"entry-title\">\n\t\t\t\t\t\t\t\t\t\t\t\t\t<a href=\"https:\/\/www.theyouthharbour.org\/fr\/job-opportunity\/were-hiring-partnerships-manager\/\">We&#8217;re Hiring: Partnerships Manager<\/a>\n\t\t\t\t\t\t\t\t\t\t\t<\/h2>\n\t\t\t\t\n\t\t\t\t\t<p class=\"post-meta\"><a href=\"https:\/\/www.theyouthharbour.org\/fr\/category\/job-opportunity\/\" rel=\"tag\">Job Opportunity<\/a><\/p><div class=\"post-content\"><div class=\"post-content-inner\"><\/div><\/div>\t\t\t\n\t\t\t<\/article>\n\t\t\t\t\n\t\t\t<article id=\"post-30647\" class=\"et_pb_post clearfix et_pb_has_overlay et_pb_blog_item_0_18 post-30647 post type-post status-publish format-standard has-post-thumbnail hentry category-impact-story\">\n\n\t\t\t\t<div class=\"et_pb_image_container\"><a href=\"https:\/\/www.theyouthharbour.org\/fr\/impact-story\/embracing-care-how-shake-up-the-establishment-redefines-climate-activism\/\" class=\"entry-featured-image-url\"><img loading=\"lazy\" decoding=\"async\" src=\"https:\/\/i0.wp.com\/www.theyouthharbour.org\/wp-content\/uploads\/2024\/10\/SUTE-png.webp?resize=400%2C250&#038;ssl=1\" alt=\"Embracing Care: How Shake Up the Establishment Redefines Climate Activism\" class=\"\" srcset=\"https:\/\/i0.wp.com\/www.theyouthharbour.org\/wp-content\/uploads\/2024\/10\/SUTE-png.webp?fit=600%2C400&ssl=1 479w, https:\/\/i0.wp.com\/www.theyouthharbour.org\/wp-content\/uploads\/2024\/10\/SUTE-png.webp?resize=400%2C250&ssl=1 480w \" sizes=\"(max-width:479px) 479px, 100vw \"  width=\"400\" height=\"250\" \/><span class=\"et_overlay et_pb_inline_icon\" data-icon=\"$\"><\/span><\/a><\/div>\n\t\t\t\t\t\t\t\t\t\t\t\t\t\t<h2 class=\"entry-title\">\n\t\t\t\t\t\t\t\t\t\t\t\t\t<a href=\"https:\/\/www.theyouthharbour.org\/fr\/impact-story\/embracing-care-how-shake-up-the-establishment-redefines-climate-activism\/\">Embracing Care : comment secouer l'establishment pour red\u00e9finir l'activisme climatique<\/a>\n\t\t\t\t\t\t\t\t\t\t\t<\/h2>\n\t\t\t\t\n\t\t\t\t\t<p class=\"post-meta\"><a href=\"https:\/\/www.theyouthharbour.org\/fr\/category\/impact-story\/\" rel=\"tag\">Histoires d'impact<\/a><\/p><div class=\"post-content\"><div class=\"post-content-inner\"><\/div><\/div>\t\t\t\n\t\t\t<\/article>\n\t\t\t\t\n\t\t\t<article id=\"post-30433\" class=\"et_pb_post clearfix et_pb_has_overlay et_pb_blog_item_0_19 post-30433 post type-post status-publish format-standard has-post-thumbnail hentry category-impact-story\">\n\n\t\t\t\t<div class=\"et_pb_image_container\"><a href=\"https:\/\/www.theyouthharbour.org\/fr\/impact-story\/threading-the-fabric-of-fashion-reform\/\" class=\"entry-featured-image-url\"><img loading=\"lazy\" decoding=\"async\" src=\"https:\/\/i0.wp.com\/www.theyouthharbour.org\/wp-content\/uploads\/2024\/08\/Threading-Change.png?resize=400%2C250&#038;ssl=1\" alt=\"Threading the Fabric of Fashion Reform\u00a0\" class=\"\" srcset=\"https:\/\/i0.wp.com\/www.theyouthharbour.org\/wp-content\/uploads\/2024\/08\/Threading-Change.png?fit=600%2C400&ssl=1 479w, https:\/\/i0.wp.com\/www.theyouthharbour.org\/wp-content\/uploads\/2024\/08\/Threading-Change.png?resize=400%2C250&ssl=1 480w \" sizes=\"(max-width:479px) 479px, 100vw \"  width=\"400\" height=\"250\" \/><span class=\"et_overlay et_pb_inline_icon\" data-icon=\"$\"><\/span><\/a><\/div>\n\t\t\t\t\t\t\t\t\t\t\t\t\t\t<h2 class=\"entry-title\">\n\t\t\t\t\t\t\t\t\t\t\t\t\t<a href=\"https:\/\/www.theyouthharbour.org\/fr\/impact-story\/threading-the-fabric-of-fashion-reform\/\">Threading the Fabric of Fashion Reform\u00a0<\/a>\n\t\t\t\t\t\t\t\t\t\t\t<\/h2>\n\t\t\t\t\n\t\t\t\t\t<p class=\"post-meta\"><a href=\"https:\/\/www.theyouthharbour.org\/fr\/category\/impact-story\/\" rel=\"tag\">Histoires d'impact<\/a><\/p><div class=\"post-content\"><div class=\"post-content-inner\"><\/div><\/div>\t\t\t\n\t\t\t<\/article>\n\t\t\t\t\n\t\t\t<article id=\"post-30597\" class=\"et_pb_post clearfix et_pb_has_overlay et_pb_blog_item_0_20 post-30597 post type-post status-publish format-standard has-post-thumbnail hentry category-impact-story\">\n\n\t\t\t\t<div class=\"et_pb_image_container\"><a href=\"https:\/\/www.theyouthharbour.org\/fr\/impact-story\/resting-creating-and-feeling-at-the-climate-cafe\/\" class=\"entry-featured-image-url\"><img loading=\"lazy\" decoding=\"async\" src=\"https:\/\/i0.wp.com\/www.theyouthharbour.org\/wp-content\/uploads\/2024\/10\/Guelph-Climate-Cafe-3-scaled.webp?resize=400%2C250&#038;ssl=1\" alt=\"Resting, Creating, and Feeling at the Climate Caf\u00e9\" class=\"\" srcset=\"https:\/\/i0.wp.com\/www.theyouthharbour.org\/wp-content\/uploads\/2024\/10\/Guelph-Climate-Cafe-3-scaled.webp?fit=1920%2C2560&ssl=1 479w, https:\/\/i0.wp.com\/www.theyouthharbour.org\/wp-content\/uploads\/2024\/10\/Guelph-Climate-Cafe-3-scaled.webp?resize=400%2C250&ssl=1 480w \" sizes=\"(max-width:479px) 479px, 100vw \"  width=\"400\" height=\"250\" \/><span class=\"et_overlay et_pb_inline_icon\" data-icon=\"$\"><\/span><\/a><\/div>\n\t\t\t\t\t\t\t\t\t\t\t\t\t\t<h2 class=\"entry-title\">\n\t\t\t\t\t\t\t\t\t\t\t\t\t<a href=\"https:\/\/www.theyouthharbour.org\/fr\/impact-story\/resting-creating-and-feeling-at-the-climate-cafe\/\">Se reposer, cr\u00e9er et ressentir au Climate Caf\u00e9<\/a>\n\t\t\t\t\t\t\t\t\t\t\t<\/h2>\n\t\t\t\t\n\t\t\t\t\t<p class=\"post-meta\"><a href=\"https:\/\/www.theyouthharbour.org\/fr\/category\/impact-story\/\" rel=\"tag\">Histoires d'impact<\/a><\/p><div class=\"post-content\"><div class=\"post-content-inner\"><\/div><\/div>\t\t\t\n\t\t\t<\/article>\n\t\t\t\t\n\t\t\t<article id=\"post-30427\" class=\"et_pb_post clearfix et_pb_has_overlay et_pb_blog_item_0_21 post-30427 post type-post status-publish format-standard has-post-thumbnail hentry category-impact-story\">\n\n\t\t\t\t<div class=\"et_pb_image_container\"><a href=\"https:\/\/www.theyouthharbour.org\/fr\/impact-story\/building-community-and-growing-resilience-with-the-youth-environmental-action-network\/\" class=\"entry-featured-image-url\"><img loading=\"lazy\" decoding=\"async\" src=\"https:\/\/i0.wp.com\/www.theyouthharbour.org\/wp-content\/uploads\/2024\/08\/Youth-Environmental-Action-Network.png?resize=400%2C250&#038;ssl=1\" alt=\"Building Community and Growing Resilience with the Youth Environmental Action Network\" class=\"\" srcset=\"https:\/\/i0.wp.com\/www.theyouthharbour.org\/wp-content\/uploads\/2024\/08\/Youth-Environmental-Action-Network.png?fit=600%2C400&ssl=1 479w, https:\/\/i0.wp.com\/www.theyouthharbour.org\/wp-content\/uploads\/2024\/08\/Youth-Environmental-Action-Network.png?resize=400%2C250&ssl=1 480w \" sizes=\"(max-width:479px) 479px, 100vw \"  width=\"400\" height=\"250\" \/><span class=\"et_overlay et_pb_inline_icon\" data-icon=\"$\"><\/span><\/a><\/div>\n\t\t\t\t\t\t\t\t\t\t\t\t\t\t<h2 class=\"entry-title\">\n\t\t\t\t\t\t\t\t\t\t\t\t\t<a href=\"https:\/\/www.theyouthharbour.org\/fr\/impact-story\/building-community-and-growing-resilience-with-the-youth-environmental-action-network\/\">B\u00e2tir une communaut\u00e9 et d\u00e9velopper la r\u00e9silience avec le r\u00e9seau d'action environnementale de la jeunesse<\/a>\n\t\t\t\t\t\t\t\t\t\t\t<\/h2>\n\t\t\t\t\n\t\t\t\t\t<p class=\"post-meta\"><a href=\"https:\/\/www.theyouthharbour.org\/fr\/category\/impact-story\/\" rel=\"tag\">Histoires d'impact<\/a><\/p><div class=\"post-content\"><div class=\"post-content-inner\"><\/div><\/div>\t\t\t\n\t\t\t<\/article>\n\t\t\t\t\n\t\t\t<article id=\"post-30418\" class=\"et_pb_post clearfix et_pb_has_overlay et_pb_blog_item_0_22 post-30418 post type-post status-publish format-standard has-post-thumbnail hentry category-impact-story\">\n\n\t\t\t\t<div class=\"et_pb_image_container\"><a href=\"https:\/\/www.theyouthharbour.org\/fr\/impact-story\/empowering-communities-fostering-climate-solutions-and-advocating-for-action\/\" class=\"entry-featured-image-url\"><img loading=\"lazy\" decoding=\"async\" src=\"https:\/\/i0.wp.com\/www.theyouthharbour.org\/wp-content\/uploads\/2024\/08\/CCC.png?resize=388%2C232&#038;ssl=1\" alt=\"Empowering Communities: Fostering Climate Solutions and Advocating for Action\" class=\"\" srcset=\"https:\/\/i0.wp.com\/www.theyouthharbour.org\/wp-content\/uploads\/2024\/08\/CCC.png?fit=388%2C232&ssl=1 479w, https:\/\/i0.wp.com\/www.theyouthharbour.org\/wp-content\/uploads\/2024\/08\/CCC.png?resize=388%2C232&ssl=1 480w \" sizes=\"(max-width:479px) 479px, 100vw \"  width=\"400\" height=\"250\" \/><span class=\"et_overlay et_pb_inline_icon\" data-icon=\"$\"><\/span><\/a><\/div>\n\t\t\t\t\t\t\t\t\t\t\t\t\t\t<h2 class=\"entry-title\">\n\t\t\t\t\t\t\t\t\t\t\t\t\t<a href=\"https:\/\/www.theyouthharbour.org\/fr\/impact-story\/empowering-communities-fostering-climate-solutions-and-advocating-for-action\/\">Renforcer les communaut\u00e9s : Encourager les solutions climatiques et plaider en faveur de l'action<\/a>\n\t\t\t\t\t\t\t\t\t\t\t<\/h2>\n\t\t\t\t\n\t\t\t\t\t<p class=\"post-meta\"><a href=\"https:\/\/www.theyouthharbour.org\/fr\/category\/impact-story\/\" rel=\"tag\">Histoires d'impact<\/a><\/p><div class=\"post-content\"><div class=\"post-content-inner\"><\/div><\/div>\t\t\t\n\t\t\t<\/article>\n\t\t\t\t\n\t\t\t<article id=\"post-30559\" class=\"et_pb_post clearfix et_pb_has_overlay et_pb_blog_item_0_23 post-30559 post type-post status-publish format-standard has-post-thumbnail hentry category-job-opportunity\">\n\n\t\t\t\t<div class=\"et_pb_image_container\"><a href=\"https:\/\/www.theyouthharbour.org\/fr\/job-opportunity\/were-hiring-executive-director\/\" class=\"entry-featured-image-url\"><img loading=\"lazy\" decoding=\"async\" src=\"https:\/\/i0.wp.com\/www.theyouthharbour.org\/wp-content\/uploads\/2024\/09\/FES-Executive-Director-Photo.png?resize=400%2C250&#038;ssl=1\" alt=\"We&#8217;re Hiring: Executive Director\" class=\"\" srcset=\"https:\/\/i0.wp.com\/www.theyouthharbour.org\/wp-content\/uploads\/2024\/09\/FES-Executive-Director-Photo.png?fit=600%2C400&ssl=1 479w, https:\/\/i0.wp.com\/www.theyouthharbour.org\/wp-content\/uploads\/2024\/09\/FES-Executive-Director-Photo.png?resize=400%2C250&ssl=1 480w \" sizes=\"(max-width:479px) 479px, 100vw \"  width=\"400\" height=\"250\" \/><span class=\"et_overlay et_pb_inline_icon\" data-icon=\"$\"><\/span><\/a><\/div>\n\t\t\t\t\t\t\t\t\t\t\t\t\t\t<h2 class=\"entry-title\">\n\t\t\t\t\t\t\t\t\t\t\t\t\t<a href=\"https:\/\/www.theyouthharbour.org\/fr\/job-opportunity\/were-hiring-executive-director\/\">We&#8217;re Hiring: Executive Director<\/a>\n\t\t\t\t\t\t\t\t\t\t\t<\/h2>\n\t\t\t\t\n\t\t\t\t\t<p class=\"post-meta\"><a href=\"https:\/\/www.theyouthharbour.org\/fr\/category\/job-opportunity\/\" rel=\"tag\">Job Opportunity<\/a><\/p><div class=\"post-content\"><div class=\"post-content-inner\"><\/div><\/div>\t\t\t\n\t\t\t<\/article>\n\t\t\t\t\n\t\t\t<article id=\"post-30551\" class=\"et_pb_post clearfix et_pb_has_overlay et_pb_blog_item_0_24 post-30551 post type-post status-publish format-standard has-post-thumbnail hentry category-reports\">\n\n\t\t\t\t<div class=\"et_pb_image_container\"><a href=\"https:\/\/www.theyouthharbour.org\/fr\/reports\/fes-annual-report\/\" class=\"entry-featured-image-url\"><img loading=\"lazy\" decoding=\"async\" src=\"https:\/\/i0.wp.com\/www.theyouthharbour.org\/wp-content\/uploads\/2024\/09\/FES-Annual-Report-1.png?resize=400%2C250&#038;ssl=1\" alt=\"FES Annual Report\" class=\"\" srcset=\"https:\/\/i0.wp.com\/www.theyouthharbour.org\/wp-content\/uploads\/2024\/09\/FES-Annual-Report-1.png?fit=600%2C400&ssl=1 479w, https:\/\/i0.wp.com\/www.theyouthharbour.org\/wp-content\/uploads\/2024\/09\/FES-Annual-Report-1.png?resize=400%2C250&ssl=1 480w \" sizes=\"(max-width:479px) 479px, 100vw \"  width=\"400\" height=\"250\" \/><span class=\"et_overlay et_pb_inline_icon\" data-icon=\"$\"><\/span><\/a><\/div>\n\t\t\t\t\t\t\t\t\t\t\t\t\t\t<h2 class=\"entry-title\">\n\t\t\t\t\t\t\t\t\t\t\t\t\t<a href=\"https:\/\/www.theyouthharbour.org\/fr\/reports\/fes-annual-report\/\">FES Annual Report<\/a>\n\t\t\t\t\t\t\t\t\t\t\t<\/h2>\n\t\t\t\t\n\t\t\t\t\t<p class=\"post-meta\"><a href=\"https:\/\/www.theyouthharbour.org\/fr\/category\/reports\/\" rel=\"tag\">rapports<\/a><\/p><div class=\"post-content\"><div class=\"post-content-inner\"><\/div><\/div>\t\t\t\n\t\t\t<\/article>\n\t\t\t\t\n\t\t\t<article id=\"post-30400\" class=\"et_pb_post clearfix et_pb_has_overlay et_pb_blog_item_0_25 post-30400 post type-post status-publish format-standard has-post-thumbnail hentry category-impact-story\">\n\n\t\t\t\t<div class=\"et_pb_image_container\"><a href=\"https:\/\/www.theyouthharbour.org\/fr\/impact-story\/empowering-women-and-bipoc-activists-a-gathering-to-champion-climate-change-leadership\/\" class=\"entry-featured-image-url\"><img loading=\"lazy\" decoding=\"async\" src=\"https:\/\/i0.wp.com\/www.theyouthharbour.org\/wp-content\/uploads\/2024\/08\/Colour-in-Climate.png?resize=400%2C250&#038;ssl=1\" alt=\"Empowering Women and BIPOC Activists: A Gathering to Champion Climate Change Leadership\" class=\"\" srcset=\"https:\/\/i0.wp.com\/www.theyouthharbour.org\/wp-content\/uploads\/2024\/08\/Colour-in-Climate.png?fit=600%2C400&ssl=1 479w, https:\/\/i0.wp.com\/www.theyouthharbour.org\/wp-content\/uploads\/2024\/08\/Colour-in-Climate.png?resize=400%2C250&ssl=1 480w \" sizes=\"(max-width:479px) 479px, 100vw \"  width=\"400\" height=\"250\" \/><span class=\"et_overlay et_pb_inline_icon\" data-icon=\"$\"><\/span><\/a><\/div>\n\t\t\t\t\t\t\t\t\t\t\t\t\t\t<h2 class=\"entry-title\">\n\t\t\t\t\t\t\t\t\t\t\t\t\t<a href=\"https:\/\/www.theyouthharbour.org\/fr\/impact-story\/empowering-women-and-bipoc-activists-a-gathering-to-champion-climate-change-leadership\/\">Autonomisation des femmes et des militants PANDC: Un rassemblement pour promouvoir le leadership en mati\u00e8re de changement climatique<\/a>\n\t\t\t\t\t\t\t\t\t\t\t<\/h2>\n\t\t\t\t\n\t\t\t\t\t<p class=\"post-meta\"><a href=\"https:\/\/www.theyouthharbour.org\/fr\/category\/impact-story\/\" rel=\"tag\">Histoires d'impact<\/a><\/p><div class=\"post-content\"><div class=\"post-content-inner\"><\/div><\/div>\t\t\t\n\t\t\t<\/article>\n\t\t\t\t\n\t\t\t<article id=\"post-30383\" class=\"et_pb_post clearfix et_pb_has_overlay et_pb_blog_item_0_26 post-30383 post type-post status-publish format-standard has-post-thumbnail hentry category-our-updates\">\n\n\t\t\t\t<div class=\"et_pb_image_container\"><a href=\"https:\/\/www.theyouthharbour.org\/fr\/our-updates\/announcing-the-youth-harbour-cycle-6-grantees\/\" class=\"entry-featured-image-url\"><img loading=\"lazy\" decoding=\"async\" src=\"https:\/\/i0.wp.com\/www.theyouthharbour.org\/wp-content\/uploads\/2024\/08\/Cycle-6-1.png?resize=400%2C250&#038;ssl=1\" alt=\"Announcing The Youth Harbour Cycle 6 Grantees!\" class=\"\" srcset=\"https:\/\/i0.wp.com\/www.theyouthharbour.org\/wp-content\/uploads\/2024\/08\/Cycle-6-1.png?fit=600%2C400&ssl=1 479w, https:\/\/i0.wp.com\/www.theyouthharbour.org\/wp-content\/uploads\/2024\/08\/Cycle-6-1.png?resize=400%2C250&ssl=1 480w \" sizes=\"(max-width:479px) 479px, 100vw \"  width=\"400\" height=\"250\" \/><span class=\"et_overlay et_pb_inline_icon\" data-icon=\"$\"><\/span><\/a><\/div>\n\t\t\t\t\t\t\t\t\t\t\t\t\t\t<h2 class=\"entry-title\">\n\t\t\t\t\t\t\t\t\t\t\t\t\t<a href=\"https:\/\/www.theyouthharbour.org\/fr\/our-updates\/announcing-the-youth-harbour-cycle-6-grantees\/\">Announcing The Youth Harbour Cycle 6 Grantees!<\/a>\n\t\t\t\t\t\t\t\t\t\t\t<\/h2>\n\t\t\t\t\n\t\t\t\t\t<p class=\"post-meta\"><a href=\"https:\/\/www.theyouthharbour.org\/fr\/category\/our-updates\/\" rel=\"tag\">Nos nouveautes<\/a><\/p><div class=\"post-content\"><div class=\"post-content-inner\"><\/div><\/div>\t\t\t\n\t\t\t<\/article>\n\t\t\t\t\n\t\t\t<article id=\"post-30372\" class=\"et_pb_post clearfix et_pb_has_overlay et_pb_blog_item_0_27 post-30372 post type-post status-publish format-standard has-post-thumbnail hentry category-impact-story\">\n\n\t\t\t\t<div class=\"et_pb_image_container\"><a href=\"https:\/\/www.theyouthharbour.org\/fr\/impact-story\/solastalgia-creating-an-environmental-community-and-generational-engagement-through-art\/\" class=\"entry-featured-image-url\"><img loading=\"lazy\" decoding=\"async\" src=\"https:\/\/i0.wp.com\/www.theyouthharbour.org\/wp-content\/uploads\/2024\/08\/Solastalgia.png?resize=400%2C250&#038;ssl=1\" alt=\"Solastalgia: Creating an Environmental Community and Generational Engagement Through Art\u00a0\" class=\"\" srcset=\"https:\/\/i0.wp.com\/www.theyouthharbour.org\/wp-content\/uploads\/2024\/08\/Solastalgia.png?fit=600%2C400&ssl=1 479w, https:\/\/i0.wp.com\/www.theyouthharbour.org\/wp-content\/uploads\/2024\/08\/Solastalgia.png?resize=400%2C250&ssl=1 480w \" sizes=\"(max-width:479px) 479px, 100vw \"  width=\"400\" height=\"250\" \/><span class=\"et_overlay et_pb_inline_icon\" data-icon=\"$\"><\/span><\/a><\/div>\n\t\t\t\t\t\t\t\t\t\t\t\t\t\t<h2 class=\"entry-title\">\n\t\t\t\t\t\t\t\t\t\t\t\t\t<a href=\"https:\/\/www.theyouthharbour.org\/fr\/impact-story\/solastalgia-creating-an-environmental-community-and-generational-engagement-through-art\/\">Solastalgia: Cr\u00e9er une communaut\u00e9 environnementale et un engagement g\u00e9n\u00e9rationnel par le biais de l'art\u00a0<\/a>\n\t\t\t\t\t\t\t\t\t\t\t<\/h2>\n\t\t\t\t\n\t\t\t\t\t<p class=\"post-meta\"><a href=\"https:\/\/www.theyouthharbour.org\/fr\/category\/impact-story\/\" rel=\"tag\">Histoires d'impact<\/a><\/p><div class=\"post-content\"><div class=\"post-content-inner\"><\/div><\/div>\t\t\t\n\t\t\t<\/article>\n\t\t\t\t\n\t\t\t<article id=\"post-30340\" class=\"et_pb_post clearfix et_pb_has_overlay et_pb_blog_item_0_28 post-30340 post type-post status-publish format-standard has-post-thumbnail hentry category-impact-story\">\n\n\t\t\t\t<div class=\"et_pb_image_container\"><a href=\"https:\/\/www.theyouthharbour.org\/fr\/impact-story\/making-it-happen-accessible-and-sustainable-agriculture-with-sundance-commons\/\" class=\"entry-featured-image-url\"><img loading=\"lazy\" decoding=\"async\" src=\"https:\/\/i0.wp.com\/www.theyouthharbour.org\/wp-content\/uploads\/2024\/08\/Sundance-Commons.png?resize=400%2C250&#038;ssl=1\" alt=\"Making it Happen: Accessible and Sustainable Agriculture with Sundance Commons\" class=\"\" srcset=\"https:\/\/i0.wp.com\/www.theyouthharbour.org\/wp-content\/uploads\/2024\/08\/Sundance-Commons.png?fit=600%2C400&ssl=1 479w, https:\/\/i0.wp.com\/www.theyouthharbour.org\/wp-content\/uploads\/2024\/08\/Sundance-Commons.png?resize=400%2C250&ssl=1 480w \" sizes=\"(max-width:479px) 479px, 100vw \"  width=\"400\" height=\"250\" \/><span class=\"et_overlay et_pb_inline_icon\" data-icon=\"$\"><\/span><\/a><\/div>\n\t\t\t\t\t\t\t\t\t\t\t\t\t\t<h2 class=\"entry-title\">\n\t\t\t\t\t\t\t\t\t\t\t\t\t<a href=\"https:\/\/www.theyouthharbour.org\/fr\/impact-story\/making-it-happen-accessible-and-sustainable-agriculture-with-sundance-commons\/\">Passer \u00e0 l'action : Agriculture accessible et durable avec Sundance Commons<\/a>\n\t\t\t\t\t\t\t\t\t\t\t<\/h2>\n\t\t\t\t\n\t\t\t\t\t<p class=\"post-meta\"><a href=\"https:\/\/www.theyouthharbour.org\/fr\/category\/impact-story\/\" rel=\"tag\">Histoires d'impact<\/a><\/p><div class=\"post-content\"><div class=\"post-content-inner\"><\/div><\/div>\t\t\t\n\t\t\t<\/article>\n\t\t\t\t\n\t\t\t<article id=\"post-30316\" class=\"et_pb_post clearfix et_pb_has_overlay et_pb_blog_item_0_29 post-30316 post type-post status-publish format-standard has-post-thumbnail hentry category-impact-story\">\n\n\t\t\t\t<div class=\"et_pb_image_container\"><a href=\"https:\/\/www.theyouthharbour.org\/fr\/impact-story\/revolutionizing-youth-engagement-in-city-development\/\" class=\"entry-featured-image-url\"><img loading=\"lazy\" decoding=\"async\" src=\"https:\/\/i0.wp.com\/www.theyouthharbour.org\/wp-content\/uploads\/2024\/08\/CityHive.png?resize=400%2C250&#038;ssl=1\" alt=\"CityHive: Revolutionizing Youth Engagement in City Development\" class=\"\" srcset=\"https:\/\/i0.wp.com\/www.theyouthharbour.org\/wp-content\/uploads\/2024\/08\/CityHive.png?fit=600%2C400&ssl=1 479w, https:\/\/i0.wp.com\/www.theyouthharbour.org\/wp-content\/uploads\/2024\/08\/CityHive.png?resize=400%2C250&ssl=1 480w \" sizes=\"(max-width:479px) 479px, 100vw \"  width=\"400\" height=\"250\" \/><span class=\"et_overlay et_pb_inline_icon\" data-icon=\"$\"><\/span><\/a><\/div>\n\t\t\t\t\t\t\t\t\t\t\t\t\t\t<h2 class=\"entry-title\">\n\t\t\t\t\t\t\t\t\t\t\t\t\t<a href=\"https:\/\/www.theyouthharbour.org\/fr\/impact-story\/revolutionizing-youth-engagement-in-city-development\/\">R\u00e9volutionner l'engagement des jeunes dans le d\u00e9veloppement de la ville<\/a>\n\t\t\t\t\t\t\t\t\t\t\t<\/h2>\n\t\t\t\t\n\t\t\t\t\t<p class=\"post-meta\"><a href=\"https:\/\/www.theyouthharbour.org\/fr\/category\/impact-story\/\" rel=\"tag\">Histoires d'impact<\/a><\/p><div class=\"post-content\"><div class=\"post-content-inner\"><\/div><\/div>\t\t\t\n\t\t\t<\/article>\n\t\t\t\t\n\t\t\t<article id=\"post-30306\" class=\"et_pb_post clearfix et_pb_has_overlay et_pb_blog_item_0_30 post-30306 post type-post status-publish format-standard has-post-thumbnail hentry category-impact-story\">\n\n\t\t\t\t<div class=\"et_pb_image_container\"><a href=\"https:\/\/www.theyouthharbour.org\/fr\/impact-story\/the-youth-climate-corps-empowering-bcs-youth-to-lead-the-charge-against-the-climate-crisis\/\" class=\"entry-featured-image-url\"><img loading=\"lazy\" decoding=\"async\" src=\"https:\/\/i0.wp.com\/www.theyouthharbour.org\/wp-content\/uploads\/2024\/07\/Youth-Climate-Corps.png?resize=400%2C250&#038;ssl=1\" alt=\"Youth Climate Corps: Empowering BC&#8217;s Youth to Lead the Charge Against the Climate Crisis\" class=\"\" srcset=\"https:\/\/i0.wp.com\/www.theyouthharbour.org\/wp-content\/uploads\/2024\/07\/Youth-Climate-Corps.png?fit=600%2C400&ssl=1 479w, https:\/\/i0.wp.com\/www.theyouthharbour.org\/wp-content\/uploads\/2024\/07\/Youth-Climate-Corps.png?resize=400%2C250&ssl=1 480w \" sizes=\"(max-width:479px) 479px, 100vw \"  width=\"400\" height=\"250\" \/><span class=\"et_overlay et_pb_inline_icon\" data-icon=\"$\"><\/span><\/a><\/div>\n\t\t\t\t\t\t\t\t\t\t\t\t\t\t<h2 class=\"entry-title\">\n\t\t\t\t\t\t\t\t\t\t\t\t\t<a href=\"https:\/\/www.theyouthharbour.org\/fr\/impact-story\/the-youth-climate-corps-empowering-bcs-youth-to-lead-the-charge-against-the-climate-crisis\/\">Youth Climate Corps: Donner aux jeunes de la Colombie-Britannique les moyens de mener la charge contre la crise climatique<\/a>\n\t\t\t\t\t\t\t\t\t\t\t<\/h2>\n\t\t\t\t\n\t\t\t\t\t<p class=\"post-meta\"><a href=\"https:\/\/www.theyouthharbour.org\/fr\/category\/impact-story\/\" rel=\"tag\">Histoires d'impact<\/a><\/p><div class=\"post-content\"><div class=\"post-content-inner\"><\/div><\/div>\t\t\t\n\t\t\t<\/article>\n\t\t\t\t\n\t\t\t<article id=\"post-30291\" class=\"et_pb_post clearfix et_pb_has_overlay et_pb_blog_item_0_31 post-30291 post type-post status-publish format-standard has-post-thumbnail hentry category-impact-story\">\n\n\t\t\t\t<div class=\"et_pb_image_container\"><a href=\"https:\/\/www.theyouthharbour.org\/fr\/impact-story\/breaking-ground-digging-deep-building-empathy-within-the-face-of-climate-anxiety-with-break-the-divide\/\" class=\"entry-featured-image-url\"><img loading=\"lazy\" decoding=\"async\" src=\"https:\/\/i0.wp.com\/www.theyouthharbour.org\/wp-content\/uploads\/2024\/07\/Break-the-Divide.png?resize=400%2C250&#038;ssl=1\" alt=\"Breaking Ground, Digging Deep: Building Empathy within the Face of Climate Anxiety with Break The Divide\" class=\"\" srcset=\"https:\/\/i0.wp.com\/www.theyouthharbour.org\/wp-content\/uploads\/2024\/07\/Break-the-Divide.png?fit=600%2C400&ssl=1 479w, https:\/\/i0.wp.com\/www.theyouthharbour.org\/wp-content\/uploads\/2024\/07\/Break-the-Divide.png?resize=400%2C250&ssl=1 480w \" sizes=\"(max-width:479px) 479px, 100vw \"  width=\"400\" height=\"250\" \/><span class=\"et_overlay et_pb_inline_icon\" data-icon=\"$\"><\/span><\/a><\/div>\n\t\t\t\t\t\t\t\t\t\t\t\t\t\t<h2 class=\"entry-title\">\n\t\t\t\t\t\t\t\t\t\t\t\t\t<a href=\"https:\/\/www.theyouthharbour.org\/fr\/impact-story\/breaking-ground-digging-deep-building-empathy-within-the-face-of-climate-anxiety-with-break-the-divide\/\">Ouvrir la voie, creuser en profondeur : renforcer l'empathie face \u00e0 l'anxi\u00e9t\u00e9 climatique avec Break The Divide<\/a>\n\t\t\t\t\t\t\t\t\t\t\t<\/h2>\n\t\t\t\t\n\t\t\t\t\t<p class=\"post-meta\"><a href=\"https:\/\/www.theyouthharbour.org\/fr\/category\/impact-story\/\" rel=\"tag\">Histoires d'impact<\/a><\/p><div class=\"post-content\"><div class=\"post-content-inner\"><\/div><\/div>\t\t\t\n\t\t\t<\/article>\n\t\t\t\t\n\t\t\t<article id=\"post-30165\" class=\"et_pb_post clearfix et_pb_has_overlay et_pb_blog_item_0_32 post-30165 post type-post status-publish format-standard has-post-thumbnail hentry category-impact-story\">\n\n\t\t\t\t<div class=\"et_pb_image_container\"><a href=\"https:\/\/www.theyouthharbour.org\/fr\/impact-story\/the-difficult-work-of-choosing-hope-how-my-media-creatives-storytelling-inspires-a-movement\/\" class=\"entry-featured-image-url\"><img loading=\"lazy\" decoding=\"async\" src=\"https:\/\/i0.wp.com\/www.theyouthharbour.org\/wp-content\/uploads\/2024\/07\/My-Media-Creative.png?resize=400%2C250&#038;ssl=1\" alt=\"The Difficult Work of Choosing Hope: How My Media Creative\u2019s Storytelling Inspires a Movement\" class=\"\" srcset=\"https:\/\/i0.wp.com\/www.theyouthharbour.org\/wp-content\/uploads\/2024\/07\/My-Media-Creative.png?fit=600%2C400&ssl=1 479w, https:\/\/i0.wp.com\/www.theyouthharbour.org\/wp-content\/uploads\/2024\/07\/My-Media-Creative.png?resize=400%2C250&ssl=1 480w \" sizes=\"(max-width:479px) 479px, 100vw \"  width=\"400\" height=\"250\" \/><span class=\"et_overlay et_pb_inline_icon\" data-icon=\"$\"><\/span><\/a><\/div>\n\t\t\t\t\t\t\t\t\t\t\t\t\t\t<h2 class=\"entry-title\">\n\t\t\t\t\t\t\t\t\t\t\t\t\t<a href=\"https:\/\/www.theyouthharbour.org\/fr\/impact-story\/the-difficult-work-of-choosing-hope-how-my-media-creatives-storytelling-inspires-a-movement\/\">La difficult\u00e9 de choisir l'espoir : comment le r\u00e9cit de My Media Creative inspire un mouvement<\/a>\n\t\t\t\t\t\t\t\t\t\t\t<\/h2>\n\t\t\t\t\n\t\t\t\t\t<p class=\"post-meta\"><a href=\"https:\/\/www.theyouthharbour.org\/fr\/category\/impact-story\/\" rel=\"tag\">Histoires d'impact<\/a><\/p><div class=\"post-content\"><div class=\"post-content-inner\"><\/div><\/div>\t\t\t\n\t\t\t<\/article>\n\t\t\t\t\n\t\t\t<article id=\"post-30173\" class=\"et_pb_post clearfix et_pb_has_overlay et_pb_blog_item_0_33 post-30173 post type-post status-publish format-standard has-post-thumbnail hentry category-impact-story\">\n\n\t\t\t\t<div class=\"et_pb_image_container\"><a href=\"https:\/\/www.theyouthharbour.org\/fr\/impact-story\/hope-and-action-in-thunder-bay-with-the-northwestern-climate-gathering\/\" class=\"entry-featured-image-url\"><img loading=\"lazy\" decoding=\"async\" src=\"https:\/\/i0.wp.com\/www.theyouthharbour.org\/wp-content\/uploads\/2024\/07\/Northwestern-Climate-Gathering-.png?resize=400%2C250&#038;ssl=1\" alt=\"Hope and Action in Thunder Bay with the Northwestern Climate Gathering\" class=\"\" srcset=\"https:\/\/i0.wp.com\/www.theyouthharbour.org\/wp-content\/uploads\/2024\/07\/Northwestern-Climate-Gathering-.png?fit=600%2C400&ssl=1 479w, https:\/\/i0.wp.com\/www.theyouthharbour.org\/wp-content\/uploads\/2024\/07\/Northwestern-Climate-Gathering-.png?resize=400%2C250&ssl=1 480w \" sizes=\"(max-width:479px) 479px, 100vw \"  width=\"400\" height=\"250\" \/><span class=\"et_overlay et_pb_inline_icon\" data-icon=\"$\"><\/span><\/a><\/div>\n\t\t\t\t\t\t\t\t\t\t\t\t\t\t<h2 class=\"entry-title\">\n\t\t\t\t\t\t\t\t\t\t\t\t\t<a href=\"https:\/\/www.theyouthharbour.org\/fr\/impact-story\/hope-and-action-in-thunder-bay-with-the-northwestern-climate-gathering\/\">Espoir et action \u00e0 Thunder Bay avec le Rassemblement du Nord-Ouest<\/a>\n\t\t\t\t\t\t\t\t\t\t\t<\/h2>\n\t\t\t\t\n\t\t\t\t\t<p class=\"post-meta\"><a href=\"https:\/\/www.theyouthharbour.org\/fr\/category\/impact-story\/\" rel=\"tag\">Histoires d'impact<\/a><\/p><div class=\"post-content\"><div class=\"post-content-inner\"><\/div><\/div>\t\t\t\n\t\t\t<\/article>\n\t\t\t\t\n\t\t\t<article id=\"post-30141\" class=\"et_pb_post clearfix et_pb_has_overlay et_pb_blog_item_0_34 post-30141 post type-post status-publish format-standard has-post-thumbnail hentry category-impact-story\">\n\n\t\t\t\t<div class=\"et_pb_image_container\"><a href=\"https:\/\/www.theyouthharbour.org\/fr\/impact-story\/fostering-safe-spaces-for-marginalized-communities\/\" class=\"entry-featured-image-url\"><img loading=\"lazy\" decoding=\"async\" src=\"https:\/\/i0.wp.com\/www.theyouthharbour.org\/wp-content\/uploads\/2024\/07\/Rising-from-our-Roots.png?resize=400%2C250&#038;ssl=1\" alt=\"Rising from our Roots: Fostering Safe Spaces for Marginalized Communities\" class=\"\" srcset=\"https:\/\/i0.wp.com\/www.theyouthharbour.org\/wp-content\/uploads\/2024\/07\/Rising-from-our-Roots.png?fit=600%2C400&ssl=1 479w, https:\/\/i0.wp.com\/www.theyouthharbour.org\/wp-content\/uploads\/2024\/07\/Rising-from-our-Roots.png?resize=400%2C250&ssl=1 480w \" sizes=\"(max-width:479px) 479px, 100vw \"  width=\"400\" height=\"250\" \/><span class=\"et_overlay et_pb_inline_icon\" data-icon=\"$\"><\/span><\/a><\/div>\n\t\t\t\t\t\t\t\t\t\t\t\t\t\t<h2 class=\"entry-title\">\n\t\t\t\t\t\t\t\t\t\t\t\t\t<a href=\"https:\/\/www.theyouthharbour.org\/fr\/impact-story\/fostering-safe-spaces-for-marginalized-communities\/\">Rising from our Roots: Favoriser des espaces s\u00fbrs pour les communaut\u00e9s marginalis\u00e9es<\/a>\n\t\t\t\t\t\t\t\t\t\t\t<\/h2>\n\t\t\t\t\n\t\t\t\t\t<p class=\"post-meta\"><a href=\"https:\/\/www.theyouthharbour.org\/fr\/category\/impact-story\/\" rel=\"tag\">Histoires d'impact<\/a><\/p><div class=\"post-content\"><div class=\"post-content-inner\"><\/div><\/div>\t\t\t\n\t\t\t<\/article>\n\t\t\t\t\n\t\t\t<article id=\"post-30133\" class=\"et_pb_post clearfix et_pb_has_overlay et_pb_blog_item_0_35 post-30133 post type-post status-publish format-standard has-post-thumbnail hentry category-impact-story\">\n\n\t\t\t\t<div class=\"et_pb_image_container\"><a href=\"https:\/\/www.theyouthharbour.org\/fr\/impact-story\/the-green-career-centre-the-green-career-centres-journey-to-equity-in-the-green-economy\/\" class=\"entry-featured-image-url\"><img loading=\"lazy\" decoding=\"async\" src=\"https:\/\/i0.wp.com\/www.theyouthharbour.org\/wp-content\/uploads\/2024\/07\/Green-Career-Center.png?resize=400%2C250&#038;ssl=1\" alt=\"The Green Career Centre&#8217;s Journey to Equity in the Green Economy\" class=\"\" srcset=\"https:\/\/i0.wp.com\/www.theyouthharbour.org\/wp-content\/uploads\/2024\/07\/Green-Career-Center.png?fit=600%2C400&ssl=1 479w, https:\/\/i0.wp.com\/www.theyouthharbour.org\/wp-content\/uploads\/2024\/07\/Green-Career-Center.png?resize=400%2C250&ssl=1 480w \" sizes=\"(max-width:479px) 479px, 100vw \"  width=\"400\" height=\"250\" \/><span class=\"et_overlay et_pb_inline_icon\" data-icon=\"$\"><\/span><\/a><\/div>\n\t\t\t\t\t\t\t\t\t\t\t\t\t\t<h2 class=\"entry-title\">\n\t\t\t\t\t\t\t\t\t\t\t\t\t<a href=\"https:\/\/www.theyouthharbour.org\/fr\/impact-story\/the-green-career-centre-the-green-career-centres-journey-to-equity-in-the-green-economy\/\">Le parcours du Green Career Centre vers l'\u00e9quit\u00e9 dans l'\u00e9conomie verte<\/a>\n\t\t\t\t\t\t\t\t\t\t\t<\/h2>\n\t\t\t\t\n\t\t\t\t\t<p class=\"post-meta\"><a href=\"https:\/\/www.theyouthharbour.org\/fr\/category\/impact-story\/\" rel=\"tag\">Histoires d'impact<\/a><\/p><div class=\"post-content\"><div class=\"post-content-inner\"><\/div><\/div>\t\t\t\n\t\t\t<\/article>\n\t\t\t\t\n\t\t\t<article id=\"post-30046\" class=\"et_pb_post clearfix et_pb_has_overlay et_pb_blog_item_0_36 post-30046 post type-post status-publish format-standard has-post-thumbnail hentry category-impact-story\">\n\n\t\t\t\t<div class=\"et_pb_image_container\"><a href=\"https:\/\/www.theyouthharbour.org\/fr\/impact-story\/edmontonians-envision-a-more-livable-movable-and-human-city\/\" class=\"entry-featured-image-url\"><img loading=\"lazy\" decoding=\"async\" src=\"https:\/\/i0.wp.com\/www.theyouthharbour.org\/wp-content\/uploads\/2024\/06\/Paths-for-People.png?resize=400%2C250&#038;ssl=1\" alt=\"Paths for People: Edmontonians Envision a More Livable, Movable, and Human City\" class=\"\" srcset=\"https:\/\/i0.wp.com\/www.theyouthharbour.org\/wp-content\/uploads\/2024\/06\/Paths-for-People.png?fit=600%2C400&ssl=1 479w, https:\/\/i0.wp.com\/www.theyouthharbour.org\/wp-content\/uploads\/2024\/06\/Paths-for-People.png?resize=400%2C250&ssl=1 480w \" sizes=\"(max-width:479px) 479px, 100vw \"  width=\"400\" height=\"250\" \/><span class=\"et_overlay et_pb_inline_icon\" data-icon=\"$\"><\/span><\/a><\/div>\n\t\t\t\t\t\t\t\t\t\t\t\t\t\t<h2 class=\"entry-title\">\n\t\t\t\t\t\t\t\t\t\t\t\t\t<a href=\"https:\/\/www.theyouthharbour.org\/fr\/impact-story\/edmontonians-envision-a-more-livable-movable-and-human-city\/\">Paths for People: Les habitants d'Edmonton envisagent une ville plus vivable, plus mobile et plus humaine<\/a>\n\t\t\t\t\t\t\t\t\t\t\t<\/h2>\n\t\t\t\t\n\t\t\t\t\t<p class=\"post-meta\"><a href=\"https:\/\/www.theyouthharbour.org\/fr\/category\/impact-story\/\" rel=\"tag\">Histoires d'impact<\/a><\/p><div class=\"post-content\"><div class=\"post-content-inner\"><\/div><\/div>\t\t\t\n\t\t\t<\/article>\n\t\t\t\t\n\t\t\t<article id=\"post-30064\" class=\"et_pb_post clearfix et_pb_has_overlay et_pb_blog_item_0_37 post-30064 post type-post status-publish format-standard has-post-thumbnail hentry category-impact-story\">\n\n\t\t\t\t<div class=\"et_pb_image_container\"><a href=\"https:\/\/www.theyouthharbour.org\/fr\/impact-story\/protecting-water-resources-for-life-not-profit\/\" class=\"entry-featured-image-url\"><img loading=\"lazy\" decoding=\"async\" src=\"https:\/\/i0.wp.com\/www.theyouthharbour.org\/wp-content\/uploads\/2024\/06\/Protecting-Water-Resources-for-Life-Not-Profit.png?resize=400%2C250&#038;ssl=1\" alt=\"Water Watchers: Protecting Water Resources for Life, Not Profit\" class=\"\" srcset=\"https:\/\/i0.wp.com\/www.theyouthharbour.org\/wp-content\/uploads\/2024\/06\/Protecting-Water-Resources-for-Life-Not-Profit.png?fit=600%2C400&ssl=1 479w, https:\/\/i0.wp.com\/www.theyouthharbour.org\/wp-content\/uploads\/2024\/06\/Protecting-Water-Resources-for-Life-Not-Profit.png?resize=400%2C250&ssl=1 480w \" sizes=\"(max-width:479px) 479px, 100vw \"  width=\"400\" height=\"250\" \/><span class=\"et_overlay et_pb_inline_icon\" data-icon=\"$\"><\/span><\/a><\/div>\n\t\t\t\t\t\t\t\t\t\t\t\t\t\t<h2 class=\"entry-title\">\n\t\t\t\t\t\t\t\t\t\t\t\t\t<a href=\"https:\/\/www.theyouthharbour.org\/fr\/impact-story\/protecting-water-resources-for-life-not-profit\/\">Water Watchers: Prot\u00e9ger les ressources en eau pour la vie, pas pour le profit<\/a>\n\t\t\t\t\t\t\t\t\t\t\t<\/h2>\n\t\t\t\t\n\t\t\t\t\t<p class=\"post-meta\"><a href=\"https:\/\/www.theyouthharbour.org\/fr\/category\/impact-story\/\" rel=\"tag\">Histoires d'impact<\/a><\/p><div class=\"post-content\"><div class=\"post-content-inner\"><\/div><\/div>\t\t\t\n\t\t\t<\/article>\n\t\t\t\t\n\t\t\t<article id=\"post-30089\" class=\"et_pb_post clearfix et_pb_has_overlay et_pb_blog_item_0_38 post-30089 post type-post status-publish format-standard has-post-thumbnail hentry category-impact-story\">\n\n\t\t\t\t<div class=\"et_pb_image_container\"><a href=\"https:\/\/www.theyouthharbour.org\/fr\/impact-story\/connecting-youth-climate-leaders-with-an-intergenerational-network-of-climate-educators\/\" class=\"entry-featured-image-url\"><img loading=\"lazy\" decoding=\"async\" src=\"https:\/\/i0.wp.com\/www.theyouthharbour.org\/wp-content\/uploads\/2024\/06\/Rooted-and-Rising.png?resize=400%2C250&#038;ssl=1\" alt=\"Rooted &#038; Rising: Connecting Youth Climate Leaders with an Intergenerational Network of Climate Educators\" class=\"\" srcset=\"https:\/\/i0.wp.com\/www.theyouthharbour.org\/wp-content\/uploads\/2024\/06\/Rooted-and-Rising.png?fit=600%2C400&ssl=1 479w, https:\/\/i0.wp.com\/www.theyouthharbour.org\/wp-content\/uploads\/2024\/06\/Rooted-and-Rising.png?resize=400%2C250&ssl=1 480w \" sizes=\"(max-width:479px) 479px, 100vw \"  width=\"400\" height=\"250\" \/><span class=\"et_overlay et_pb_inline_icon\" data-icon=\"$\"><\/span><\/a><\/div>\n\t\t\t\t\t\t\t\t\t\t\t\t\t\t<h2 class=\"entry-title\">\n\t\t\t\t\t\t\t\t\t\t\t\t\t<a href=\"https:\/\/www.theyouthharbour.org\/fr\/impact-story\/connecting-youth-climate-leaders-with-an-intergenerational-network-of-climate-educators\/\">Rooted &amp; Rising: Connecter les jeunes leaders climatiques \u00e0 un r\u00e9seau interg\u00e9n\u00e9rationnel d'\u00e9ducateurs climatiques<\/a>\n\t\t\t\t\t\t\t\t\t\t\t<\/h2>\n\t\t\t\t\n\t\t\t\t\t<p class=\"post-meta\"><a href=\"https:\/\/www.theyouthharbour.org\/fr\/category\/impact-story\/\" rel=\"tag\">Histoires d'impact<\/a><\/p><div class=\"post-content\"><div class=\"post-content-inner\"><\/div><\/div>\t\t\t\n\t\t\t<\/article>\n\t\t\t\t\n\t\t\t<article id=\"post-29750\" class=\"et_pb_post clearfix et_pb_has_overlay et_pb_blog_item_0_39 post-29750 post type-post status-publish format-standard has-post-thumbnail hentry category-our-updates tag-our-updates\">\n\n\t\t\t\t<div class=\"et_pb_image_container\"><a href=\"https:\/\/www.theyouthharbour.org\/fr\/our-updates\/exploring-urban-chinese-youth-and-environmentalism-a-diasporic-perspective\/\" class=\"entry-featured-image-url\"><img loading=\"lazy\" decoding=\"async\" src=\"https:\/\/i0.wp.com\/www.theyouthharbour.org\/wp-content\/uploads\/2024\/05\/Unraveling-the-Marginalization-of-Chinese-Diasporic-Youth-in-Torontos-Environmental-Movement.png?resize=400%2C250&#038;ssl=1\" alt=\"Exploring Urban Chinese Youth and Environmentalism: A Diasporic Perspective\" class=\"\" srcset=\"https:\/\/i0.wp.com\/www.theyouthharbour.org\/wp-content\/uploads\/2024\/05\/Unraveling-the-Marginalization-of-Chinese-Diasporic-Youth-in-Torontos-Environmental-Movement.png?fit=600%2C400&ssl=1 479w, https:\/\/i0.wp.com\/www.theyouthharbour.org\/wp-content\/uploads\/2024\/05\/Unraveling-the-Marginalization-of-Chinese-Diasporic-Youth-in-Torontos-Environmental-Movement.png?resize=400%2C250&ssl=1 480w \" sizes=\"(max-width:479px) 479px, 100vw \"  width=\"400\" height=\"250\" \/><span class=\"et_overlay et_pb_inline_icon\" data-icon=\"$\"><\/span><\/a><\/div>\n\t\t\t\t\t\t\t\t\t\t\t\t\t\t<h2 class=\"entry-title\">\n\t\t\t\t\t\t\t\t\t\t\t\t\t<a href=\"https:\/\/www.theyouthharbour.org\/fr\/our-updates\/exploring-urban-chinese-youth-and-environmentalism-a-diasporic-perspective\/\">Exploration de la jeunesse chinoise urbaine et de l'environnementalisme : Une perspective diasporique<\/a>\n\t\t\t\t\t\t\t\t\t\t\t<\/h2>\n\t\t\t\t\n\t\t\t\t\t<p class=\"post-meta\"><a href=\"https:\/\/www.theyouthharbour.org\/fr\/category\/our-updates\/\" rel=\"tag\">Nos nouveautes<\/a><\/p><div class=\"post-content\"><div class=\"post-content-inner\"><\/div><\/div>\t\t\t\n\t\t\t<\/article>\n\t\t\t\t\n\t\t\t<article id=\"post-28962\" class=\"et_pb_post clearfix et_pb_has_overlay et_pb_blog_item_0_40 post-28962 post type-post status-publish format-standard has-post-thumbnail hentry category-article-in-the-news category-in-the-news\">\n\n\t\t\t\t<div class=\"et_pb_image_container\"><a href=\"https:\/\/www.theyouthharbour.org\/fr\/in-the-news\/jessica-leblanc-announced-as-one-of-corporate-knights-30-under-30\/\" class=\"entry-featured-image-url\"><img loading=\"lazy\" decoding=\"async\" src=\"https:\/\/i0.wp.com\/www.theyouthharbour.org\/wp-content\/uploads\/2023\/11\/News-Resources-Image-Size-Template-3.jpg?resize=400%2C250&#038;ssl=1\" alt=\"Jessica LeBlanc announced as one of Corporate Knights 30 Under 30\" class=\"\" srcset=\"https:\/\/i0.wp.com\/www.theyouthharbour.org\/wp-content\/uploads\/2023\/11\/News-Resources-Image-Size-Template-3.jpg?fit=600%2C400&ssl=1 479w, https:\/\/i0.wp.com\/www.theyouthharbour.org\/wp-content\/uploads\/2023\/11\/News-Resources-Image-Size-Template-3.jpg?resize=400%2C250&ssl=1 480w \" sizes=\"(max-width:479px) 479px, 100vw \"  width=\"400\" height=\"250\" \/><span class=\"et_overlay et_pb_inline_icon\" data-icon=\"$\"><\/span><\/a><\/div>\n\t\t\t\t\t\t\t\t\t\t\t\t\t\t<h2 class=\"entry-title\">\n\t\t\t\t\t\t\t\t\t\t\t\t\t<a href=\"https:\/\/www.theyouthharbour.org\/fr\/in-the-news\/jessica-leblanc-announced-as-one-of-corporate-knights-30-under-30\/\">Jessica LeBlanc announced as one of Corporate Knights 30 Under 30<\/a>\n\t\t\t\t\t\t\t\t\t\t\t<\/h2>\n\t\t\t\t\n\t\t\t\t\t<p class=\"post-meta\"><a href=\"https:\/\/www.theyouthharbour.org\/fr\/category\/in-the-news\/article-in-the-news\/\" rel=\"tag\">Article<\/a>, <a href=\"https:\/\/www.theyouthharbour.org\/fr\/category\/in-the-news\/\" rel=\"tag\">Dans les grands titres<\/a><\/p><div class=\"post-content\"><div class=\"post-content-inner\"><\/div><\/div>\t\t\t\n\t\t\t<\/article>\n\t\t\t\t\n\t\t\t<article id=\"post-28877\" class=\"et_pb_post clearfix et_pb_has_overlay et_pb_blog_item_0_41 post-28877 post type-post status-publish format-standard has-post-thumbnail hentry category-reports\">\n\n\t\t\t\t<div class=\"et_pb_image_container\"><a href=\"https:\/\/www.theyouthharbour.org\/fr\/reports\/the-youth-harbour-impact-report\/\" class=\"entry-featured-image-url\"><img loading=\"lazy\" decoding=\"async\" src=\"https:\/\/i0.wp.com\/www.theyouthharbour.org\/wp-content\/uploads\/2023\/10\/News-Resources-Image-Size-Template-1.png?resize=400%2C250&#038;ssl=1\" alt=\"The Youth Harbour Impact Report\" class=\"\" srcset=\"https:\/\/i0.wp.com\/www.theyouthharbour.org\/wp-content\/uploads\/2023\/10\/News-Resources-Image-Size-Template-1.png?fit=600%2C400&ssl=1 479w, https:\/\/i0.wp.com\/www.theyouthharbour.org\/wp-content\/uploads\/2023\/10\/News-Resources-Image-Size-Template-1.png?resize=400%2C250&ssl=1 480w \" sizes=\"(max-width:479px) 479px, 100vw \"  width=\"400\" height=\"250\" \/><span class=\"et_overlay et_pb_inline_icon\" data-icon=\"$\"><\/span><\/a><\/div>\n\t\t\t\t\t\t\t\t\t\t\t\t\t\t<h2 class=\"entry-title\">\n\t\t\t\t\t\t\t\t\t\t\t\t\t<a href=\"https:\/\/www.theyouthharbour.org\/fr\/reports\/the-youth-harbour-impact-report\/\">Le Havre Jeunesse Rapport D\u2019impact<\/a>\n\t\t\t\t\t\t\t\t\t\t\t<\/h2>\n\t\t\t\t\n\t\t\t\t\t<p class=\"post-meta\"><a href=\"https:\/\/www.theyouthharbour.org\/fr\/category\/reports\/\" rel=\"tag\">rapports<\/a><\/p><div class=\"post-content\"><div class=\"post-content-inner\"><\/div><\/div>\t\t\t\n\t\t\t<\/article>\n\t\t\t\t\n\t\t\t<article id=\"post-28838\" class=\"et_pb_post clearfix et_pb_has_overlay et_pb_blog_item_0_42 post-28838 post type-post status-publish format-standard has-post-thumbnail hentry category-our-updates tag-our-updates\">\n\n\t\t\t\t<div class=\"et_pb_image_container\"><a href=\"https:\/\/www.theyouthharbour.org\/fr\/our-updates\/new-york-climate-week-blog-3-climate-finance-philanthropy-and-a-lot-of-jargon\/\" class=\"entry-featured-image-url\"><img loading=\"lazy\" decoding=\"async\" src=\"https:\/\/i0.wp.com\/www.theyouthharbour.org\/wp-content\/uploads\/2023\/10\/Breakfast-in-Bryant-Park.jpeg?resize=400%2C250&#038;ssl=1\" alt=\"New York Climate Week Blog 3: Climate Finance, Philanthropy, and A Lot of Jargon\" class=\"\" srcset=\"https:\/\/i0.wp.com\/www.theyouthharbour.org\/wp-content\/uploads\/2023\/10\/Breakfast-in-Bryant-Park.jpeg?fit=1200%2C1600&ssl=1 479w, https:\/\/i0.wp.com\/www.theyouthharbour.org\/wp-content\/uploads\/2023\/10\/Breakfast-in-Bryant-Park.jpeg?resize=400%2C250&ssl=1 480w \" sizes=\"(max-width:479px) 479px, 100vw \"  width=\"400\" height=\"250\" \/><span class=\"et_overlay et_pb_inline_icon\" data-icon=\"$\"><\/span><\/a><\/div>\n\t\t\t\t\t\t\t\t\t\t\t\t\t\t<h2 class=\"entry-title\">\n\t\t\t\t\t\t\t\t\t\t\t\t\t<a href=\"https:\/\/www.theyouthharbour.org\/fr\/our-updates\/new-york-climate-week-blog-3-climate-finance-philanthropy-and-a-lot-of-jargon\/\">New York Climate Week Blog 2 : Financement du climat, philanthropie et beaucoup de jargon<\/a>\n\t\t\t\t\t\t\t\t\t\t\t<\/h2>\n\t\t\t\t\n\t\t\t\t\t<p class=\"post-meta\"><a href=\"https:\/\/www.theyouthharbour.org\/fr\/category\/our-updates\/\" rel=\"tag\">Nos nouveautes<\/a><\/p><div class=\"post-content\"><div class=\"post-content-inner\"><\/div><\/div>\t\t\t\n\t\t\t<\/article>\n\t\t\t\t\n\t\t\t<article id=\"post-28791\" class=\"et_pb_post clearfix et_pb_has_overlay et_pb_blog_item_0_43 post-28791 post type-post status-publish format-standard has-post-thumbnail hentry category-our-updates\">\n\n\t\t\t\t<div class=\"et_pb_image_container\"><a href=\"https:\/\/www.theyouthharbour.org\/fr\/our-updates\/new-york-climate-week-blog-2-connecting-and-re-energizing\/\" class=\"entry-featured-image-url\"><img loading=\"lazy\" decoding=\"async\" src=\"https:\/\/i0.wp.com\/www.theyouthharbour.org\/wp-content\/uploads\/2023\/10\/Empowering-Indigenous-Peoples-through-Equitable-Climate-Finance-Panel.jpeg?resize=400%2C250&#038;ssl=1\" alt=\"New York Climate Week Blog 2: Connecting and Re-energizing\" class=\"\" srcset=\"https:\/\/i0.wp.com\/www.theyouthharbour.org\/wp-content\/uploads\/2023\/10\/Empowering-Indigenous-Peoples-through-Equitable-Climate-Finance-Panel.jpeg?fit=1200%2C1600&ssl=1 479w, https:\/\/i0.wp.com\/www.theyouthharbour.org\/wp-content\/uploads\/2023\/10\/Empowering-Indigenous-Peoples-through-Equitable-Climate-Finance-Panel.jpeg?resize=400%2C250&ssl=1 480w \" sizes=\"(max-width:479px) 479px, 100vw \"  width=\"400\" height=\"250\" \/><span class=\"et_overlay et_pb_inline_icon\" data-icon=\"$\"><\/span><\/a><\/div>\n\t\t\t\t\t\t\t\t\t\t\t\t\t\t<h2 class=\"entry-title\">\n\t\t\t\t\t\t\t\t\t\t\t\t\t<a href=\"https:\/\/www.theyouthharbour.org\/fr\/our-updates\/new-york-climate-week-blog-2-connecting-and-re-energizing\/\">New York Climate Week Blog 2 : Se connecter et se ressourcer<\/a>\n\t\t\t\t\t\t\t\t\t\t\t<\/h2>\n\t\t\t\t\n\t\t\t\t\t<p class=\"post-meta\"><a href=\"https:\/\/www.theyouthharbour.org\/fr\/category\/our-updates\/\" rel=\"tag\">Nos nouveautes<\/a><\/p><div class=\"post-content\"><div class=\"post-content-inner\"><\/div><\/div>\t\t\t\n\t\t\t<\/article>\n\t\t\t\t\n\t\t\t<article id=\"post-28745\" class=\"et_pb_post clearfix et_pb_has_overlay et_pb_blog_item_0_44 post-28745 post type-post status-publish format-standard has-post-thumbnail hentry category-our-updates\">\n\n\t\t\t\t<div class=\"et_pb_image_container\"><a href=\"https:\/\/www.theyouthharbour.org\/fr\/our-updates\/new-york-climate-week-blog-1-people-power\/\" class=\"entry-featured-image-url\"><img loading=\"lazy\" decoding=\"async\" src=\"https:\/\/i0.wp.com\/www.theyouthharbour.org\/wp-content\/uploads\/2023\/09\/Kat-at-Peoples-March.jpeg?resize=400%2C250&#038;ssl=1\" alt=\"New York Climate Week Blog 1: People Power\" class=\"\" srcset=\"https:\/\/i0.wp.com\/www.theyouthharbour.org\/wp-content\/uploads\/2023\/09\/Kat-at-Peoples-March.jpeg?fit=768%2C1024&ssl=1 479w, https:\/\/i0.wp.com\/www.theyouthharbour.org\/wp-content\/uploads\/2023\/09\/Kat-at-Peoples-March.jpeg?resize=400%2C250&ssl=1 480w \" sizes=\"(max-width:479px) 479px, 100vw \"  width=\"400\" height=\"250\" \/><span class=\"et_overlay et_pb_inline_icon\" data-icon=\"$\"><\/span><\/a><\/div>\n\t\t\t\t\t\t\t\t\t\t\t\t\t\t<h2 class=\"entry-title\">\n\t\t\t\t\t\t\t\t\t\t\t\t\t<a href=\"https:\/\/www.theyouthharbour.org\/fr\/our-updates\/new-york-climate-week-blog-1-people-power\/\">Semaine du climat \u00e0 New-York Blog 1 : Le pouvoir du peuple<\/a>\n\t\t\t\t\t\t\t\t\t\t\t<\/h2>\n\t\t\t\t\n\t\t\t\t\t<p class=\"post-meta\"><a href=\"https:\/\/www.theyouthharbour.org\/fr\/category\/our-updates\/\" rel=\"tag\">Nos nouveautes<\/a><\/p><div class=\"post-content\"><div class=\"post-content-inner\"><\/div><\/div>\t\t\t\n\t\t\t<\/article>\n\t\t\t\t\n\t\t\t<article id=\"post-28804\" class=\"et_pb_post clearfix et_pb_has_overlay et_pb_blog_item_0_45 post-28804 post type-post status-publish format-standard has-post-thumbnail hentry category-in-the-news category-podcast-in-the-news\">\n\n\t\t\t\t<div class=\"et_pb_image_container\"><a href=\"https:\/\/www.theyouthharbour.org\/fr\/in-the-news\/power-youth-systems-change-w-kat-cadungog\/\" class=\"entry-featured-image-url\"><img loading=\"lazy\" decoding=\"async\" src=\"https:\/\/i0.wp.com\/www.theyouthharbour.org\/wp-content\/uploads\/2023\/08\/Untitled-design-7.png?resize=400%2C250&#038;ssl=1\" alt=\"Power, Youth &amp; Systems Change w\/ Kat Cadungog\" class=\"\" srcset=\"https:\/\/i0.wp.com\/www.theyouthharbour.org\/wp-content\/uploads\/2023\/08\/Untitled-design-7.png?fit=600%2C400&ssl=1 479w, https:\/\/i0.wp.com\/www.theyouthharbour.org\/wp-content\/uploads\/2023\/08\/Untitled-design-7.png?resize=400%2C250&ssl=1 480w \" sizes=\"(max-width:479px) 479px, 100vw \"  width=\"400\" height=\"250\" \/><span class=\"et_overlay et_pb_inline_icon\" data-icon=\"$\"><\/span><\/a><\/div>\n\t\t\t\t\t\t\t\t\t\t\t\t\t\t<h2 class=\"entry-title\">\n\t\t\t\t\t\t\t\t\t\t\t\t\t<a href=\"https:\/\/www.theyouthharbour.org\/fr\/in-the-news\/power-youth-systems-change-w-kat-cadungog\/\">Power, Youth &amp; Systems Change w\/ Kat Cadungog<\/a>\n\t\t\t\t\t\t\t\t\t\t\t<\/h2>\n\t\t\t\t\n\t\t\t\t\t<p class=\"post-meta\"><a href=\"https:\/\/www.theyouthharbour.org\/fr\/category\/in-the-news\/\" rel=\"tag\">Dans les grands titres<\/a>, <a href=\"https:\/\/www.theyouthharbour.org\/fr\/category\/in-the-news\/podcast-in-the-news\/\" rel=\"tag\">Podcast<\/a><\/p><div class=\"post-content\"><div class=\"post-content-inner\"><\/div><\/div>\t\t\t\n\t\t\t<\/article>\n\t\t\t\t\n\t\t\t<article id=\"post-29555\" class=\"et_pb_post clearfix et_pb_has_overlay et_pb_blog_item_0_46 post-29555 post type-post status-publish format-standard has-post-thumbnail hentry category-reports\">\n\n\t\t\t\t<div class=\"et_pb_image_container\"><a href=\"https:\/\/www.theyouthharbour.org\/fr\/reports\/climate-activist-attitudes-perspectives-on-funding-tied-to-fossil-fuels\/\" class=\"entry-featured-image-url\"><img loading=\"lazy\" decoding=\"async\" src=\"https:\/\/i0.wp.com\/www.theyouthharbour.org\/wp-content\/uploads\/2023\/08\/COVER1-1.png?resize=400%2C250&#038;ssl=1\" alt=\"Climate Activist Attitudes &amp; Perspectives on Funding Tied to Fossil Fuels\" class=\"\" srcset=\"https:\/\/i0.wp.com\/www.theyouthharbour.org\/wp-content\/uploads\/2023\/08\/COVER1-1.png?fit=750%2C971&ssl=1 479w, https:\/\/i0.wp.com\/www.theyouthharbour.org\/wp-content\/uploads\/2023\/08\/COVER1-1.png?resize=400%2C250&ssl=1 480w \" sizes=\"(max-width:479px) 479px, 100vw \"  width=\"400\" height=\"250\" \/><span class=\"et_overlay et_pb_inline_icon\" data-icon=\"$\"><\/span><\/a><\/div>\n\t\t\t\t\t\t\t\t\t\t\t\t\t\t<h2 class=\"entry-title\">\n\t\t\t\t\t\t\t\t\t\t\t\t\t<a href=\"https:\/\/www.theyouthharbour.org\/fr\/reports\/climate-activist-attitudes-perspectives-on-funding-tied-to-fossil-fuels\/\">Les attitudes et les perspectives des activistes climatiques sur le financement li\u00e9 aux combustibles fossiles<\/a>\n\t\t\t\t\t\t\t\t\t\t\t<\/h2>\n\t\t\t\t\n\t\t\t\t\t<p class=\"post-meta\"><a href=\"https:\/\/www.theyouthharbour.org\/fr\/category\/reports\/\" rel=\"tag\">rapports<\/a><\/p><div class=\"post-content\"><div class=\"post-content-inner\"><\/div><\/div>\t\t\t\n\t\t\t<\/article>\n\t\t\t\t\n\t\t\t<article id=\"post-28817\" class=\"et_pb_post clearfix et_pb_has_overlay et_pb_blog_item_0_47 post-28817 post type-post status-publish format-standard has-post-thumbnail hentry category-in-the-news category-video\">\n\n\t\t\t\t<div class=\"et_pb_image_container\"><a href=\"https:\/\/www.theyouthharbour.org\/fr\/in-the-news\/how-she-raised-2-million-to-help-young-people-fight-climate-change\/\" class=\"entry-featured-image-url\"><img loading=\"lazy\" decoding=\"async\" src=\"https:\/\/i0.wp.com\/www.theyouthharbour.org\/wp-content\/uploads\/2023\/10\/hqdefault.jpg?resize=400%2C250&#038;ssl=1\" alt=\"How She Raised $2 Million to Help Young People Fight Climate Change\" class=\"\" srcset=\"https:\/\/i0.wp.com\/www.theyouthharbour.org\/wp-content\/uploads\/2023\/10\/hqdefault.jpg?fit=480%2C360&ssl=1 479w, https:\/\/i0.wp.com\/www.theyouthharbour.org\/wp-content\/uploads\/2023\/10\/hqdefault.jpg?resize=400%2C250&ssl=1 480w \" sizes=\"(max-width:479px) 479px, 100vw \"  width=\"400\" height=\"250\" \/><span class=\"et_overlay et_pb_inline_icon\" data-icon=\"$\"><\/span><\/a><\/div>\n\t\t\t\t\t\t\t\t\t\t\t\t\t\t<h2 class=\"entry-title\">\n\t\t\t\t\t\t\t\t\t\t\t\t\t<a href=\"https:\/\/www.theyouthharbour.org\/fr\/in-the-news\/how-she-raised-2-million-to-help-young-people-fight-climate-change\/\">How She Raised $2 Million to Help Young People Fight Climate Change<\/a>\n\t\t\t\t\t\t\t\t\t\t\t<\/h2>\n\t\t\t\t\n\t\t\t\t\t<p class=\"post-meta\"><a href=\"https:\/\/www.theyouthharbour.org\/fr\/category\/in-the-news\/\" rel=\"tag\">Dans les grands titres<\/a>, <a href=\"https:\/\/www.theyouthharbour.org\/fr\/category\/in-the-news\/video\/\" rel=\"tag\">Video<\/a><\/p><div class=\"post-content\"><div class=\"post-content-inner\"><\/div><\/div>\t\t\t\n\t\t\t<\/article>\n\t\t\t\t\n\t\t\t<article id=\"post-28802\" class=\"et_pb_post clearfix et_pb_has_overlay et_pb_blog_item_0_48 post-28802 post type-post status-publish format-standard has-post-thumbnail hentry category-article-in-the-news category-in-the-news\">\n\n\t\t\t\t<div class=\"et_pb_image_container\"><a href=\"https:\/\/www.theyouthharbour.org\/fr\/in-the-news\/climate-activism-in-canada-a-spotlight-on-inspiring-youth-leaders-2\/\" class=\"entry-featured-image-url\"><img loading=\"lazy\" decoding=\"async\" src=\"https:\/\/i0.wp.com\/www.theyouthharbour.org\/wp-content\/uploads\/2023\/10\/unite-for-change-climate-activism-in-canada.jpg?resize=400%2C250&#038;ssl=1\" alt=\"Climate Activism in Canada: A Spotlight on Inspiring Youth Leaders\" class=\"\" srcset=\"https:\/\/i0.wp.com\/www.theyouthharbour.org\/wp-content\/uploads\/2023\/10\/unite-for-change-climate-activism-in-canada.jpg?fit=1296%2C646&ssl=1 479w, https:\/\/i0.wp.com\/www.theyouthharbour.org\/wp-content\/uploads\/2023\/10\/unite-for-change-climate-activism-in-canada.jpg?resize=400%2C250&ssl=1 480w \" sizes=\"(max-width:479px) 479px, 100vw \"  width=\"400\" height=\"250\" \/><span class=\"et_overlay et_pb_inline_icon\" data-icon=\"$\"><\/span><\/a><\/div>\n\t\t\t\t\t\t\t\t\t\t\t\t\t\t<h2 class=\"entry-title\">\n\t\t\t\t\t\t\t\t\t\t\t\t\t<a href=\"https:\/\/www.theyouthharbour.org\/fr\/in-the-news\/climate-activism-in-canada-a-spotlight-on-inspiring-youth-leaders-2\/\">Climate Activism in Canada: A Spotlight on Inspiring Youth Leaders<\/a>\n\t\t\t\t\t\t\t\t\t\t\t<\/h2>\n\t\t\t\t\n\t\t\t\t\t<p class=\"post-meta\"><a href=\"https:\/\/www.theyouthharbour.org\/fr\/category\/in-the-news\/article-in-the-news\/\" rel=\"tag\">Article<\/a>, <a href=\"https:\/\/www.theyouthharbour.org\/fr\/category\/in-the-news\/\" rel=\"tag\">Dans les grands titres<\/a><\/p><div class=\"post-content\"><div class=\"post-content-inner\"><\/div><\/div>\t\t\t\n\t\t\t<\/article>\n\t\t\t\t\n\t\t\t<article id=\"post-28564\" class=\"et_pb_post clearfix et_pb_has_overlay et_pb_blog_item_0_49 post-28564 post type-post status-publish format-standard has-post-thumbnail hentry category-our-updates\">\n\n\t\t\t\t<div class=\"et_pb_image_container\"><a href=\"https:\/\/www.theyouthharbour.org\/fr\/our-updates\/announcing-the-youth-harbour-cycle-3-grantees\/\" class=\"entry-featured-image-url\"><img loading=\"lazy\" decoding=\"async\" src=\"https:\/\/i0.wp.com\/www.theyouthharbour.org\/wp-content\/uploads\/2023\/02\/News-Resources-Image-Size-Template.jpg?resize=400%2C250&#038;ssl=1\" alt=\"Announcing The Youth Harbour Cycle 3 Grantees!\" class=\"\" srcset=\"https:\/\/i0.wp.com\/www.theyouthharbour.org\/wp-content\/uploads\/2023\/02\/News-Resources-Image-Size-Template.jpg?fit=600%2C400&ssl=1 479w, https:\/\/i0.wp.com\/www.theyouthharbour.org\/wp-content\/uploads\/2023\/02\/News-Resources-Image-Size-Template.jpg?resize=400%2C250&ssl=1 480w \" sizes=\"(max-width:479px) 479px, 100vw \"  width=\"400\" height=\"250\" \/><span class=\"et_overlay et_pb_inline_icon\" data-icon=\"$\"><\/span><\/a><\/div>\n\t\t\t\t\t\t\t\t\t\t\t\t\t\t<h2 class=\"entry-title\">\n\t\t\t\t\t\t\t\t\t\t\t\t\t<a href=\"https:\/\/www.theyouthharbour.org\/fr\/our-updates\/announcing-the-youth-harbour-cycle-3-grantees\/\">Voici Les Projets Soutenus Pour Le 3e Cycle Du Havre!<\/a>\n\t\t\t\t\t\t\t\t\t\t\t<\/h2>\n\t\t\t\t\n\t\t\t\t\t<p class=\"post-meta\"><a href=\"https:\/\/www.theyouthharbour.org\/fr\/category\/our-updates\/\" rel=\"tag\">Nos nouveautes<\/a><\/p><div class=\"post-content\"><div class=\"post-content-inner\"><\/div><\/div>\t\t\t\n\t\t\t<\/article>\n\t\t\t\t\n\t\t\t<article id=\"post-28813\" class=\"et_pb_post clearfix et_pb_has_overlay et_pb_blog_item_0_50 post-28813 post type-post status-publish format-standard has-post-thumbnail hentry category-in-the-news category-podcast-in-the-news\">\n\n\t\t\t\t<div class=\"et_pb_image_container\"><a href=\"https:\/\/www.theyouthharbour.org\/fr\/in-the-news\/a-conversation-with-kat-cadungog\/\" class=\"entry-featured-image-url\"><img loading=\"lazy\" decoding=\"async\" src=\"https:\/\/i0.wp.com\/www.theyouthharbour.org\/wp-content\/uploads\/2022\/12\/MicrosoftTeams-image-300x300-1.png?resize=300%2C192&#038;ssl=1\" alt=\"A Conversation with Kat Cadungog\" class=\"\" srcset=\"https:\/\/i0.wp.com\/www.theyouthharbour.org\/wp-content\/uploads\/2022\/12\/MicrosoftTeams-image-300x300-1.png?fit=300%2C192&ssl=1 479w, https:\/\/i0.wp.com\/www.theyouthharbour.org\/wp-content\/uploads\/2022\/12\/MicrosoftTeams-image-300x300-1.png?resize=300%2C192&ssl=1 480w \" sizes=\"(max-width:479px) 479px, 100vw \"  width=\"400\" height=\"250\" \/><span class=\"et_overlay et_pb_inline_icon\" data-icon=\"$\"><\/span><\/a><\/div>\n\t\t\t\t\t\t\t\t\t\t\t\t\t\t<h2 class=\"entry-title\">\n\t\t\t\t\t\t\t\t\t\t\t\t\t<a href=\"https:\/\/www.theyouthharbour.org\/fr\/in-the-news\/a-conversation-with-kat-cadungog\/\">A Conversation with Kat Cadungog<\/a>\n\t\t\t\t\t\t\t\t\t\t\t<\/h2>\n\t\t\t\t\n\t\t\t\t\t<p class=\"post-meta\"><a href=\"https:\/\/www.theyouthharbour.org\/fr\/category\/in-the-news\/\" rel=\"tag\">Dans les grands titres<\/a>, <a href=\"https:\/\/www.theyouthharbour.org\/fr\/category\/in-the-news\/podcast-in-the-news\/\" rel=\"tag\">Podcast<\/a><\/p><div class=\"post-content\"><div class=\"post-content-inner\"><\/div><\/div>\t\t\t\n\t\t\t<\/article>\n\t\t\t\t\n\t\t\t<article id=\"post-26951\" class=\"et_pb_post clearfix et_pb_has_overlay et_pb_blog_item_0_51 post-26951 post type-post status-publish format-standard has-post-thumbnail hentry category-article-in-the-news category-in-the-news\">\n\n\t\t\t\t<div class=\"et_pb_image_container\"><a href=\"https:\/\/www.theyouthharbour.org\/fr\/in-the-news\/canadas-top-30-under-30-sustainability-leaders-of-2022\/\" class=\"entry-featured-image-url\"><img loading=\"lazy\" decoding=\"async\" src=\"https:\/\/i0.wp.com\/www.theyouthharbour.org\/wp-content\/uploads\/2023\/08\/op_30_Under_30_Sustainability_Leaders.webp?resize=400%2C250&#038;ssl=1\" alt=\"Canada&#8217;s Top 30 Under 30 Sustainability Leaders of 2022\" class=\"\" srcset=\"https:\/\/i0.wp.com\/www.theyouthharbour.org\/wp-content\/uploads\/2023\/08\/op_30_Under_30_Sustainability_Leaders.webp?fit=800%2C800&ssl=1 479w, https:\/\/i0.wp.com\/www.theyouthharbour.org\/wp-content\/uploads\/2023\/08\/op_30_Under_30_Sustainability_Leaders.webp?resize=400%2C250&ssl=1 480w \" sizes=\"(max-width:479px) 479px, 100vw \"  width=\"400\" height=\"250\" \/><span class=\"et_overlay et_pb_inline_icon\" data-icon=\"$\"><\/span><\/a><\/div>\n\t\t\t\t\t\t\t\t\t\t\t\t\t\t<h2 class=\"entry-title\">\n\t\t\t\t\t\t\t\t\t\t\t\t\t<a href=\"https:\/\/www.theyouthharbour.org\/fr\/in-the-news\/canadas-top-30-under-30-sustainability-leaders-of-2022\/\">Les 30 meilleurs leaders de la durabilit\u00e9 de moins de 30 ans du Canada en 2022<\/a>\n\t\t\t\t\t\t\t\t\t\t\t<\/h2>\n\t\t\t\t\n\t\t\t\t\t<p class=\"post-meta\"><a href=\"https:\/\/www.theyouthharbour.org\/fr\/category\/in-the-news\/article-in-the-news\/\" rel=\"tag\">Article<\/a>, <a href=\"https:\/\/www.theyouthharbour.org\/fr\/category\/in-the-news\/\" rel=\"tag\">Dans les grands titres<\/a><\/p><div class=\"post-content\"><div class=\"post-content-inner\"><\/div><\/div>\t\t\t\n\t\t\t<\/article>\n\t\t\t\t\n\t\t\t<article id=\"post-28932\" class=\"et_pb_post clearfix et_pb_has_overlay et_pb_blog_item_0_52 post-28932 post type-post status-publish format-standard has-post-thumbnail hentry category-what-were-reading\">\n\n\t\t\t\t<div class=\"et_pb_image_container\"><a href=\"https:\/\/www.theyouthharbour.org\/fr\/what-were-reading\/peer-to-peer-community-engagement-guide\/\" class=\"entry-featured-image-url\"><img loading=\"lazy\" decoding=\"async\" src=\"https:\/\/i0.wp.com\/www.theyouthharbour.org\/wp-content\/uploads\/2022\/10\/News-Resources-Image-Size-Template-2.jpg?resize=400%2C250&#038;ssl=1\" alt=\"Peer-to-Peer Community Engagement Guide\" class=\"\" srcset=\"https:\/\/i0.wp.com\/www.theyouthharbour.org\/wp-content\/uploads\/2022\/10\/News-Resources-Image-Size-Template-2.jpg?fit=600%2C400&ssl=1 479w, https:\/\/i0.wp.com\/www.theyouthharbour.org\/wp-content\/uploads\/2022\/10\/News-Resources-Image-Size-Template-2.jpg?resize=400%2C250&ssl=1 480w \" sizes=\"(max-width:479px) 479px, 100vw \"  width=\"400\" height=\"250\" \/><span class=\"et_overlay et_pb_inline_icon\" data-icon=\"$\"><\/span><\/a><\/div>\n\t\t\t\t\t\t\t\t\t\t\t\t\t\t<h2 class=\"entry-title\">\n\t\t\t\t\t\t\t\t\t\t\t\t\t<a href=\"https:\/\/www.theyouthharbour.org\/fr\/what-were-reading\/peer-to-peer-community-engagement-guide\/\">Guide sur l\u2019engagement communautaire entre pairs<\/a>\n\t\t\t\t\t\t\t\t\t\t\t<\/h2>\n\t\t\t\t\n\t\t\t\t\t<p class=\"post-meta\"><a href=\"https:\/\/www.theyouthharbour.org\/fr\/category\/what-were-reading\/\" rel=\"tag\">Ce que nous lisons<\/a><\/p><div class=\"post-content\"><div class=\"post-content-inner\"><\/div><\/div>\t\t\t\n\t\t\t<\/article>\n\t\t\t\t\n\t\t\t<article id=\"post-26948\" class=\"et_pb_post clearfix et_pb_has_overlay et_pb_blog_item_0_53 post-26948 post type-post status-publish format-standard has-post-thumbnail hentry category-article-in-the-news category-in-the-news\">\n\n\t\t\t\t<div class=\"et_pb_image_container\"><a href=\"https:\/\/www.theyouthharbour.org\/fr\/in-the-news\/one-year-after-launch-of-the-canadian-philanthropy-commitment-on-climate-change-has-there-been-any-progress\/\" class=\"entry-featured-image-url\"><img loading=\"lazy\" decoding=\"async\" src=\"https:\/\/i0.wp.com\/www.theyouthharbour.org\/wp-content\/uploads\/2023\/08\/appolinary-kalashnikova-WYGhTLym344-unsplash.webp?resize=400%2C250&#038;ssl=1\" alt=\"One Year After Launch Of The Canadian Philanthropy Commitment On Climate Change, Has There Been Any Progress?\" class=\"\" srcset=\"https:\/\/i0.wp.com\/www.theyouthharbour.org\/wp-content\/uploads\/2023\/08\/appolinary-kalashnikova-WYGhTLym344-unsplash.webp?fit=1920%2C1280&ssl=1 479w, https:\/\/i0.wp.com\/www.theyouthharbour.org\/wp-content\/uploads\/2023\/08\/appolinary-kalashnikova-WYGhTLym344-unsplash.webp?resize=400%2C250&ssl=1 480w \" sizes=\"(max-width:479px) 479px, 100vw \"  width=\"400\" height=\"250\" \/><span class=\"et_overlay et_pb_inline_icon\" data-icon=\"$\"><\/span><\/a><\/div>\n\t\t\t\t\t\t\t\t\t\t\t\t\t\t<h2 class=\"entry-title\">\n\t\t\t\t\t\t\t\t\t\t\t\t\t<a href=\"https:\/\/www.theyouthharbour.org\/fr\/in-the-news\/one-year-after-launch-of-the-canadian-philanthropy-commitment-on-climate-change-has-there-been-any-progress\/\">Un an Apr\u00e8s Le Lancement De La D\u00e9claration D'engagement De La Philanthropie Canadienne Sur Le Changement Climatique, Y a-t-il Eu Des Progr\u00e8s ?<\/a>\n\t\t\t\t\t\t\t\t\t\t\t<\/h2>\n\t\t\t\t\n\t\t\t\t\t<p class=\"post-meta\"><a href=\"https:\/\/www.theyouthharbour.org\/fr\/category\/in-the-news\/article-in-the-news\/\" rel=\"tag\">Article<\/a>, <a href=\"https:\/\/www.theyouthharbour.org\/fr\/category\/in-the-news\/\" rel=\"tag\">Dans les grands titres<\/a><\/p><div class=\"post-content\"><div class=\"post-content-inner\"><\/div><\/div>\t\t\t\n\t\t\t<\/article>\n\t\t\t\t\n\t\t\t<article id=\"post-26945\" class=\"et_pb_post clearfix et_pb_has_overlay et_pb_blog_item_0_54 post-26945 post type-post status-publish format-standard has-post-thumbnail hentry category-what-were-reading\">\n\n\t\t\t\t<div class=\"et_pb_image_container\"><a href=\"https:\/\/www.theyouthharbour.org\/fr\/what-were-reading\/assessing-the-state-of-the-relationship-between-philanthropy-and-youth\/\" class=\"entry-featured-image-url\"><img loading=\"lazy\" decoding=\"async\" src=\"https:\/\/i0.wp.com\/www.theyouthharbour.org\/wp-content\/uploads\/2023\/08\/Philanthropy-and-youth-image.webp?resize=400%2C250&#038;ssl=1\" alt=\"Assessing the State of the Relationship Between Philanthropy and Youth\" class=\"\" srcset=\"https:\/\/i0.wp.com\/www.theyouthharbour.org\/wp-content\/uploads\/2023\/08\/Philanthropy-and-youth-image.webp?fit=866%2C578&ssl=1 479w, https:\/\/i0.wp.com\/www.theyouthharbour.org\/wp-content\/uploads\/2023\/08\/Philanthropy-and-youth-image.webp?resize=400%2C250&ssl=1 480w \" sizes=\"(max-width:479px) 479px, 100vw \"  width=\"400\" height=\"250\" \/><span class=\"et_overlay et_pb_inline_icon\" data-icon=\"$\"><\/span><\/a><\/div>\n\t\t\t\t\t\t\t\t\t\t\t\t\t\t<h2 class=\"entry-title\">\n\t\t\t\t\t\t\t\t\t\t\t\t\t<a href=\"https:\/\/www.theyouthharbour.org\/fr\/what-were-reading\/assessing-the-state-of-the-relationship-between-philanthropy-and-youth\/\">\u00c9valuation de l\u2019\u00e9tat de la relation entre la philanthropie et les jeunes<\/a>\n\t\t\t\t\t\t\t\t\t\t\t<\/h2>\n\t\t\t\t\n\t\t\t\t\t<p class=\"post-meta\"><a href=\"https:\/\/www.theyouthharbour.org\/fr\/category\/what-were-reading\/\" rel=\"tag\">Ce que nous lisons<\/a><\/p><div class=\"post-content\"><div class=\"post-content-inner\"><\/div><\/div>\t\t\t\n\t\t\t<\/article>\n\t\t\t\t\n\t\t\t<article id=\"post-26942\" class=\"et_pb_post clearfix et_pb_has_overlay et_pb_blog_item_0_55 post-26942 post type-post status-publish format-standard has-post-thumbnail hentry category-article-in-the-news category-in-the-news\">\n\n\t\t\t\t<div class=\"et_pb_image_container\"><a href=\"https:\/\/www.theyouthharbour.org\/fr\/in-the-news\/2022-young-impact-leaders-30-changemakers-to-watch-for\/\" class=\"entry-featured-image-url\"><img loading=\"lazy\" decoding=\"async\" src=\"https:\/\/i0.wp.com\/www.theyouthharbour.org\/wp-content\/uploads\/2023\/08\/Kat-Future-of-Good.webp?resize=400%2C250&#038;ssl=1\" alt=\"2022 Young Impact Leaders: 30 Changemakers To Watch For\" class=\"\" srcset=\"https:\/\/i0.wp.com\/www.theyouthharbour.org\/wp-content\/uploads\/2023\/08\/Kat-Future-of-Good.webp?fit=500%2C500&ssl=1 479w, https:\/\/i0.wp.com\/www.theyouthharbour.org\/wp-content\/uploads\/2023\/08\/Kat-Future-of-Good.webp?resize=400%2C250&ssl=1 480w \" sizes=\"(max-width:479px) 479px, 100vw \"  width=\"400\" height=\"250\" \/><span class=\"et_overlay et_pb_inline_icon\" data-icon=\"$\"><\/span><\/a><\/div>\n\t\t\t\t\t\t\t\t\t\t\t\t\t\t<h2 class=\"entry-title\">\n\t\t\t\t\t\t\t\t\t\t\t\t\t<a href=\"https:\/\/www.theyouthharbour.org\/fr\/in-the-news\/2022-young-impact-leaders-30-changemakers-to-watch-for\/\">Les jeunes leaders d'impact de 2022: 30 acteurs du changement \u00e0 surveiller<\/a>\n\t\t\t\t\t\t\t\t\t\t\t<\/h2>\n\t\t\t\t\n\t\t\t\t\t<p class=\"post-meta\"><a href=\"https:\/\/www.theyouthharbour.org\/fr\/category\/in-the-news\/article-in-the-news\/\" rel=\"tag\">Article<\/a>, <a href=\"https:\/\/www.theyouthharbour.org\/fr\/category\/in-the-news\/\" rel=\"tag\">Dans les grands titres<\/a><\/p><div class=\"post-content\"><div class=\"post-content-inner\"><\/div><\/div>\t\t\t\n\t\t\t<\/article>\n\t\t\t\t\n\t\t\t<article id=\"post-26939\" class=\"et_pb_post clearfix et_pb_has_overlay et_pb_blog_item_0_56 post-26939 post type-post status-publish format-standard has-post-thumbnail hentry category-article-in-the-news category-in-the-news\">\n\n\t\t\t\t<div class=\"et_pb_image_container\"><a href=\"https:\/\/www.theyouthharbour.org\/fr\/in-the-news\/youth-led-environmental-groups-are-scraping-for-morsels-to-find-funding\/\" class=\"entry-featured-image-url\"><img loading=\"lazy\" decoding=\"async\" src=\"https:\/\/i0.wp.com\/www.theyouthharbour.org\/wp-content\/uploads\/2023\/08\/young-people-protesting-for-environment-2021-12-09-16-13-04-utc-scaled-e1656358599670.webp?resize=400%2C250&#038;ssl=1\" alt=\"Youth-led Environmental Groups Are \u201cScraping For Morsels\u201d To Find Funding\" class=\"\" srcset=\"https:\/\/i0.wp.com\/www.theyouthharbour.org\/wp-content\/uploads\/2023\/08\/young-people-protesting-for-environment-2021-12-09-16-13-04-utc-scaled-e1656358599670.webp?fit=1500%2C1000&ssl=1 479w, https:\/\/i0.wp.com\/www.theyouthharbour.org\/wp-content\/uploads\/2023\/08\/young-people-protesting-for-environment-2021-12-09-16-13-04-utc-scaled-e1656358599670.webp?resize=400%2C250&ssl=1 480w \" sizes=\"(max-width:479px) 479px, 100vw \"  width=\"400\" height=\"250\" \/><span class=\"et_overlay et_pb_inline_icon\" data-icon=\"$\"><\/span><\/a><\/div>\n\t\t\t\t\t\t\t\t\t\t\t\t\t\t<h2 class=\"entry-title\">\n\t\t\t\t\t\t\t\t\t\t\t\t\t<a href=\"https:\/\/www.theyouthharbour.org\/fr\/in-the-news\/youth-led-environmental-groups-are-scraping-for-morsels-to-find-funding\/\">Youth-led Environmental Groups Are \u201cScraping For Morsels\u201d To Find Funding<\/a>\n\t\t\t\t\t\t\t\t\t\t\t<\/h2>\n\t\t\t\t\n\t\t\t\t\t<p class=\"post-meta\"><a href=\"https:\/\/www.theyouthharbour.org\/fr\/category\/in-the-news\/article-in-the-news\/\" rel=\"tag\">Article<\/a>, <a href=\"https:\/\/www.theyouthharbour.org\/fr\/category\/in-the-news\/\" rel=\"tag\">Dans les grands titres<\/a><\/p><div class=\"post-content\"><div class=\"post-content-inner\"><\/div><\/div>\t\t\t\n\t\t\t<\/article>\n\t\t\t\t\n\t\t\t<article id=\"post-26936\" class=\"et_pb_post clearfix et_pb_has_overlay et_pb_blog_item_0_57 post-26936 post type-post status-publish format-standard has-post-thumbnail hentry category-what-were-reading\">\n\n\t\t\t\t<div class=\"et_pb_image_container\"><a href=\"https:\/\/www.theyouthharbour.org\/fr\/what-were-reading\/making-the-case-for-arts-based-engagement\/\" class=\"entry-featured-image-url\"><img loading=\"lazy\" decoding=\"async\" src=\"https:\/\/i0.wp.com\/www.theyouthharbour.org\/wp-content\/uploads\/2023\/08\/Tamarack-Institute.webp?resize=400%2C250&#038;ssl=1\" alt=\"Making the Case for Arts-Based Engagement\" class=\"\" srcset=\"https:\/\/i0.wp.com\/www.theyouthharbour.org\/wp-content\/uploads\/2023\/08\/Tamarack-Institute.webp?fit=699%2C491&ssl=1 479w, https:\/\/i0.wp.com\/www.theyouthharbour.org\/wp-content\/uploads\/2023\/08\/Tamarack-Institute.webp?resize=400%2C250&ssl=1 480w \" sizes=\"(max-width:479px) 479px, 100vw \"  width=\"400\" height=\"250\" \/><span class=\"et_overlay et_pb_inline_icon\" data-icon=\"$\"><\/span><\/a><\/div>\n\t\t\t\t\t\t\t\t\t\t\t\t\t\t<h2 class=\"entry-title\">\n\t\t\t\t\t\t\t\t\t\t\t\t\t<a href=\"https:\/\/www.theyouthharbour.org\/fr\/what-were-reading\/making-the-case-for-arts-based-engagement\/\">Argumenter en faveur de l\u2019engagement artistique<\/a>\n\t\t\t\t\t\t\t\t\t\t\t<\/h2>\n\t\t\t\t\n\t\t\t\t\t<p class=\"post-meta\"><a href=\"https:\/\/www.theyouthharbour.org\/fr\/category\/what-were-reading\/\" rel=\"tag\">Ce que nous lisons<\/a><\/p><div class=\"post-content\"><div class=\"post-content-inner\"><\/div><\/div>\t\t\t\n\t\t\t<\/article>\n\t\t\t\t\n\t\t\t<article id=\"post-26932\" class=\"et_pb_post clearfix et_pb_has_overlay et_pb_blog_item_0_58 post-26932 post type-post status-publish format-standard has-post-thumbnail hentry category-our-updates\">\n\n\t\t\t\t<div class=\"et_pb_image_container\"><a href=\"https:\/\/www.theyouthharbour.org\/fr\/our-updates\/announcing-the-youth-harbour-cycle-2-grantees\/\" class=\"entry-featured-image-url\"><img loading=\"lazy\" decoding=\"async\" src=\"https:\/\/i0.wp.com\/www.theyouthharbour.org\/wp-content\/uploads\/2023\/08\/ehimetalor-akhere-unuabona-L5q05MN2hR4-unsplash-scaled.webp?resize=400%2C250&#038;ssl=1\" alt=\"Announcing the Youth Harbour Cycle 2 Grantees!\" class=\"\" srcset=\"https:\/\/i0.wp.com\/www.theyouthharbour.org\/wp-content\/uploads\/2023\/08\/ehimetalor-akhere-unuabona-L5q05MN2hR4-unsplash-scaled.webp?fit=2560%2C1707&ssl=1 479w, https:\/\/i0.wp.com\/www.theyouthharbour.org\/wp-content\/uploads\/2023\/08\/ehimetalor-akhere-unuabona-L5q05MN2hR4-unsplash-scaled.webp?resize=400%2C250&ssl=1 480w \" sizes=\"(max-width:479px) 479px, 100vw \"  width=\"400\" height=\"250\" \/><span class=\"et_overlay et_pb_inline_icon\" data-icon=\"$\"><\/span><\/a><\/div>\n\t\t\t\t\t\t\t\t\t\t\t\t\t\t<h2 class=\"entry-title\">\n\t\t\t\t\t\t\t\t\t\t\t\t\t<a href=\"https:\/\/www.theyouthharbour.org\/fr\/our-updates\/announcing-the-youth-harbour-cycle-2-grantees\/\">Voici les projets soutenus pour le 2e cycle du havre!<\/a>\n\t\t\t\t\t\t\t\t\t\t\t<\/h2>\n\t\t\t\t\n\t\t\t\t\t<p class=\"post-meta\"><a href=\"https:\/\/www.theyouthharbour.org\/fr\/category\/our-updates\/\" rel=\"tag\">Nos nouveautes<\/a><\/p><div class=\"post-content\"><div class=\"post-content-inner\"><\/div><\/div>\t\t\t\n\t\t\t<\/article>\n\t\t\t\t\n\t\t\t<article id=\"post-26927\" class=\"et_pb_post clearfix et_pb_has_overlay et_pb_blog_item_0_59 post-26927 post type-post status-publish format-standard has-post-thumbnail hentry category-what-were-reading\">\n\n\t\t\t\t<div class=\"et_pb_image_container\"><a href=\"https:\/\/www.theyouthharbour.org\/fr\/what-were-reading\/beyond-2-from-climate-philanthropy-to-climate-justice-philanthropy\/\" class=\"entry-featured-image-url\"><img loading=\"lazy\" decoding=\"async\" src=\"https:\/\/i0.wp.com\/www.theyouthharbour.org\/wp-content\/uploads\/2023\/08\/Edge-Funder.webp?resize=400%2C250&#038;ssl=1\" alt=\"Beyond 2% From Climate Philanthropy to Climate Justice Philanthropy\" class=\"\" srcset=\"https:\/\/i0.wp.com\/www.theyouthharbour.org\/wp-content\/uploads\/2023\/08\/Edge-Funder.webp?fit=699%2C543&ssl=1 479w, https:\/\/i0.wp.com\/www.theyouthharbour.org\/wp-content\/uploads\/2023\/08\/Edge-Funder.webp?resize=400%2C250&ssl=1 480w \" sizes=\"(max-width:479px) 479px, 100vw \"  width=\"400\" height=\"250\" \/><span class=\"et_overlay et_pb_inline_icon\" data-icon=\"$\"><\/span><\/a><\/div>\n\t\t\t\t\t\t\t\t\t\t\t\t\t\t<h2 class=\"entry-title\">\n\t\t\t\t\t\t\t\t\t\t\t\t\t<a href=\"https:\/\/www.theyouthharbour.org\/fr\/what-were-reading\/beyond-2-from-climate-philanthropy-to-climate-justice-philanthropy\/\">Au d\u00e9la de 2% de la philanthropie climatique \u00e0 la philanthropie pour la justice climatique<\/a>\n\t\t\t\t\t\t\t\t\t\t\t<\/h2>\n\t\t\t\t\n\t\t\t\t\t<p class=\"post-meta\"><a href=\"https:\/\/www.theyouthharbour.org\/fr\/category\/what-were-reading\/\" rel=\"tag\">Ce que nous lisons<\/a><\/p><div class=\"post-content\"><div class=\"post-content-inner\"><\/div><\/div>\t\t\t\n\t\t\t<\/article>\n\t\t\t\t\n\t\t\t<article id=\"post-26923\" class=\"et_pb_post clearfix et_pb_has_overlay et_pb_blog_item_0_60 post-26923 post type-post status-publish format-standard has-post-thumbnail hentry category-what-were-reading\">\n\n\t\t\t\t<div class=\"et_pb_image_container\"><a href=\"https:\/\/www.theyouthharbour.org\/fr\/what-were-reading\/democracy-is-dying-philanthropy-needs-to-stop-its-toxic-intellectualizing\/\" class=\"entry-featured-image-url\"><img loading=\"lazy\" decoding=\"async\" src=\"https:\/\/i0.wp.com\/www.theyouthharbour.org\/wp-content\/uploads\/2023\/08\/photo-1619059617660-d42ec4abe29aunsplash.webp?resize=400%2C250&#038;ssl=1\" alt=\"Democracy is Dying. Philanthropy Needs to Stop Its Toxic Intellectualizing.\" class=\"\" srcset=\"https:\/\/i0.wp.com\/www.theyouthharbour.org\/wp-content\/uploads\/2023\/08\/photo-1619059617660-d42ec4abe29aunsplash.webp?fit=580%2C580&ssl=1 479w, https:\/\/i0.wp.com\/www.theyouthharbour.org\/wp-content\/uploads\/2023\/08\/photo-1619059617660-d42ec4abe29aunsplash.webp?resize=400%2C250&ssl=1 480w \" sizes=\"(max-width:479px) 479px, 100vw \"  width=\"400\" height=\"250\" \/><span class=\"et_overlay et_pb_inline_icon\" data-icon=\"$\"><\/span><\/a><\/div>\n\t\t\t\t\t\t\t\t\t\t\t\t\t\t<h2 class=\"entry-title\">\n\t\t\t\t\t\t\t\t\t\t\t\t\t<a href=\"https:\/\/www.theyouthharbour.org\/fr\/what-were-reading\/democracy-is-dying-philanthropy-needs-to-stop-its-toxic-intellectualizing\/\">La d\u00e9mocratie se meurt. La philanthropie doit cesser son intellectualisation toxique.<\/a>\n\t\t\t\t\t\t\t\t\t\t\t<\/h2>\n\t\t\t\t\n\t\t\t\t\t<p class=\"post-meta\"><a href=\"https:\/\/www.theyouthharbour.org\/fr\/category\/what-were-reading\/\" rel=\"tag\">Ce que nous lisons<\/a><\/p><div class=\"post-content\"><div class=\"post-content-inner\"><\/div><\/div>\t\t\t\n\t\t\t<\/article>\n\t\t\t\t\n\t\t\t<article id=\"post-26777\" class=\"et_pb_post clearfix et_pb_has_overlay et_pb_blog_item_0_61 post-26777 post type-post status-publish format-standard has-post-thumbnail hentry category-our-updates\">\n\n\t\t\t\t<div class=\"et_pb_image_container\"><a href=\"https:\/\/www.theyouthharbour.org\/fr\/our-updates\/announcing-our-first-funding-selection\/\" class=\"entry-featured-image-url\"><img loading=\"lazy\" decoding=\"async\" src=\"https:\/\/i0.wp.com\/www.theyouthharbour.org\/wp-content\/uploads\/2023\/08\/Harbour_Web_Banner_Images.webp?resize=400%2C250&#038;ssl=1\" alt=\"Announcing Our First Funding Selection!\" class=\"\" srcset=\"https:\/\/i0.wp.com\/www.theyouthharbour.org\/wp-content\/uploads\/2023\/08\/Harbour_Web_Banner_Images.webp?fit=1920%2C1276&ssl=1 479w, https:\/\/i0.wp.com\/www.theyouthharbour.org\/wp-content\/uploads\/2023\/08\/Harbour_Web_Banner_Images.webp?resize=400%2C250&ssl=1 480w \" sizes=\"(max-width:479px) 479px, 100vw \"  width=\"400\" height=\"250\" \/><span class=\"et_overlay et_pb_inline_icon\" data-icon=\"$\"><\/span><\/a><\/div>\n\t\t\t\t\t\t\t\t\t\t\t\t\t\t<h2 class=\"entry-title\">\n\t\t\t\t\t\t\t\t\t\t\t\t\t<a href=\"https:\/\/www.theyouthharbour.org\/fr\/our-updates\/announcing-our-first-funding-selection\/\">Le havre annonce ses premiers projets soutenus!<\/a>\n\t\t\t\t\t\t\t\t\t\t\t<\/h2>\n\t\t\t\t\n\t\t\t\t\t<p class=\"post-meta\"><a href=\"https:\/\/www.theyouthharbour.org\/fr\/category\/our-updates\/\" rel=\"tag\">Nos nouveautes<\/a><\/p><div class=\"post-content\"><div class=\"post-content-inner\"><\/div><\/div>\t\t\t\n\t\t\t<\/article>\n\t\t\t\t\n\t\t\t<article id=\"post-26774\" class=\"et_pb_post clearfix et_pb_has_overlay et_pb_blog_item_0_62 post-26774 post type-post status-publish format-standard has-post-thumbnail hentry category-what-were-reading\">\n\n\t\t\t\t<div class=\"et_pb_image_container\"><a href=\"https:\/\/www.theyouthharbour.org\/fr\/what-were-reading\/rethinking-philanthropy-emerging-paradigms-of-social-justice\/\" class=\"entry-featured-image-url\"><img loading=\"lazy\" decoding=\"async\" src=\"https:\/\/i0.wp.com\/www.theyouthharbour.org\/wp-content\/uploads\/2023\/08\/Spiral_Grey_taller.webp?resize=400%2C250&#038;ssl=1\" alt=\"Rethinking Philanthropy: Emerging Paradigms of Social Justice\" class=\"\" srcset=\"https:\/\/i0.wp.com\/www.theyouthharbour.org\/wp-content\/uploads\/2023\/08\/Spiral_Grey_taller.webp?fit=1560%2C1013&ssl=1 479w, https:\/\/i0.wp.com\/www.theyouthharbour.org\/wp-content\/uploads\/2023\/08\/Spiral_Grey_taller.webp?resize=400%2C250&ssl=1 480w \" sizes=\"(max-width:479px) 479px, 100vw \"  width=\"400\" height=\"250\" \/><span class=\"et_overlay et_pb_inline_icon\" data-icon=\"$\"><\/span><\/a><\/div>\n\t\t\t\t\t\t\t\t\t\t\t\t\t\t<h2 class=\"entry-title\">\n\t\t\t\t\t\t\t\t\t\t\t\t\t<a href=\"https:\/\/www.theyouthharbour.org\/fr\/what-were-reading\/rethinking-philanthropy-emerging-paradigms-of-social-justice\/\">Repenser la philanthropie : paradigmes \u00e9mergents de la justice sociale<\/a>\n\t\t\t\t\t\t\t\t\t\t\t<\/h2>\n\t\t\t\t\n\t\t\t\t\t<p class=\"post-meta\"><a href=\"https:\/\/www.theyouthharbour.org\/fr\/category\/what-were-reading\/\" rel=\"tag\">Ce que nous lisons<\/a><\/p><div class=\"post-content\"><div class=\"post-content-inner\"><\/div><\/div>\t\t\t\n\t\t\t<\/article>\n\t\t\t\t\n\t\t\t<article id=\"post-26768\" class=\"et_pb_post clearfix et_pb_has_overlay et_pb_blog_item_0_63 post-26768 post type-post status-publish format-standard has-post-thumbnail hentry category-what-were-reading\">\n\n\t\t\t\t<div class=\"et_pb_image_container\"><a href=\"https:\/\/www.theyouthharbour.org\/fr\/what-were-reading\/what-the-left-can-learn-from-the-freedom-convoy\/\" class=\"entry-featured-image-url\"><img loading=\"lazy\" decoding=\"async\" src=\"https:\/\/i0.wp.com\/www.theyouthharbour.org\/wp-content\/uploads\/2023\/08\/TruckCover.webp?resize=400%2C250&#038;ssl=1\" alt=\"What the Left Can Learn From the \u201cFreedom Convoy&#8221;\" class=\"\" srcset=\"https:\/\/i0.wp.com\/www.theyouthharbour.org\/wp-content\/uploads\/2023\/08\/TruckCover.webp?fit=1436%2C957&ssl=1 479w, https:\/\/i0.wp.com\/www.theyouthharbour.org\/wp-content\/uploads\/2023\/08\/TruckCover.webp?resize=400%2C250&ssl=1 480w \" sizes=\"(max-width:479px) 479px, 100vw \"  width=\"400\" height=\"250\" \/><span class=\"et_overlay et_pb_inline_icon\" data-icon=\"$\"><\/span><\/a><\/div>\n\t\t\t\t\t\t\t\t\t\t\t\t\t\t<h2 class=\"entry-title\">\n\t\t\t\t\t\t\t\t\t\t\t\t\t<a href=\"https:\/\/www.theyouthharbour.org\/fr\/what-were-reading\/what-the-left-can-learn-from-the-freedom-convoy\/\">Ce que la gauche peut apprendre du \u00ab convoi de la libert\u00e9 \u00bb<\/a>\n\t\t\t\t\t\t\t\t\t\t\t<\/h2>\n\t\t\t\t\n\t\t\t\t\t<p class=\"post-meta\"><a href=\"https:\/\/www.theyouthharbour.org\/fr\/category\/what-were-reading\/\" rel=\"tag\">Ce que nous lisons<\/a><\/p><div class=\"post-content\"><div class=\"post-content-inner\"><\/div><\/div>\t\t\t\n\t\t\t<\/article>\n\t\t\t\t\n\t\t\t<article id=\"post-26765\" class=\"et_pb_post clearfix et_pb_has_overlay et_pb_blog_item_0_64 post-26765 post type-post status-publish format-standard has-post-thumbnail hentry category-what-were-reading\">\n\n\t\t\t\t<div class=\"et_pb_image_container\"><a href=\"https:\/\/www.theyouthharbour.org\/fr\/what-were-reading\/housing-wealth-generational-inequity\/\" class=\"entry-featured-image-url\"><img loading=\"lazy\" decoding=\"async\" src=\"https:\/\/i0.wp.com\/www.theyouthharbour.org\/wp-content\/uploads\/2023\/08\/The_Harbour_Web_News_Images.webp?resize=400%2C250&#038;ssl=1\" alt=\"Housing Wealth &amp; Generational Inequity\" class=\"\" srcset=\"https:\/\/i0.wp.com\/www.theyouthharbour.org\/wp-content\/uploads\/2023\/08\/The_Harbour_Web_News_Images.webp?fit=1080%2C1080&ssl=1 479w, https:\/\/i0.wp.com\/www.theyouthharbour.org\/wp-content\/uploads\/2023\/08\/The_Harbour_Web_News_Images.webp?resize=400%2C250&ssl=1 480w \" sizes=\"(max-width:479px) 479px, 100vw \"  width=\"400\" height=\"250\" \/><span class=\"et_overlay et_pb_inline_icon\" data-icon=\"$\"><\/span><\/a><\/div>\n\t\t\t\t\t\t\t\t\t\t\t\t\t\t<h2 class=\"entry-title\">\n\t\t\t\t\t\t\t\t\t\t\t\t\t<a href=\"https:\/\/www.theyouthharbour.org\/fr\/what-were-reading\/housing-wealth-generational-inequity\/\">Patrimoine immobilier et in\u00e9galit\u00e9 interg\u00e9n\u00e9rationnelle<\/a>\n\t\t\t\t\t\t\t\t\t\t\t<\/h2>\n\t\t\t\t\n\t\t\t\t\t<p class=\"post-meta\"><a href=\"https:\/\/www.theyouthharbour.org\/fr\/category\/what-were-reading\/\" rel=\"tag\">Ce que nous lisons<\/a><\/p><div class=\"post-content\"><div class=\"post-content-inner\"><\/div><\/div>\t\t\t\n\t\t\t<\/article>\n\t\t\t\t\n\t\t\t<article id=\"post-26754\" class=\"et_pb_post clearfix et_pb_has_overlay et_pb_blog_item_0_65 post-26754 post type-post status-publish format-standard has-post-thumbnail hentry category-what-were-reading\">\n\n\t\t\t\t<div class=\"et_pb_image_container\"><a href=\"https:\/\/www.theyouthharbour.org\/fr\/what-were-reading\/the-next-phase-of-youth-climate-action-in-canada\/\" class=\"entry-featured-image-url\"><img loading=\"lazy\" decoding=\"async\" src=\"https:\/\/i0.wp.com\/www.theyouthharbour.org\/wp-content\/uploads\/2023\/08\/The-Next-Phase.webp?resize=400%2C250&#038;ssl=1\" alt=\"The Next Phase of Youth Climate Action in Canada\" class=\"\" srcset=\"https:\/\/i0.wp.com\/www.theyouthharbour.org\/wp-content\/uploads\/2023\/08\/The-Next-Phase.webp?fit=1920%2C1276&ssl=1 479w, https:\/\/i0.wp.com\/www.theyouthharbour.org\/wp-content\/uploads\/2023\/08\/The-Next-Phase.webp?resize=400%2C250&ssl=1 480w \" sizes=\"(max-width:479px) 479px, 100vw \"  width=\"400\" height=\"250\" \/><span class=\"et_overlay et_pb_inline_icon\" data-icon=\"$\"><\/span><\/a><\/div>\n\t\t\t\t\t\t\t\t\t\t\t\t\t\t<h2 class=\"entry-title\">\n\t\t\t\t\t\t\t\t\t\t\t\t\t<a href=\"https:\/\/www.theyouthharbour.org\/fr\/what-were-reading\/the-next-phase-of-youth-climate-action-in-canada\/\">La prochaine \u00e9tape de l'action climatique jeunesse au canada<\/a>\n\t\t\t\t\t\t\t\t\t\t\t<\/h2>\n\t\t\t\t\n\t\t\t\t\t<p class=\"post-meta\"><a href=\"https:\/\/www.theyouthharbour.org\/fr\/category\/what-were-reading\/\" rel=\"tag\">Ce que nous lisons<\/a><\/p><div class=\"post-content\"><div class=\"post-content-inner\"><\/div><\/div>\t\t\t\n\t\t\t<\/article>\n\t\t\t\t\n\t\t\t<article id=\"post-28796\" class=\"et_pb_post clearfix et_pb_has_overlay et_pb_blog_item_0_66 post-28796 post type-post status-publish format-standard has-post-thumbnail hentry category-article-in-the-news category-in-the-news\">\n\n\t\t\t\t<div class=\"et_pb_image_container\"><a href=\"https:\/\/www.theyouthharbour.org\/fr\/in-the-news\/youth-led-climate-projects-are-chronically-underfunded-undersupported-under-resourced-underestimated-says-this-climate-fund-executive-director\/\" class=\"entry-featured-image-url\"><img loading=\"lazy\" decoding=\"async\" src=\"https:\/\/i0.wp.com\/www.theyouthharbour.org\/wp-content\/uploads\/2023\/10\/kat.jpg?resize=400%2C250&#038;ssl=1\" alt=\"Youth-led Climate Projects Are&#8230;\" class=\"\" srcset=\"https:\/\/i0.wp.com\/www.theyouthharbour.org\/wp-content\/uploads\/2023\/10\/kat.jpg?fit=1200%2C675&ssl=1 479w, https:\/\/i0.wp.com\/www.theyouthharbour.org\/wp-content\/uploads\/2023\/10\/kat.jpg?resize=400%2C250&ssl=1 480w \" sizes=\"(max-width:479px) 479px, 100vw \"  width=\"400\" height=\"250\" \/><span class=\"et_overlay et_pb_inline_icon\" data-icon=\"$\"><\/span><\/a><\/div>\n\t\t\t\t\t\t\t\t\t\t\t\t\t\t<h2 class=\"entry-title\">\n\t\t\t\t\t\t\t\t\t\t\t\t\t<a href=\"https:\/\/www.theyouthharbour.org\/fr\/in-the-news\/youth-led-climate-projects-are-chronically-underfunded-undersupported-under-resourced-underestimated-says-this-climate-fund-executive-director\/\">Youth-led Climate Projects Are&#8230;<\/a>\n\t\t\t\t\t\t\t\t\t\t\t<\/h2>\n\t\t\t\t\n\t\t\t\t\t<p class=\"post-meta\"><a href=\"https:\/\/www.theyouthharbour.org\/fr\/category\/in-the-news\/article-in-the-news\/\" rel=\"tag\">Article<\/a>, <a href=\"https:\/\/www.theyouthharbour.org\/fr\/category\/in-the-news\/\" rel=\"tag\">Dans les grands titres<\/a><\/p><div class=\"post-content\"><div class=\"post-content-inner\"><\/div><\/div>\t\t\t\n\t\t\t<\/article>\n\t\t\t\t<\/div><div><div class=\"pagination clearfix\">\n\t<div class=\"alignleft\"><\/div>\n\t<div class=\"alignright\"><\/div>\n<\/div><\/div><\/div>\n\t\t\t\t\t<\/div>\n\t\t\t\t\t \n\t\t\t\t<\/div>\n\t\t\t<\/div>\n\t\t\t\t\n\t\t\t\t\n\t\t\t\t\n\t\t\t\t\n\t\t\t<\/div>\n\t\t\t\t\n\t\t\t\t\n\t\t\t<\/div><\/p>","protected":false},"excerpt":{"rendered":"","protected":false},"author":1,"featured_media":28497,"parent":0,"menu_order":0,"comment_status":"closed","ping_status":"closed","template":"","meta":{"_acf_changed":false,"nf_dc_page":"","_et_pb_use_builder":"on","_et_pb_old_content":"","_et_gb_content_width":"","footnotes":""},"class_list":["post-140","page","type-page","status-publish","has-post-thumbnail","hentry"],"acf":[],"yoast_head":"<!-- This site is optimized with the Yoast SEO plugin v28.4 - https:\/\/yoast.com\/product\/yoast-seo-wordpress\/ -->\n<title>What&#039;s New - The Youth Harbour<\/title>\n<meta name=\"description\" content=\"Updates about what our team, grantees, and organization has been up to!\" \/>\n<meta name=\"robots\" content=\"index, follow, max-snippet:-1, max-image-preview:large, max-video-preview:-1\" \/>\n<link rel=\"canonical\" href=\"https:\/\/www.theyouthharbour.org\/fr\/whats-new\/\" \/>\n<meta property=\"og:locale\" content=\"fr_CA\" \/>\n<meta property=\"og:type\" content=\"article\" \/>\n<meta property=\"og:title\" content=\"What&#039;s New - The Youth Harbour\" \/>\n<meta property=\"og:description\" content=\"Updates about what our team, grantees, and organization has been up to!\" \/>\n<meta property=\"og:url\" content=\"https:\/\/www.theyouthharbour.org\/fr\/whats-new\/\" \/>\n<meta property=\"og:site_name\" content=\"The Youth Harbour\" \/>\n<meta property=\"article:modified_time\" content=\"2024-08-09T16:30:40+00:00\" \/>\n<meta property=\"og:image\" content=\"https:\/\/i0.wp.com\/www.theyouthharbour.org\/wp-content\/uploads\/2023\/09\/Screenshot-2023-09-12-at-5.02.14-PM.png?fit=1428%2C438&ssl=1\" \/>\n\t<meta property=\"og:image:width\" content=\"1428\" \/>\n\t<meta property=\"og:image:height\" content=\"438\" \/>\n\t<meta property=\"og:image:type\" content=\"image\/png\" \/>\n<meta name=\"twitter:card\" content=\"summary_large_image\" \/>\n<meta name=\"twitter:label1\" content=\"Estimation du temps de lecture\" \/>\n\t<meta name=\"twitter:data1\" content=\"2 minutes\" \/>\n<script type=\"application\/ld+json\" class=\"yoast-schema-graph\">{\"@context\":\"https:\\\/\\\/schema.org\",\"@graph\":[{\"@type\":\"WebPage\",\"@id\":\"https:\\\/\\\/www.theyouthharbour.org\\\/whats-new\\\/\",\"url\":\"https:\\\/\\\/www.theyouthharbour.org\\\/whats-new\\\/\",\"name\":\"What's New - The Youth Harbour\",\"isPartOf\":{\"@id\":\"https:\\\/\\\/www.theyouthharbour.org\\\/#website\"},\"primaryImageOfPage\":{\"@id\":\"https:\\\/\\\/www.theyouthharbour.org\\\/whats-new\\\/#primaryimage\"},\"image\":{\"@id\":\"https:\\\/\\\/www.theyouthharbour.org\\\/whats-new\\\/#primaryimage\"},\"thumbnailUrl\":\"https:\\\/\\\/i0.wp.com\\\/www.theyouthharbour.org\\\/wp-content\\\/uploads\\\/2023\\\/09\\\/Screenshot-2023-09-12-at-5.02.14-PM.png?fit=1428%2C438&ssl=1\",\"datePublished\":\"2023-02-10T21:01:00+00:00\",\"dateModified\":\"2024-08-09T16:30:40+00:00\",\"description\":\"Updates about what our team, grantees, and organization has been up to!\",\"breadcrumb\":{\"@id\":\"https:\\\/\\\/www.theyouthharbour.org\\\/whats-new\\\/#breadcrumb\"},\"inLanguage\":\"fr-CA\",\"potentialAction\":[{\"@type\":\"ReadAction\",\"target\":[\"https:\\\/\\\/www.theyouthharbour.org\\\/whats-new\\\/\"]}]},{\"@type\":\"ImageObject\",\"inLanguage\":\"fr-CA\",\"@id\":\"https:\\\/\\\/www.theyouthharbour.org\\\/whats-new\\\/#primaryimage\",\"url\":\"https:\\\/\\\/i0.wp.com\\\/www.theyouthharbour.org\\\/wp-content\\\/uploads\\\/2023\\\/09\\\/Screenshot-2023-09-12-at-5.02.14-PM.png?fit=1428%2C438&ssl=1\",\"contentUrl\":\"https:\\\/\\\/i0.wp.com\\\/www.theyouthharbour.org\\\/wp-content\\\/uploads\\\/2023\\\/09\\\/Screenshot-2023-09-12-at-5.02.14-PM.png?fit=1428%2C438&ssl=1\",\"width\":1428,\"height\":438},{\"@type\":\"BreadcrumbList\",\"@id\":\"https:\\\/\\\/www.theyouthharbour.org\\\/whats-new\\\/#breadcrumb\",\"itemListElement\":[{\"@type\":\"ListItem\",\"position\":1,\"name\":\"Home\",\"item\":\"https:\\\/\\\/www.theyouthharbour.org\\\/\"},{\"@type\":\"ListItem\",\"position\":2,\"name\":\"What&#8217;s New\"}]},{\"@type\":\"WebSite\",\"@id\":\"https:\\\/\\\/www.theyouthharbour.org\\\/#website\",\"url\":\"https:\\\/\\\/www.theyouthharbour.org\\\/\",\"name\":\"The Youth Harbour\",\"description\":\"Youth-for-youth climate support system.\",\"potentialAction\":[{\"@type\":\"SearchAction\",\"target\":{\"@type\":\"EntryPoint\",\"urlTemplate\":\"https:\\\/\\\/www.theyouthharbour.org\\\/?s={search_term_string}\"},\"query-input\":{\"@type\":\"PropertyValueSpecification\",\"valueRequired\":true,\"valueName\":\"search_term_string\"}}],\"inLanguage\":\"fr-CA\"}]}<\/script>\n<!-- \/ Yoast SEO plugin. -->","yoast_head_json":{"title":"What's New - The Youth Harbour","description":"Updates about what our team, grantees, and organization has been up to!","robots":{"index":"index","follow":"follow","max-snippet":"max-snippet:-1","max-image-preview":"max-image-preview:large","max-video-preview":"max-video-preview:-1"},"canonical":"https:\/\/www.theyouthharbour.org\/fr\/whats-new\/","og_locale":"fr_CA","og_type":"article","og_title":"What's New - The Youth Harbour","og_description":"Updates about what our team, grantees, and organization has been up to!","og_url":"https:\/\/www.theyouthharbour.org\/fr\/whats-new\/","og_site_name":"The Youth Harbour","article_modified_time":"2024-08-09T16:30:40+00:00","og_image":[{"width":1428,"height":438,"url":"https:\/\/i0.wp.com\/www.theyouthharbour.org\/wp-content\/uploads\/2023\/09\/Screenshot-2023-09-12-at-5.02.14-PM.png?fit=1428%2C438&ssl=1","type":"image\/png"}],"twitter_card":"summary_large_image","twitter_misc":{"Estimation du temps de lecture":"2 minutes"},"schema":{"@context":"https:\/\/schema.org","@graph":[{"@type":"WebPage","@id":"https:\/\/www.theyouthharbour.org\/whats-new\/","url":"https:\/\/www.theyouthharbour.org\/whats-new\/","name":"What's New - The Youth Harbour","isPartOf":{"@id":"https:\/\/www.theyouthharbour.org\/#website"},"primaryImageOfPage":{"@id":"https:\/\/www.theyouthharbour.org\/whats-new\/#primaryimage"},"image":{"@id":"https:\/\/www.theyouthharbour.org\/whats-new\/#primaryimage"},"thumbnailUrl":"https:\/\/i0.wp.com\/www.theyouthharbour.org\/wp-content\/uploads\/2023\/09\/Screenshot-2023-09-12-at-5.02.14-PM.png?fit=1428%2C438&ssl=1","datePublished":"2023-02-10T21:01:00+00:00","dateModified":"2024-08-09T16:30:40+00:00","description":"Updates about what our team, grantees, and organization has been up to!","breadcrumb":{"@id":"https:\/\/www.theyouthharbour.org\/whats-new\/#breadcrumb"},"inLanguage":"fr-CA","potentialAction":[{"@type":"ReadAction","target":["https:\/\/www.theyouthharbour.org\/whats-new\/"]}]},{"@type":"ImageObject","inLanguage":"fr-CA","@id":"https:\/\/www.theyouthharbour.org\/whats-new\/#primaryimage","url":"https:\/\/i0.wp.com\/www.theyouthharbour.org\/wp-content\/uploads\/2023\/09\/Screenshot-2023-09-12-at-5.02.14-PM.png?fit=1428%2C438&ssl=1","contentUrl":"https:\/\/i0.wp.com\/www.theyouthharbour.org\/wp-content\/uploads\/2023\/09\/Screenshot-2023-09-12-at-5.02.14-PM.png?fit=1428%2C438&ssl=1","width":1428,"height":438},{"@type":"BreadcrumbList","@id":"https:\/\/www.theyouthharbour.org\/whats-new\/#breadcrumb","itemListElement":[{"@type":"ListItem","position":1,"name":"Home","item":"https:\/\/www.theyouthharbour.org\/"},{"@type":"ListItem","position":2,"name":"What&#8217;s New"}]},{"@type":"WebSite","@id":"https:\/\/www.theyouthharbour.org\/#website","url":"https:\/\/www.theyouthharbour.org\/","name":"Le Havre jeunesse","description":"Youth-for-youth climate support system.","potentialAction":[{"@type":"SearchAction","target":{"@type":"EntryPoint","urlTemplate":"https:\/\/www.theyouthharbour.org\/?s={search_term_string}"},"query-input":{"@type":"PropertyValueSpecification","valueRequired":true,"valueName":"search_term_string"}}],"inLanguage":"fr-CA"}]}},"jetpack_sharing_enabled":true,"_links":{"self":[{"href":"https:\/\/www.theyouthharbour.org\/fr\/wp-json\/wp\/v2\/pages\/140","targetHints":{"allow":["GET"]}}],"collection":[{"href":"https:\/\/www.theyouthharbour.org\/fr\/wp-json\/wp\/v2\/pages"}],"about":[{"href":"https:\/\/www.theyouthharbour.org\/fr\/wp-json\/wp\/v2\/types\/page"}],"author":[{"embeddable":true,"href":"https:\/\/www.theyouthharbour.org\/fr\/wp-json\/wp\/v2\/users\/1"}],"replies":[{"embeddable":true,"href":"https:\/\/www.theyouthharbour.org\/fr\/wp-json\/wp\/v2\/comments?post=140"}],"version-history":[{"count":4,"href":"https:\/\/www.theyouthharbour.org\/fr\/wp-json\/wp\/v2\/pages\/140\/revisions"}],"predecessor-version":[{"id":30366,"href":"https:\/\/www.theyouthharbour.org\/fr\/wp-json\/wp\/v2\/pages\/140\/revisions\/30366"}],"wp:featuredmedia":[{"embeddable":true,"href":"https:\/\/www.theyouthharbour.org\/fr\/wp-json\/wp\/v2\/media\/28497"}],"wp:attachment":[{"href":"https:\/\/www.theyouthharbour.org\/fr\/wp-json\/wp\/v2\/media?parent=140"}],"curies":[{"name":"wp","href":"https:\/\/api.w.org\/{rel}","templated":true}]}}