{"id":27196,"date":"2023-08-29T20:34:51","date_gmt":"2023-08-29T20:34:51","guid":{"rendered":"http:\/\/box5516.temp.domains\/~theyovq2\/?page_id=27196"},"modified":"2026-08-24T19:57:44","modified_gmt":"2026-08-24T19:57:44","slug":"amplify","status":"publish","type":"page","link":"https:\/\/www.theyouthharbour.org\/fr\/amplify\/","title":{"rendered":"Bourses amplifier"},"content":{"rendered":"<div class=\"et_pb_section_0 et_pb_section et_section_regular et_block_section\">\n<div class=\"et_pb_row_0 et_pb_row et_block_row\">\n<div class=\"et_pb_column_0 et_pb_column et_pb_column_4_4 et-last-child et_block_column et_pb_css_mix_blend_mode_passthrough\">\n<div class=\"et_pb_text_0 et_pb_text et_pb_bg_layout_light et_pb_module et_block_module\"><div class=\"et_pb_text_inner\"><h1>BOURSES AMPLIFIER<\/h1>\n<\/div><\/div>\n\n<div class=\"et_pb_text_1 et_pb_text et_pb_bg_layout_light et_pb_module et_block_module\"><div class=\"et_pb_text_inner\"><p style=\"text-align: center;\"><span style=\"font-weight: 400;\">Fonds et ressources pour le marketing et les communications, pour accro\u00eetre l\u2019engagement des jeunes et l\u2019action climatiques dans les communaut\u00e9s sous-repr\u00e9sent\u00e9es.<\/span><\/p>\n<\/div><\/div>\n\n<div class=\"et_pb_module et_pb_button_module_wrapper et_pb_button_0_wrapper\"><a class=\"et_pb_button_0 et_pb_button et_pb_bg_layout_light et_pb_module et_block_module\" href=\"https:\/\/docs.google.com\/forms\/d\/e\/1FAIpQLSf7ESK86L-mCIQfUWpLev2PLCTYfiBIA2jJzEoPr90ZyIgnmA\/viewform\">Les candidatures sont actuellement ferm\u00e9es.<\/a><\/div>\n<\/div>\n<\/div>\n<\/div>\n\n<div class=\"et_pb_section_1 et_pb_section et_section_regular et_block_section\"><\/div>\n\n<div class=\"et_pb_section_2 et_pb_section et_section_regular et_block_section\">\n<div class=\"et_pb_row_1 et_pb_row et_block_row\">\n<div class=\"et_pb_column_1 et_pb_column et_pb_column_4_4 et-last-child et_block_column et_pb_css_mix_blend_mode_passthrough\">\n<div class=\"et_pb_image_0 et_pb_image et_pb_module et_block_module\"><span class=\"et_pb_image_wrap\"><img loading=\"lazy\" decoding=\"async\" src=\"https:\/\/www.theyouthharbour.org\/wp-content\/uploads\/2026\/06\/Amplify.avif?_t=1780433467\" width=\"1875\" height=\"750\" srcset=\"https:\/\/www.theyouthharbour.org\/wp-content\/uploads\/2026\/06\/Amplify.avif 1875w, https:\/\/www.theyouthharbour.org\/wp-content\/uploads\/2026\/06\/Amplify-300x120.avif 300w, https:\/\/www.theyouthharbour.org\/wp-content\/uploads\/2026\/06\/Amplify-1024x410.avif 1024w, https:\/\/www.theyouthharbour.org\/wp-content\/uploads\/2026\/06\/Amplify-768x307.avif 768w, https:\/\/www.theyouthharbour.org\/wp-content\/uploads\/2026\/06\/Amplify-1536x614.avif 1536w, https:\/\/www.theyouthharbour.org\/wp-content\/uploads\/2026\/06\/Amplify-18x7.avif 18w, https:\/\/www.theyouthharbour.org\/wp-content\/uploads\/2026\/06\/Amplify-1080x432.avif 1080w, https:\/\/www.theyouthharbour.org\/wp-content\/uploads\/2026\/06\/Amplify-1280x512.avif 1280w, https:\/\/www.theyouthharbour.org\/wp-content\/uploads\/2026\/06\/Amplify-980x392.avif 980w, https:\/\/www.theyouthharbour.org\/wp-content\/uploads\/2026\/06\/Amplify-480x192.avif 480w\" sizes=\"(max-width: 1080px) 100vw, 1080px\" class=\"wp-image-32391\" title=\"Amplify\" \/><\/span><\/div>\n<\/div>\n<\/div>\n<\/div>\n\n<div class=\"et_pb_section_3 et_pb_section et_section_regular et_block_section\">\n<div class=\"et_pb_row_2 et_pb_row et_block_row\">\n<div class=\"et_pb_column_2 et_pb_column et_pb_column_4_4 et-last-child et_block_column et_pb_css_mix_blend_mode_passthrough\">\n<div class=\"et_pb_text_2 et_pb_text et_pb_bg_layout_light et_pb_module et_block_module\"><div class=\"et_pb_text_inner\"><p><marquee><br \/>\n<span> SOUTIEN AUX COMMUNICATIONS POUR AMPLIFIER LES VOIX DES JEUNES\u00a0 \u00a0 \u00a0\u00a0 \u00a0 SOUTIEN AUX COMMUNICATIONS POUR AMPLIFIER LES VOIX DES JEUNES\u00a0 \u00a0 \u00a0\u00a0 \u00a0 SOUTIEN AUX COMMUNICATIONS POUR AMPLIFIER LES VOIX DES JEUNES\u00a0 \u00a0 \u00a0\u00a0 \u00a0 SOUTIEN AUX COMMUNICATIONS POUR AMPLIFIER LES VOIX DES JEUNES\u00a0 \u00a0 \u00a0\u00a0 \u00a0 SOUTIEN AUX COMMUNICATIONS POUR AMPLIFIER LES VOIX DES JEUNES\u00a0 \u00a0 \u00a0\u00a0 \u00a0 SOUTIEN AUX COMMUNICATIONS POUR AMPLIFIER LES VOIX DES JEUNES\u00a0 \u00a0 \u00a0\u00a0 \u00a0 SOUTIEN AUX COMMUNICATIONS POUR AMPLIFIER LES VOIX DES JEUNES\u00a0 \u00a0 \u00a0\u00a0 \u00a0 SOUTIEN AUX COMMUNICATIONS POUR AMPLIFIER LES VOIX DES JEUNES\u00a0 \u00a0 \u00a0\u00a0 \u00a0 SOUTIEN AUX COMMUNICATIONS POUR AMPLIFIER LES VOIX DES JEUNES\u00a0 \u00a0 \u00a0\u00a0 \u00a0 SOUTIEN AUX COMMUNICATIONS POUR AMPLIFIER LES VOIX DES JEUNES\u00a0 \u00a0 \u00a0\u00a0 \u00a0 SOUTIEN AUX COMMUNICATIONS POUR AMPLIFIER LES VOIX DES JEUNES\u00a0 \u00a0 \u00a0\u00a0 \u00a0 SOUTIEN AUX COMMUNICATIONS POUR AMPLIFIER LES VOIX DES JEUNES\u00a0 \u00a0 \u00a0\u00a0 \u00a0 SOUTIEN AUX COMMUNICATIONS POUR AMPLIFIER LES VOIX DES JEUNES\u00a0 \u00a0 \u00a0\u00a0 \u00a0 SOUTIEN AUX COMMUNICATIONS POUR AMPLIFIER LES VOIX DES JEUNES\u00a0 \u00a0 \u00a0\u00a0 \u00a0 SOUTIEN AUX COMMUNICATIONS POUR AMPLIFIER LES VOIX DES JEUNES\u00a0 \u00a0 \u00a0\u00a0 \u00a0 SOUTIEN AUX COMMUNICATIONS POUR AMPLIFIER LES VOIX DES JEUNES\u00a0 \u00a0 \u00a0\u00a0 \u00a0 SOUTIEN AUX COMMUNICATIONS POUR AMPLIFIER LES VOIX DES JEUNES\u00a0 \u00a0 \u00a0\u00a0 \u00a0 SOUTIEN AUX COMMUNICATIONS POUR AMPLIFIER LES VOIX DES JEUNES\u00a0 \u00a0 \u00a0\u00a0 \u00a0 SOUTIEN AUX COMMUNICATIONS POUR AMPLIFIER LES VOIX DES JEUNES\u00a0 \u00a0 \u00a0\u00a0 \u00a0 SOUTIEN AUX COMMUNICATIONS POUR AMPLIFIER LES VOIX DES JEUNES\u00a0 \u00a0 \u00a0\u00a0 \u00a0 SOUTIEN AUX COMMUNICATIONS POUR AMPLIFIER LES VOIX DES JEUNES\u00a0 \u00a0 \u00a0\u00a0 \u00a0 SOUTIEN AUX COMMUNICATIONS POUR AMPLIFIER LES VOIX DES JEUNES\u00a0 \u00a0 \u00a0\u00a0 \u00a0 SOUTIEN AUX COMMUNICATIONS POUR AMPLIFIER LES VOIX DES JEUNES\u00a0 \u00a0 \u00a0\u00a0 \u00a0 SOUTIEN AUX COMMUNICATIONS POUR AMPLIFIER LES VOIX DES JEUNES\u00a0 \u00a0 \u00a0\u00a0 \u00a0 SOUTIEN AUX COMMUNICATIONS POUR AMPLIFIER LES VOIX DES JEUNES\u00a0 \u00a0 \u00a0\u00a0 \u00a0 \u00a0 \u00a0 \u00a0\u00a0 \u00a0  \u00a0 \u00a0 \u00a0\u00a0 \u00a0<\/span><\/marquee><\/p>\n<\/div><\/div>\n<\/div>\n<\/div>\n<\/div>\n\n<div class=\"et_pb_section_4 et_pb_section et_section_regular et_block_section\">\n<div class=\"et_pb_row_3 et_pb_row et_pb_gutters4 et_block_row\">\n<div class=\"et_pb_column_3 et_pb_column et_pb_column_1_2 et_block_column et_pb_css_mix_blend_mode_passthrough\">\n<div class=\"et_pb_text_3 et_pb_text et_pb_bg_layout_light et_pb_module et_block_module\"><div class=\"et_pb_text_inner\"><h2><span data-metadata=\"&lt;!--(figmeta)eyJmaWxlS2V5IjoidEdFUlpYWWU3UFpwTzh0TlA4TVpScSIsInBhc3RlSUQiOjc3NDE3NTgwNCwiZGF0YVR5cGUiOiJzY2VuZSJ9Cg==(\/figmeta)--&gt;\"><\/span><span style=\"color: #f3f4e4;\">Date Limite<\/span><\/h2>\n<\/div><\/div>\n\n<div class=\"et_pb_text_4 et_pb_text et_pb_bg_layout_light et_pb_module et_block_module\"><div class=\"et_pb_text_inner\"><p><span class=\"a_GcMg font-feature-liga-off font-feature-clig-off font-feature-calt-off text-decoration-none text-strikethrough-none\">Les candidatures sont \u00e9valu\u00e9es selon ces dates :<\/span><\/p>\n<p><span style=\"color: #000000;\"><\/span><\/p>\n<table border=\"1\" style=\"height: 154px; width: 98.8387%; border-collapse: collapse; border-color: #000000; background-color: #f3f4e4;\" cellpadding=\"10px\" cellspacing=\"10px\">\n<tbody>\n<tr style=\"height: 10px;\">\n<td style=\"width: 50%; border-color: #000000; height: 10px;\"><strong><span style=\"color: #000000;\">D\u00e9lai de candidature<\/span><\/strong><\/td>\n<td style=\"width: 50%; border-color: #000000; height: 10px;\">\n<p><strong><span style=\"color: #000000;\"><\/span><\/strong><\/p>\n<p><strong><span style=\"color: #000000;\">Periode d\u2019evaluation\u00a0<\/span><\/strong><\/p>\n<p><strong><span style=\"color: #000000;\"><\/span><\/strong><\/p>\n<\/td>\n<\/tr>\n<tr style=\"height: 10px;\">\n<td style=\"width: 50%; border-color: #000000; height: 10px;\"><span style=\"color: #000000;\"><span class=\"a_GcMg font-feature-liga-off font-feature-clig-off font-feature-calt-off text-decoration-none text-strikethrough-none\"><span style=\"font-weight: 400;\">24 ao\u00fbt 2026, 12h00 (midi), heure du Pacifique (PT)<\/span><\/span><\/span><\/td>\n<td style=\"width: 50%; border-color: #000000; height: 10px;\">\n<p><span style=\"color: #000000;\"><\/span><\/p>\n<p class=\"cvGsUA direction-ltr align-start para-style-body\"><span style=\"color: #000000;\"><span class=\"a_GcMg font-feature-liga-off font-feature-clig-off font-feature-calt-off text-decoration-none text-strikethrough-none\">Dur\u00e9e de 40-50 jours ouvrables (8-10 semaines) apr\u00e8s la date limite de candidature.<\/span><span class=\"a_GcMg font-feature-liga-off font-feature-clig-off font-feature-calt-off text-decoration-none text-strikethrough-none white-space-prewrap\"> <\/span><\/span><\/p>\n<p class=\"cvGsUA direction-ltr align-start para-style-body\"><span style=\"color: #000000;\"><span class=\"a_GcMg font-feature-liga-off font-feature-clig-off font-feature-calt-off text-decoration-none text-strikethrough-none\">\u00c0 noter : Toutes les candidatures ne seront \u00e9valu\u00e9es qu\u2019\u00e0 partir <span style=\"font-weight: 400;\">du 8 septembre 2026.<\/span><\/span><\/span><\/p>\n<p><span style=\"color: #000000;\"><\/span><\/p>\n<\/td>\n<\/tr>\n<\/tbody>\n<\/table>\n<p><span><\/span><\/p>\n<\/div><\/div>\n<\/div>\n\n<div class=\"et_pb_column_4 et_pb_column et_pb_column_1_2 et-last-child et_block_column et_pb_css_mix_blend_mode_passthrough\">\n<div class=\"et_pb_text_5 et_pb_text et_pb_bg_layout_light et_pb_module et_block_module\"><div class=\"et_pb_text_inner\"><h2><span data-metadata=\"&lt;!--(figmeta)eyJmaWxlS2V5IjoidEdFUlpYWWU3UFpwTzh0TlA4TVpScSIsInBhc3RlSUQiOjc3NDE3NTgwNCwiZGF0YVR5cGUiOiJzY2VuZSJ9Cg==(\/figmeta)--&gt;\"><\/span><span style=\"color: #f3f4e4;\">Dur\u00e9e<\/span><\/h2>\n<\/div><\/div>\n\n<div class=\"et_pb_text_6 et_pb_text et_pb_bg_layout_light et_pb_module et_block_module\"><div class=\"et_pb_text_inner\"><p><span data-metadata=\"&lt;!--(figmeta)eyJmaWxlS2V5IjoidEdFUlpYWWU3UFpwTzh0TlA4TVpScSIsInBhc3RlSUQiOjc3NDE3NTgwNCwiZGF0YVR5cGUiOiJzY2VuZSJ9Cg==(\/figmeta)--&gt;\"><\/span><span style=\"font-weight: 400; color: #f3f4e4;\">6 - 12 months<\/span><span style=\"color: #000000; font-size: 16px;\"><\/span><\/p>\n<p><span style=\"color: #000000;\">\u00a0<\/span><\/p>\n<\/div><\/div>\n\n<div class=\"et_pb_divider_0 et_pb_divider et_pb_space et_pb_divider_position_top et_pb_module\"><div class=\"et_pb_divider_internal\"><\/div><\/div>\n\n<div class=\"et_pb_text_7 et_pb_text et_pb_bg_layout_light et_pb_module et_block_module\"><div class=\"et_pb_text_inner\"><h2><span data-metadata=\"&lt;!--(figmeta)eyJmaWxlS2V5IjoidEdFUlpYWWU3UFpwTzh0TlA4TVpScSIsInBhc3RlSUQiOjc3NDE3NTgwNCwiZGF0YVR5cGUiOiJzY2VuZSJ9Cg==(\/figmeta)--&gt;\"><\/span><span style=\"color: #f3f4e4;\">Montant accord\u00e9<\/span><\/h2>\n<\/div><\/div>\n\n<div class=\"et_pb_text_8 et_pb_text et_pb_bg_layout_light et_pb_module et_block_module\"><div class=\"et_pb_text_inner\"><p><span data-metadata=\"&lt;!--(figmeta)eyJmaWxlS2V5IjoidEdFUlpYWWU3UFpwTzh0TlA4TVpScSIsInBhc3RlSUQiOjc3NDE3NTgwNCwiZGF0YVR5cGUiOiJzY2VuZSJ9Cg==(\/figmeta)--&gt;\"><\/span><span class=\"a_GcMg font-feature-liga-off font-feature-clig-off font-feature-calt-off text-decoration-none text-strikethrough-none\">5 000 $ - 25 000 $ sur 12 mois<\/span><\/p>\n<p><span style=\"color: #000000;\">\u00a0<\/span><\/p>\n<\/div><\/div>\n\n<div class=\"et_pb_divider_1 et_pb_divider et_pb_space et_pb_divider_position_top et_pb_module\"><div class=\"et_pb_divider_internal\"><\/div><\/div>\n\n<div class=\"et_pb_module et_pb_button_module_wrapper et_pb_button_1_wrapper\"><a class=\"et_pb_button_1 et_pb_button et_pb_bg_layout_light et_pb_module et_block_module\" href=\"#eligibility\">ADMISSIBILIT\u00c9 \u2192<\/a><\/div>\n<\/div>\n<\/div>\n<\/div>\n\n<div class=\"et_pb_section_5 et_pb_section et_section_regular et_block_section\">\n<div class=\"et_pb_row_4 et_pb_row et_block_row\">\n<div class=\"et_pb_column_5 et_pb_column et_pb_column_4_4 et-last-child et_block_column et_pb_css_mix_blend_mode_passthrough\">\n<div class=\"et_pb_heading_0 et_pb_heading et_pb_module et_block_module\"><div class=\"et_pb_heading_container\"><h1 class=\"et_pb_module_header\">L'objectif des Bourses Amplifier<\/h1><\/div><\/div>\n<\/div>\n<\/div>\n\n<div class=\"et_pb_row_5 et_pb_row et_block_row\">\n<div class=\"et_pb_column_6 et_pb_column et_pb_column_4_4 et-last-child et_block_column et_pb_css_mix_blend_mode_passthrough\">\n<div class=\"et_pb_text_9 et_pb_text et_pb_bg_layout_light et_pb_module et_block_module\"><div class=\"et_pb_text_inner\"><p><span style=\"font-weight: 400;\">Amplifier s'inscrit dans le cadre du financement et du soutien du Havre Jeunesse destin\u00e9 aux jeunes leaders qui \u0153uvrent \u00e0 la crois\u00e9e de l'environnement et de la justice sociale. Cette bourse s'adresse aux jeunes leaders qui souhaitent accro\u00eetre leur visibilit\u00e9 et s'assurer que leur message sur la justice sociale et environnementale touche un large public, y compris des groupes souvent n\u00e9glig\u00e9s. Elle aidera les jeunes \u00e0 faire passer le message sur l'urgence et la gravit\u00e9 de la crise climatique afin d\u2019assurer que les d\u00e9cideurs \u00e0 travers le Canada prennent des mesures significatives. <\/span><\/p>\n<\/div><\/div>\n<\/div>\n<\/div>\n\n<div class=\"et_pb_row_6 et_pb_row et_block_row\">\n<div class=\"et_pb_column_7 et_pb_column et_pb_column_4_4 et-last-child et_block_column et_pb_css_mix_blend_mode_passthrough\">\n<div class=\"et_pb_divider_2 et_pb_divider et_pb_space et_pb_divider_position_top et_pb_module\"><div class=\"et_pb_divider_internal\"><\/div><\/div>\n<\/div>\n<\/div>\n<\/div>\n\n<div class=\"et_pb_section_6 et_pb_section et_section_regular et_block_section\">\n<div class=\"et_pb_row_7 et_pb_row et_block_row\">\n<div class=\"et_pb_column_8 et_pb_column et_pb_column_4_4 et-last-child et_block_column et_pb_css_mix_blend_mode_passthrough\">\n<div class=\"et_pb_heading_1 et_pb_heading et_pb_module et_block_module\"><div class=\"et_pb_heading_container\"><h1 class=\"et_pb_module_header\">Processus d'\u00e9valuation des candidatures<\/h1><\/div><\/div>\n<\/div>\n<\/div>\n\n<div class=\"et_pb_row_8 et_pb_row et_block_row\">\n<div class=\"et_pb_column_9 et_pb_column et_pb_column_4_4 et-last-child et_block_column et_pb_css_mix_blend_mode_passthrough\">\n<div class=\"et_pb_heading_2 et_pb_heading et_pb_module et_block_module\"><div class=\"et_pb_heading_container\"><h3 class=\"et_pb_module_header\">\u00c9tape 1 : Examiner les crit\u00e8res d'\u00e9ligibilit\u00e9<\/h3><\/div><\/div>\n<\/div>\n<\/div>\n\n<div class=\"et_pb_row_9 et_pb_row et_block_row\">\n<div class=\"et_pb_column_10 et_pb_column et_pb_column_4_4 et-last-child et_block_column et_pb_css_mix_blend_mode_passthrough\">\n<div class=\"et_pb_module et_pb_button_module_wrapper et_pb_button_2_wrapper\"><a class=\"et_pb_button_2 et_pb_button et_pb_bg_layout_light et_pb_module et_block_module\" href=\"#eligibility\">Les crit\u00e8res d'\u00e9ligibilit\u00e9 \u2192<\/a><\/div>\n<\/div>\n<\/div>\n\n<div class=\"et_pb_row_10 et_pb_row et_block_row\">\n<div class=\"et_pb_column_11 et_pb_column et_pb_column_4_4 et-last-child et_block_column et_pb_css_mix_blend_mode_passthrough\">\n<div class=\"et_pb_heading_3 et_pb_heading et_pb_module et_block_module\"><div class=\"et_pb_heading_container\"><h3 class=\"et_pb_module_header\">\u00c9tape 2 : R\u00e9viser des informations pertinentes <\/h3><\/div><\/div>\n<\/div>\n<\/div>\n\n<div class=\"et_pb_row_11 et_pb_row et_block_row\">\n<div class=\"et_pb_column_12 et_pb_column et_pb_column_1_3 et_block_column et_pb_css_mix_blend_mode_passthrough\">\n<div class=\"et_pb_module et_pb_button_module_wrapper et_pb_button_3_wrapper\"><a class=\"et_pb_button_3 et_pb_button et_pb_bg_layout_light et_pb_module et_block_module\" href=\"https:\/\/www.theyouthharbour.org\/fr\/about-us\/#principles\">LES PRINCIPES DU HAVRE \u2192<\/a><\/div>\n<\/div>\n\n<div class=\"et_pb_column_13 et_pb_column et_pb_column_1_3 et_block_column et_pb_css_mix_blend_mode_passthrough\">\n<div class=\"et_pb_module et_pb_button_module_wrapper et_pb_button_4_wrapper\"><a class=\"et_pb_button_4 et_pb_button et_pb_bg_layout_light et_pb_module et_block_module\" href=\"https:\/\/docs.google.com\/spreadsheets\/d\/1bIoWg-dA9UR8HMTYGyXB0CHlzQ6njWoX6gwJ5rFW9GU\/edit?gid=0#gid=0\">MOD\u00c8LE DU BUDGET \u2192<\/a><\/div>\n<\/div>\n\n<div class=\"et_pb_column_14 et_pb_column et_pb_column_1_3 et-last-child et_block_column et_pb_css_mix_blend_mode_passthrough\">\n<div class=\"et_pb_module et_pb_button_module_wrapper et_pb_button_5_wrapper\"><a class=\"et_pb_button_5 et_pb_button et_pb_bg_layout_light et_pb_module et_block_module\" href=\"https:\/\/www.theyouthharbour.org\/fr\/resources\/\">RESSOURCES \u2192<\/a><\/div>\n<\/div>\n<\/div>\n\n<div class=\"et_pb_row_12 et_pb_row et_block_row\">\n<div class=\"et_pb_column_15 et_pb_column et_pb_column_4_4 et-last-child et_block_column et_pb_css_mix_blend_mode_passthrough\">\n<div class=\"et_pb_heading_4 et_pb_heading et_pb_module et_block_module\"><div class=\"et_pb_heading_container\"><h3 class=\"et_pb_module_header\">\u00c9tape 3: R\u00e9viser votre demande avec un coach (facultatif)<\/h3><\/div><\/div>\n<\/div>\n<\/div>\n\n<div class=\"et_pb_row_13 et_pb_row et_block_row\">\n<div class=\"et_pb_column_16 et_pb_column et_pb_column_4_4 et-last-child et_block_column et_pb_css_mix_blend_mode_passthrough\">\n<div class=\"et_pb_text_10 et_pb_text et_pb_bg_layout_light et_pb_module et_block_module\"><div class=\"et_pb_text_inner\"><ul>\n<li><span class=\"a_GcMg font-feature-liga-off font-feature-clig-off font-feature-calt-off text-decoration-none text-strikethrough-none\">Clarification des questions ou exigences de la candidature<\/span><\/li>\n<li><span class=\"a_GcMg font-feature-liga-off font-feature-clig-off font-feature-calt-off text-decoration-none text-strikethrough-none\">Soutien dans le d\u00e9veloppement de vos r\u00e9ponses aux questions, le d\u00e9veloppement du projet, le budget, la mesure d\u2019impact, etc.<\/span><\/li>\n<li><span class=\"a_GcMg font-feature-liga-off font-feature-clig-off font-feature-calt-off text-decoration-none text-strikethrough-none\">Identification des endroits dans votre candidature qui b\u00e9n\u00e9ficieraient de plus de d\u00e9tails<\/span><\/li>\n<\/ul>\n<\/div><\/div>\n\n<div class=\"et_pb_module et_pb_button_module_wrapper et_pb_button_6_wrapper\"><a class=\"et_pb_button_6 et_pb_button et_pb_bg_layout_light et_pb_module et_block_module\" href=\"mailto:grants@fesplanet.org\">ENVOYER UN COURRIEL POUR RECEVOIR DU COACHING \u2192<\/a><\/div>\n<\/div>\n<\/div>\n\n<div class=\"et_pb_row_14 et_pb_row et_block_row\">\n<div class=\"et_pb_column_17 et_pb_column et_pb_column_4_4 et-last-child et_block_column et_pb_css_mix_blend_mode_passthrough\">\n<div class=\"et_pb_heading_5 et_pb_heading et_pb_module et_block_module\"><div class=\"et_pb_heading_container\"><h3 class=\"et_pb_module_header\">\u00c9tape 4 : Soumettre votre candidature<\/h3><\/div><\/div>\n<\/div>\n<\/div>\n\n<div class=\"et_pb_row_15 et_pb_row et_block_row\">\n<div class=\"et_pb_column_18 et_pb_column et_pb_column_4_4 et-last-child et_block_column et_pb_css_mix_blend_mode_passthrough\">\n<div class=\"et_pb_text_11 et_pb_text et_pb_bg_layout_light et_pb_module et_block_module\"><div class=\"et_pb_text_inner\"><p><span style=\"font-weight: 400;\">Soumettez votre candidature \u00e9crite en anglais, en fran\u00e7ais ou dans les deux langues. D'autres options de soumission (r\u00e9union programm\u00e9e ou vid\u00e9o) sont d\u00e9crites au bas de la demande.<\/span><\/p>\n<\/div><\/div>\n\n<div class=\"et_pb_module et_pb_button_module_wrapper et_pb_button_7_wrapper\"><a class=\"et_pb_button_7 et_pb_button et_pb_bg_layout_light et_pb_module et_block_module\" href=\"https:\/\/docs.google.com\/forms\/d\/e\/1FAIpQLSf7ESK86L-mCIQfUWpLev2PLCTYfiBIA2jJzEoPr90ZyIgnmA\/viewform\" target=\"_blank\">Les candidatures sont actuellement ferm\u00e9es.<\/a><\/div>\n\n<div class=\"et_pb_text_12 et_pb_text et_pb_bg_layout_light et_pb_module et_block_module\"><div class=\"et_pb_text_inner\"><p><span class=\"a_GcMg font-feature-liga-off font-feature-clig-off font-feature-calt-off text-decoration-none text-strikethrough-none\">La communication et le soutien sont disponibles en anglais et en fran\u00e7ais.<\/span><\/p>\n<\/div><\/div>\n<\/div>\n<\/div>\n<\/div>\n\n<div class=\"et_pb_section_7 et_pb_section et_section_regular et_block_section\">\n<div class=\"et_pb_row_16 et_pb_row et_block_row\">\n<div class=\"et_pb_column_19 et_pb_column et_pb_column_4_4 et-last-child et_block_column et_pb_css_mix_blend_mode_passthrough\">\n<div class=\"et_pb_divider_3 et_pb_divider et_pb_space et_pb_divider_position_top et_pb_module\"><div class=\"et_pb_divider_internal\"><\/div><\/div>\n<\/div>\n<\/div>\n\n<div class=\"et_pb_row_17 et_pb_row et_block_row\">\n<div class=\"et_pb_column_20 et_pb_column et_pb_column_4_4 et-last-child et_block_column et_pb_css_mix_blend_mode_passthrough\">\n<div class=\"et_pb_heading_6 et_pb_heading et_pb_module et_block_module\"><div class=\"et_pb_heading_container\"><h3 class=\"et_pb_module_header\">Domaines de financement<\/h3><\/div><\/div>\n\n<div class=\"et_pb_text_13 et_pb_text et_pb_bg_layout_light et_pb_module et_block_module\"><div class=\"et_pb_text_inner\"><p><span style=\"font-weight: 400;\">Voici quelques domaines d\u2019intervention pour lesquels vous pourriez solliciter un financement dans le cadre de la bourse Amplifier du Havre Jeunesse. Veuillez indiquer dans votre demande si votre projet rel\u00e8ve d\u2019une cat\u00e9gorie diff\u00e9rente de celles \u00e9num\u00e9r\u00e9es ci-dessous.\u00a0 <\/span><\/p>\n<ol><\/ol>\n<\/div><\/div>\n<\/div>\n<\/div>\n\n<div class=\"et_pb_row_18 et_pb_row et_pb_equal_columns et_block_row\">\n<div class=\"et_pb_column_21 et_pb_column et_pb_column_1_3 et_block_column et_pb_css_mix_blend_mode_passthrough\">\n<div class=\"et_pb_text_14 et_pb_text et_pb_bg_layout_light et_pb_module et_block_module\"><div class=\"et_pb_text_inner\"><h4 style=\"text-align: left;\">1. <span style=\"font-weight: 400;\">Mobilisation des communaut\u00e9s<\/span><\/h4>\n<p style=\"text-align: left;\"><span style=\"font-weight: 400;\">Ex. : financement pour mener des activit\u00e9s visant \u00e0 mobiliser des personnes issues de divers horizons au Canada afin de cr\u00e9er un mouvement plus inclusif pour le climat <\/span><\/p>\n<\/div><\/div>\n<\/div>\n\n<div class=\"et_pb_column_22 et_pb_column et_pb_column_1_3 et_block_column et_pb_css_mix_blend_mode_passthrough\">\n<div class=\"et_pb_text_15 et_pb_text et_pb_bg_layout_light et_pb_module et_block_module\"><div class=\"et_pb_text_inner\"><h4 style=\"text-align: left;\">2. <span style=\"font-weight: 400;\">R\u00e9cits d\u2019impact<\/span><\/h4>\n<p><span style=\"font-weight: 400;\">Ex. : financement pour mener des activit\u00e9s permettant la cr\u00e9ation de r\u00e9cits percutants, port\u00e9s par les jeunes, qui relient l\u2019action climatique \u00e0 la vie quotidienne de la population canadienne <\/span><\/p>\n<\/div><\/div>\n<\/div>\n\n<div class=\"et_pb_column_23 et_pb_column et_pb_column_1_3 et-last-child et_block_column et_pb_css_mix_blend_mode_passthrough\">\n<div class=\"et_pb_text_16 et_pb_text et_pb_bg_layout_light et_pb_module et_block_module\"><div class=\"et_pb_text_inner\"><h4 style=\"text-align: left;\">3. <span style=\"font-weight: 400;\">Soutenir le leadership et les organisations de jeunes<\/span><\/h4>\n<p style=\"text-align: left;\"><span style=\"font-weight: 400;\">Ex. : financement pour perfectionner ou d\u00e9velopper les comp\u00e9tences professionnelles de l\u2019organisation en mati\u00e8re de marketing ou de communication afin d\u2019accro\u00eetre sa visibilit\u00e9 et sa cr\u00e9dibilit\u00e9<\/span><\/p>\n<\/div><\/div>\n<\/div>\n<\/div>\n<\/div>\n\n<div class=\"et_pb_section_8 et_pb_section et_section_regular et_block_section\">\n<div class=\"et_pb_row_19 et_pb_row et_block_row\">\n<div class=\"et_pb_column_24 et_pb_column et_pb_column_4_4 et-last-child et_block_column et_pb_css_mix_blend_mode_passthrough\">\n<div class=\"et_pb_divider_4 et_pb_divider et_pb_space et_pb_divider_position_top et_pb_module\"><div class=\"et_pb_divider_internal\"><\/div><\/div>\n<\/div>\n<\/div>\n\n<div class=\"et_pb_row_20 et_pb_row et_block_row\">\n<div class=\"et_pb_column_25 et_pb_column et_pb_column_4_4 et-last-child et_block_column et_pb_css_mix_blend_mode_passthrough\">\n<div class=\"et_pb_heading_7 et_pb_heading et_pb_module et_block_module\"><div class=\"et_pb_heading_container\"><h3 class=\"et_pb_module_header\">D\u00e9penses admissibles <\/h3><\/div><\/div>\n\n<div class=\"et_pb_text_17 et_pb_text et_pb_bg_layout_light et_pb_module et_block_module\"><div class=\"et_pb_text_inner\"><p><span style=\"font-weight: 400;\">Veuillez d\u00e9tailler autant que possible dans votre budget la mani\u00e8re dont les fonds demand\u00e9s seront utilis\u00e9s, en particulier pour le marketing et la communication. Par exemple, pr\u00e9cisez dans le budget que vous soumettez les membres de l\u2019\u00e9quipe ou les prestataires qui b\u00e9n\u00e9ficieront d\u2019une prise en charge de leur salaire gr\u00e2ce \u00e0 cette bourse. <\/span><\/p>\n<ol><\/ol>\n<\/div><\/div>\n<\/div>\n<\/div>\n\n<div class=\"et_pb_row_21 et_pb_row et_pb_equal_columns et_block_row\">\n<div class=\"et_pb_column_26 et_pb_column et_pb_column_1_3 et_block_column et_pb_css_mix_blend_mode_passthrough\">\n<div class=\"et_pb_image_1 et_pb_image et_pb_module et_block_module\"><span class=\"et_pb_image_wrap\"><img data-recalc-dims=\"1\" loading=\"lazy\" decoding=\"async\" src=\"https:\/\/i0.wp.com\/www.theyouthharbour.org\/wp-content\/uploads\/2026\/05\/Wages.png?resize=209%2C158&#038;ssl=1\" width=\"209\" height=\"158\" srcset=\"https:\/\/www.theyouthharbour.org\/wp-content\/uploads\/2026\/05\/Wages.png?_t=1779744595 209w\" sizes=\"(max-width: 209px) 100vw, 209px\" class=\"wp-image-32295\" title=\"Wages\" \/><\/span><\/div>\n\n<div class=\"et_pb_text_18 et_pb_text et_pb_bg_layout_light et_pb_module et_block_module\"><div class=\"et_pb_text_inner\"><p><span style=\"font-weight: 400;\">Salaires des membres de l\u2019\u00e9quipe et des prestataires travaillant sur le marketing et la communication<\/span><\/p>\n<ol><\/ol>\n<\/div><\/div>\n<\/div>\n\n<div class=\"et_pb_column_27 et_pb_column et_pb_column_1_3 et_block_column et_pb_css_mix_blend_mode_passthrough\">\n<div class=\"et_pb_image_2 et_pb_image et_pb_module et_block_module\"><span class=\"et_pb_image_wrap\"><img data-recalc-dims=\"1\" loading=\"lazy\" decoding=\"async\" src=\"https:\/\/i0.wp.com\/www.theyouthharbour.org\/wp-content\/uploads\/2026\/05\/Professional-Dev.png?resize=181%2C177&#038;ssl=1\" width=\"181\" height=\"177\" srcset=\"https:\/\/www.theyouthharbour.org\/wp-content\/uploads\/2026\/05\/Professional-Dev.png?_t=1779744607 181w\" sizes=\"(max-width: 181px) 100vw, 181px\" class=\"wp-image-32291\" title=\"Professional Dev\" \/><\/span><\/div>\n\n<div class=\"et_pb_text_19 et_pb_text et_pb_bg_layout_light et_pb_module et_block_module\"><div class=\"et_pb_text_inner\"><p><span style=\"font-weight: 400;\">Formations professionnelles et co\u00fbts li\u00e9s au d\u00e9veloppement des comp\u00e9tences et des strat\u00e9gies en mati\u00e8re de marketing, de communication, de r\u00e9seaux sociaux, de construction de r\u00e9cits, d'engagement communautaire et de mesure d'impact<\/span><\/p>\n<ol><\/ol>\n<\/div><\/div>\n<\/div>\n\n<div class=\"et_pb_column_28 et_pb_column et_pb_column_1_3 et-last-child et_block_column et_pb_css_mix_blend_mode_passthrough\">\n<div class=\"et_pb_image_3 et_pb_image et_pb_module et_block_module\"><span class=\"et_pb_image_wrap\"><img data-recalc-dims=\"1\" loading=\"lazy\" decoding=\"async\" src=\"https:\/\/i0.wp.com\/www.theyouthharbour.org\/wp-content\/uploads\/2026\/05\/Honorariums.png?resize=173%2C160&#038;ssl=1\" width=\"173\" height=\"160\" srcset=\"https:\/\/www.theyouthharbour.org\/wp-content\/uploads\/2026\/05\/Honorariums.png?_t=1779744254 173w\" sizes=\"(max-width: 173px) 100vw, 173px\" class=\"wp-image-32290\" title=\"Honorariums\" \/><\/span><\/div>\n\n<div class=\"et_pb_text_20 et_pb_text et_pb_bg_layout_light et_pb_module et_block_module\"><div class=\"et_pb_text_inner\"><p><span style=\"font-weight: 400;\">Honoraires vers\u00e9s aux partenaires et parties prenantes qui soutiennent votre projet, tels que les personnes intervenantes, prestataires, designers, etc. <\/span><\/p>\n<ol><\/ol>\n<\/div><\/div>\n<\/div>\n<\/div>\n\n<div class=\"et_pb_row_22 et_pb_row et_pb_equal_columns et_block_row\">\n<div class=\"et_pb_column_29 et_pb_column et_pb_column_1_3 et_block_column et_pb_css_mix_blend_mode_passthrough\">\n<div class=\"et_pb_image_4 et_pb_image et_pb_module et_block_module\"><span class=\"et_pb_image_wrap\"><img data-recalc-dims=\"1\" loading=\"lazy\" decoding=\"async\" src=\"https:\/\/i0.wp.com\/www.theyouthharbour.org\/wp-content\/uploads\/2026\/05\/Software.png?resize=200%2C159&#038;ssl=1\" width=\"200\" height=\"159\" srcset=\"https:\/\/www.theyouthharbour.org\/wp-content\/uploads\/2026\/05\/Software.png?_t=1779744641 200w\" sizes=\"(max-width: 200px) 100vw, 200px\" class=\"wp-image-32293\" title=\"Software\" \/><\/span><\/div>\n\n<div class=\"et_pb_text_21 et_pb_text et_pb_bg_layout_light et_pb_module et_block_module\"><div class=\"et_pb_text_inner\"><p><span style=\"font-weight: 400;\">Logiciels, outils, fournitures, abonnements et \u00e9quipements destin\u00e9s aux activit\u00e9s de marketing et de communication<\/span><\/p>\n<ol><\/ol>\n<\/div><\/div>\n<\/div>\n\n<div class=\"et_pb_column_30 et_pb_column et_pb_column_1_3 et_block_column et_pb_css_mix_blend_mode_passthrough\">\n<div class=\"et_pb_image_5 et_pb_image et_pb_module et_block_module\"><span class=\"et_pb_image_wrap\"><img data-recalc-dims=\"1\" loading=\"lazy\" decoding=\"async\" src=\"https:\/\/i0.wp.com\/www.theyouthharbour.org\/wp-content\/uploads\/2026\/05\/Social-Media.png?resize=196%2C192&#038;ssl=1\" width=\"196\" height=\"192\" srcset=\"https:\/\/www.theyouthharbour.org\/wp-content\/uploads\/2026\/05\/Social-Media.png?_t=1779744648 196w\" sizes=\"(max-width: 196px) 100vw, 196px\" class=\"wp-image-32292\" title=\"Social Media\" \/><\/span><\/div>\n\n<div class=\"et_pb_text_22 et_pb_text et_pb_bg_layout_light et_pb_module et_block_module\"><div class=\"et_pb_text_inner\"><p><span style=\"font-weight: 400;\">Co\u00fbts li\u00e9s aux r\u00e9seaux sociaux visant \u00e0 accro\u00eetre la port\u00e9e et l'engagement (Amplifier ne sera peut-\u00eatre pas en mesure de couvrir la totalit\u00e9 du montant demand\u00e9 pour les co\u00fbts li\u00e9s au parrainage ou aux publicit\u00e9s sur les r\u00e9seaux sociaux)<\/span><\/p>\n<ol><\/ol>\n<\/div><\/div>\n<\/div>\n\n<div class=\"et_pb_column_31 et_pb_column et_pb_column_1_3 et-last-child et_block_column et_pb_css_mix_blend_mode_passthrough\">\n<div class=\"et_pb_image_6 et_pb_image et_pb_module et_block_module\"><span class=\"et_pb_image_wrap\"><img data-recalc-dims=\"1\" loading=\"lazy\" decoding=\"async\" src=\"https:\/\/i0.wp.com\/www.theyouthharbour.org\/wp-content\/uploads\/2026\/05\/Travel.png?resize=178%2C155&#038;ssl=1\" width=\"178\" height=\"155\" srcset=\"https:\/\/www.theyouthharbour.org\/wp-content\/uploads\/2026\/05\/Travel.png?_t=1779744663 178w\" sizes=\"(max-width: 178px) 100vw, 178px\" class=\"wp-image-32294\" title=\"Travel\" \/><\/span><\/div>\n\n<div class=\"et_pb_text_23 et_pb_text et_pb_bg_layout_light et_pb_module et_block_module\"><div class=\"et_pb_text_inner\"><p><span style=\"font-weight: 400;\">Frais de d\u00e9placement li\u00e9s \u00e0 votre projet<\/span><\/p>\n<ol><\/ol>\n<\/div><\/div>\n<\/div>\n<\/div>\n<\/div>\n\n<div class=\"et_pb_section_9 et_pb_section et_section_regular et_block_section\">\n<div class=\"et_pb_row_23 et_pb_row et_block_row\">\n<div class=\"et_pb_column_32 et_pb_column et_pb_column_4_4 et-last-child et_block_column et_pb_css_mix_blend_mode_passthrough\">\n<div class=\"et_pb_divider_5 et_pb_divider et_pb_space et_pb_divider_position_top et_pb_module\"><div class=\"et_pb_divider_internal\"><\/div><\/div>\n<\/div>\n<\/div>\n\n<div class=\"et_pb_row_24 et_pb_row et_block_row\" id=\"eligibility\">\n<div class=\"et_pb_column_33 et_pb_column et_pb_column_4_4 et-last-child et_block_column et_pb_css_mix_blend_mode_passthrough\">\n<div class=\"et_pb_heading_8 et_pb_heading et_pb_module et_block_module\"><div class=\"et_pb_heading_container\"><h1 class=\"et_pb_module_header\">Admissibilit\u00e9<\/h1><\/div><\/div>\n<\/div>\n<\/div>\n\n<div class=\"et_pb_row_25 et_pb_row et_block_row\">\n<div class=\"et_pb_column_34 et_pb_column et_pb_column_4_4 et-last-child et_block_column et_pb_css_mix_blend_mode_passthrough\">\n<div class=\"et_pb_heading_9 et_pb_heading et_pb_module et_block_module\"><div class=\"et_pb_heading_container\"><h3 class=\"et_pb_module_header\">Organisation ou projet<\/h3><\/div><\/div>\n<\/div>\n<\/div>\n\n<div class=\"et_pb_row_26 et_pb_row et_block_row\">\n<div class=\"et_pb_column_35 et_pb_column et_pb_column_4_4 et-last-child et_block_column et_pb_css_mix_blend_mode_passthrough\">\n<div class=\"et_pb_text_24 et_pb_text et_pb_bg_layout_light et_pb_module et_block_module\"><div class=\"et_pb_text_inner\"><p class=\"cvGsUA direction-ltr align-start para-style-body\"><span class=\"a_GcMg font-feature-liga-off font-feature-clig-off font-feature-calt-off text-decoration-none text-strikethrough-none\">L'organisation ou le projet doit :<\/span><\/p>\n<ul>\n<li style=\"font-weight: 400;\" aria-level=\"1\"><span style=\"font-weight: 400;\">Avoir un projet ou une initiative qui r\u00e9duira les impacts de la crise climatique dans ce que l'on appelle actuellement le Canada.<\/span><\/li>\n<li style=\"font-weight: 400;\" aria-level=\"1\"><span style=\"font-weight: 400;\">\u00catre de nature \u00ab grassroots \u00bb et\/ou mener des activit\u00e9s \u00e0 but non lucratif. Le Havre jeunesse ne peut pas soutenir des activit\u00e9s \u00e0 but lucratif.<\/span><\/li>\n<li style=\"font-weight: 400;\" aria-level=\"1\"><span style=\"font-weight: 400;\">Pour \u00eatre \u00e9ligible, l'organisation ou le projet doit avoir un budget de fonctionnement annuel ne d\u00e9passant pas 300 000 $ CAD par an.<\/span><\/li>\n<\/ul>\n<\/div><\/div>\n<\/div>\n<\/div>\n\n<div class=\"et_pb_row_27 et_pb_row et_block_row\">\n<div class=\"et_pb_column_36 et_pb_column et_pb_column_4_4 et-last-child et_block_column et_pb_css_mix_blend_mode_passthrough\">\n<div class=\"et_pb_heading_10 et_pb_heading et_pb_module et_block_module\"><div class=\"et_pb_heading_container\"><h3 class=\"et_pb_module_header\">\u00c2GE<\/h3><\/div><\/div>\n<\/div>\n<\/div>\n\n<div class=\"et_pb_row_28 et_pb_row et_block_row\">\n<div class=\"et_pb_column_37 et_pb_column et_pb_column_4_4 et-last-child et_block_column et_pb_css_mix_blend_mode_passthrough\">\n<div class=\"et_pb_text_25 et_pb_text et_pb_bg_layout_light et_pb_module et_block_module\"><div class=\"et_pb_text_inner\"><p class=\"cvGsUA direction-ltr align-start para-style-body\"><span class=\"a_GcMg font-feature-liga-off font-feature-clig-off font-feature-calt-off text-decoration-none text-strikethrough-none\">L'organisation ou le projet doit \u00eatre dirig\u00e9 par :<\/span><\/p>\n<ul>\n<li><span class=\"a_GcMg font-feature-liga-off font-feature-clig-off font-feature-calt-off text-decoration-none text-strikethrough-none\">Jeunes (de 30 ans ou moins)<\/span><\/li>\n<\/ul>\n<p class=\"cvGsUA direction-ltr align-start para-style-body\"><span class=\"a_GcMg font-feature-liga-off font-feature-clig-off font-feature-calt-off text-decoration-none text-strikethrough-none\">ET\/OU<\/span><\/p>\n<ul>\n<li><span class=\"a_GcMg font-feature-liga-off font-feature-clig-off font-feature-calt-off text-decoration-none text-strikethrough-none\">Indigenous folks from Turtle Island (what is currently so-called Canada) can apply aged 35 or under.<\/span><\/li>\n<\/ul>\n<p class=\"cvGsUA direction-ltr align-start para-style-body\"><span class=\"a_GcMg font-feature-liga-off font-feature-clig-off font-feature-calt-off text-decoration-none text-strikethrough-none\">CEPENDANT<\/span><\/p>\n<p class=\"cvGsUA direction-ltr align-start para-style-body\"><span class=\"a_GcMg font-feature-liga-off font-feature-clig-off font-feature-calt-off text-decoration-none text-strikethrough-none\">Les organisations qui ne sont pas enti\u00e8rement dirig\u00e9es par des jeunes peuvent poser leur candidature, mais un projet sp\u00e9cifique doit \u00eatre dirig\u00e9 par une personne \u00e2g\u00e9e de 30 ans ou moins. Toutefois, la priorit\u00e9 dans l'\u00e9valuation est donn\u00e9e aux organisations ou projets enti\u00e8rement dirig\u00e9s par des jeunes.<\/span><\/p>\n<\/div><\/div>\n<\/div>\n<\/div>\n\n<div class=\"et_pb_row_29 et_pb_row et_block_row\">\n<div class=\"et_pb_column_38 et_pb_column et_pb_column_4_4 et-last-child et_block_column et_pb_css_mix_blend_mode_passthrough\">\n<div class=\"et_pb_heading_11 et_pb_heading et_pb_module et_block_module\"><div class=\"et_pb_heading_container\"><h3 class=\"et_pb_module_header\">Citoyennete<\/h3><\/div><\/div>\n<\/div>\n<\/div>\n\n<div class=\"et_pb_row_30 et_pb_row et_block_row\">\n<div class=\"et_pb_column_39 et_pb_column et_pb_column_4_4 et-last-child et_block_column et_pb_css_mix_blend_mode_passthrough\">\n<div class=\"et_pb_text_26 et_pb_text et_pb_bg_layout_light et_pb_module et_block_module\"><div class=\"et_pb_text_inner\"><p class=\"cvGsUA direction-ltr align-start para-style-body\"><span class=\"a_GcMg font-feature-liga-off font-feature-clig-off font-feature-calt-off text-decoration-none text-strikethrough-none\">Avoir la citoyennet\u00e9 canadienne, la r\u00e9sidence permanente, le statut de r\u00e9fugi\u00e9 ou un visa.<\/span><\/p>\n<\/div><\/div>\n<\/div>\n<\/div>\n\n<div class=\"et_pb_row_31 et_pb_row et_block_row\">\n<div class=\"et_pb_column_40 et_pb_column et_pb_column_4_4 et-last-child et_block_column et_pb_css_mix_blend_mode_passthrough\">\n<div class=\"et_pb_heading_12 et_pb_heading et_pb_module et_block_module\"><div class=\"et_pb_heading_container\"><h3 class=\"et_pb_module_header\">Langue<\/h3><\/div><\/div>\n<\/div>\n<\/div>\n\n<div class=\"et_pb_row_32 et_pb_row et_block_row\">\n<div class=\"et_pb_column_41 et_pb_column et_pb_column_4_4 et-last-child et_block_column et_pb_css_mix_blend_mode_passthrough\">\n<div class=\"et_pb_text_27 et_pb_text et_pb_bg_layout_light et_pb_module et_block_module\"><div class=\"et_pb_text_inner\"><p><span style=\"font-weight: 400;\">Les candidat\u2022es peuvent communiquer avec nous en anglais, en fran\u00e7ais ou dans les deux langues.<\/span><\/p>\n<\/div><\/div>\n<\/div>\n<\/div>\n\n<div class=\"et_pb_row_33 et_pb_row et_block_row\">\n<div class=\"et_pb_column_42 et_pb_column et_pb_column_4_4 et-last-child et_block_column et_pb_css_mix_blend_mode_passthrough\">\n<div class=\"et_pb_heading_13 et_pb_heading et_pb_module et_block_module\"><div class=\"et_pb_heading_container\"><h3 class=\"et_pb_module_header\">Demandes multiples<\/h3><\/div><\/div>\n<\/div>\n<\/div>\n\n<div class=\"et_pb_row_34 et_pb_row et_block_row\">\n<div class=\"et_pb_column_43 et_pb_column et_pb_column_4_4 et-last-child et_block_column et_pb_css_mix_blend_mode_passthrough\">\n<div class=\"et_pb_text_28 et_pb_text et_pb_bg_layout_light et_pb_module et_block_module\"><div class=\"et_pb_text_inner\"><p><span style=\"font-weight: 400;\">An organization or individual can apply for as many projects or organizations as they are seeking an Amplify Grant for. Only one could be selected for an Amplify Grant during a given cycle.<\/span><\/p>\n<p><span style=\"font-weight: 400;\">Les candidat\u00b7e\u00b7s peuvent \u00e9galement postuler simultan\u00e9ment \u00e0 d'autres programmes de bourses propos\u00e9es par le Havre Jeunesse ; cela n'a aucune incidence sur leurs candidatures \u00e0 d'autres programmes de bourses.<\/span><\/p>\n<p><span style=\"font-weight: 400;\">Applicants who are not selected can reapply for the next cycle of Amplify Grants.<\/span><\/p>\n<\/div><\/div>\n<\/div>\n<\/div>\n<\/div>\n\n<div class=\"et_pb_section_10 et_pb_section et_section_regular et_block_section\">\n<div class=\"et_pb_row_35 et_pb_row et_block_row\">\n<div class=\"et_pb_column_44 et_pb_column et_pb_column_4_4 et-last-child et_block_column et_pb_css_mix_blend_mode_passthrough\">\n<div class=\"et_pb_divider_6 et_pb_divider et_pb_space et_pb_divider_position_top et_pb_module\"><div class=\"et_pb_divider_internal\"><\/div><\/div>\n<\/div>\n<\/div>\n\n<div class=\"et_pb_row_36 et_pb_row et_block_row\">\n<div class=\"et_pb_column_45 et_pb_column et_pb_column_4_4 et-last-child et_block_column et_pb_css_mix_blend_mode_passthrough\">\n<div class=\"et_pb_heading_14 et_pb_heading et_pb_module et_block_module\"><div class=\"et_pb_heading_container\"><h1 class=\"et_pb_module_header\">Processus d'\u00e9valuation des candidatures<\/h1><\/div><\/div>\n<\/div>\n<\/div>\n\n<div class=\"et_pb_row_37 et_pb_row et_pb_row_1-4_3-4 et_block_row et_block_row_1-4_3-4\">\n<div class=\"et_pb_column_46 et_pb_column et_pb_column_1_4 et_block_column et_pb_css_mix_blend_mode_passthrough\">\n<div class=\"et_pb_text_29 et_pb_text et_pb_bg_layout_light et_pb_module et_block_module\"><div class=\"et_pb_text_inner\"><h4 style=\"text-align: left;\"><span class=\"a_GcMg font-feature-liga-off font-feature-clig-off font-feature-calt-off text-decoration-none text-strikethrough-none\">Phase 1 : Premier tour du jury compos\u00e9 de l\u2019\u00e9quipe<\/span><\/h4>\n<\/div><\/div>\n<\/div>\n\n<div class=\"et_pb_column_47 et_pb_column et_pb_column_3_4 et-last-child et_block_column et_pb_css_mix_blend_mode_passthrough\">\n<div class=\"et_pb_text_30 et_pb_text et_pb_bg_layout_light et_pb_module et_block_module\"><div class=\"et_pb_text_inner\"><p><span class=\"a_GcMg font-feature-liga-off font-feature-clig-off font-feature-calt-off text-decoration-none text-strikethrough-none\">Une \u00e9valuation initiale des candidatures, permettant la cr\u00e9ation d\u2019une liste pr\u00e9liminaire des b\u00e9n\u00e9ficiaires et une liste pr\u00e9liminaire des d\u00e9boursements.<\/span><\/p>\n<p>En charge de l\u2019\u00e9valuation : <span style=\"text-decoration: underline;\"><a href=\"https:\/\/www.theyouthharbour.org\/fr\/action-grants\/our-team\/\" target=\"_blank\" draggable=\"false\" rel=\"noopener\" class=\"a_GcMg font-feature-liga-off font-feature-clig-off font-feature-calt-off text-decoration-underline text-strikethrough-none\">Les contr\u00f4leurs\u00b7euses du Havre<\/a><\/span><\/p>\n<\/div><\/div>\n<\/div>\n<\/div>\n\n<div class=\"et_pb_row_38 et_pb_row et_block_row\">\n<div class=\"et_pb_column_48 et_pb_column et_pb_column_4_4 et-last-child et_block_column et_pb_css_mix_blend_mode_passthrough\">\n<div class=\"et_pb_divider_7 et_pb_divider et_pb_space et_pb_divider_position_top et_pb_module\"><div class=\"et_pb_divider_internal\"><\/div><\/div>\n<\/div>\n<\/div>\n\n<div class=\"et_pb_row_39 et_pb_row et_pb_row_1-4_3-4 et_block_row et_block_row_1-4_3-4\">\n<div class=\"et_pb_column_49 et_pb_column et_pb_column_1_4 et_block_column et_pb_css_mix_blend_mode_passthrough\">\n<div class=\"et_pb_text_31 et_pb_text et_pb_bg_layout_light et_pb_module et_block_module\"><div class=\"et_pb_text_inner\"><h4 style=\"text-align: left;\"><span class=\"a_GcMg font-feature-liga-off font-feature-clig-off font-feature-calt-off text-decoration-none text-strikethrough-none\">Phase 2: <b>Individual Evaluation Committee Assessments<\/b><\/span><\/h4>\n<\/div><\/div>\n<\/div>\n\n<div class=\"et_pb_column_50 et_pb_column et_pb_column_3_4 et-last-child et_block_column et_pb_css_mix_blend_mode_passthrough\">\n<div class=\"et_pb_text_32 et_pb_text et_pb_bg_layout_light et_pb_module et_block_module\"><div class=\"et_pb_text_inner\"><p><span class=\"a_GcMg font-feature-liga-off font-feature-clig-off font-feature-calt-off text-decoration-none text-strikethrough-none\">Obtenir les perspectives des jeunes leaders climatiques canadien\u00b7ne\u00b7s en les impliquant d\u00e9lib\u00e9r\u00e9ment dans le processus d'\u00e9valuation.<\/span><\/p>\n<p>En charge de l\u2019\u00e9valuation : <span style=\"font-weight: 400;\">Le comit\u00e9 d\u2019\u00e9valuation Amplifier du Havre Jeunesse <\/span><span style=\"text-decoration: underline;\"><\/span><\/p>\n<\/div><\/div>\n<\/div>\n<\/div>\n\n<div class=\"et_pb_row_40 et_pb_row et_block_row\">\n<div class=\"et_pb_column_51 et_pb_column et_pb_column_4_4 et-last-child et_block_column et_pb_css_mix_blend_mode_passthrough\">\n<div class=\"et_pb_divider_8 et_pb_divider et_pb_space et_pb_divider_position_top et_pb_module\"><div class=\"et_pb_divider_internal\"><\/div><\/div>\n<\/div>\n<\/div>\n\n<div class=\"et_pb_row_41 et_pb_row et_pb_row_1-4_3-4 et_block_row et_block_row_1-4_3-4\">\n<div class=\"et_pb_column_52 et_pb_column et_pb_column_1_4 et_block_column et_pb_css_mix_blend_mode_passthrough\">\n<div class=\"et_pb_text_33 et_pb_text et_pb_bg_layout_light et_pb_module et_block_module\"><div class=\"et_pb_text_inner\"><h4 style=\"text-align: left;\"><span class=\"a_GcMg font-feature-liga-off font-feature-clig-off font-feature-calt-off text-decoration-none text-strikethrough-none\">Phase 3: <b>Staff Juries Round Two<\/b><\/span><\/h4>\n<\/div><\/div>\n<\/div>\n\n<div class=\"et_pb_column_53 et_pb_column et_pb_column_3_4 et-last-child et_block_column et_pb_css_mix_blend_mode_passthrough\">\n<div class=\"et_pb_text_34 et_pb_text et_pb_bg_layout_light et_pb_module et_block_module\"><div class=\"et_pb_text_inner\"><p><span class=\"a_GcMg font-feature-liga-off font-feature-clig-off font-feature-calt-off text-decoration-none text-strikethrough-none\">D\u00e9terminer la liste finale des candidatures accept\u00e9es et les montants accord\u00e9s \u00e0 chaque candidat.<\/span><\/p>\n<p>En charge de l\u2019\u00e9valuation : <a href=\"https:\/\/www.theyouthharbour.org\/fr\/action-grants\/our-team\/\" target=\"_blank\" draggable=\"false\" rel=\"noopener\" class=\"a_GcMg font-feature-liga-off font-feature-clig-off font-feature-calt-off text-decoration-underline text-strikethrough-none\"><span style=\"text-decoration: underline;\">Les contr\u00f4leurs\u00b7euses du Havre<\/span><\/a><span style=\"text-decoration: underline;\"><\/span><\/p>\n<\/div><\/div>\n<\/div>\n<\/div>\n\n<div class=\"et_pb_row_42 et_pb_row et_block_row\">\n<div class=\"et_pb_column_54 et_pb_column et_pb_column_4_4 et-last-child et_block_column et_pb_css_mix_blend_mode_passthrough\">\n<div class=\"et_pb_heading_15 et_pb_heading et_pb_module et_block_module\"><div class=\"et_pb_heading_container\"><h3 class=\"et_pb_module_header\">D\u00e9cisions finales et prochaines \u00e9tapes<\/h3><\/div><\/div>\n<\/div>\n<\/div>\n\n<div class=\"et_pb_row_43 et_pb_row et_block_row\">\n<div class=\"et_pb_column_55 et_pb_column et_pb_column_1_2 et_block_column et_pb_css_mix_blend_mode_passthrough\">\n<div class=\"et_pb_text_35 et_pb_text et_pb_bg_layout_light et_pb_module et_block_module\"><div class=\"et_pb_text_inner\"><p><span style=\"font-weight: 400;\">Toutes les personnes candidates seront inform\u00e9es par courriel lorsqu'une d\u00e9cision aura \u00e9t\u00e9 prise concernant leur candidature.<\/span><\/p>\n<p><span style=\"font-weight: 400;\"><strong>Si votre demande est accept\u00e9e<\/strong>, grantees of The Youth Harbour can expect to meet with a Youth Harbour staff member to review contracts for signature, disbursement timelines, and general expectations. Update and final reporting templates will be provided and completed on the agreed upon dates between FES and the Youth Harbour grantee.<\/span><\/p>\n<\/div><\/div>\n<\/div>\n\n<div class=\"et_pb_column_56 et_pb_column et_pb_column_1_2 et-last-child et_block_column et_pb_css_mix_blend_mode_passthrough\">\n<div class=\"et_pb_text_36 et_pb_text et_pb_bg_layout_light et_pb_module et_block_module\"><div class=\"et_pb_text_inner\"><p class=\"cvGsUA direction-ltr align-start para-style-body\"><span style=\"font-weight: 400;\">Si votre demande n'est pas accept\u00e9e pour financement pendant le cycle actuel, et si c\u2019est la premi\u00e8re fois que vous avez pos\u00e9 votre candidature au programme du Havre, vous recevrez une bourse de 25 $ afin de vous d\u00e9dommager pour le temps et l\u2019effort que vous avez d\u00e9pens\u00e9s pendant le processus de demande. Vous pouvez aussi indiquer si vous voulez que votre application soit r\u00e9examiner pendant le prochain cycle.<\/span><\/p>\n<\/div><\/div>\n<\/div>\n<\/div>\n<\/div>\n\n<div class=\"et_pb_section_11 et_pb_section et_section_regular et_block_section\">\n<div class=\"et_pb_row_44 et_pb_row et_block_row\">\n<div class=\"et_pb_column_57 et_pb_column et_pb_column_4_4 et-last-child et_block_column et_pb_css_mix_blend_mode_passthrough\">\n<div class=\"et_pb_divider_9 et_pb_divider et_pb_space et_pb_divider_position_top et_pb_module\"><div class=\"et_pb_divider_internal\"><\/div><\/div>\n<\/div>\n<\/div>\n\n<div class=\"et_pb_row_45 et_pb_row et_block_row\">\n<div class=\"et_pb_column_58 et_pb_column et_pb_column_4_4 et-last-child et_block_column et_pb_css_mix_blend_mode_passthrough\">\n<div class=\"et_pb_heading_16 et_pb_heading et_pb_module et_block_module\"><div class=\"et_pb_heading_container\"><h1 class=\"et_pb_module_header\">Engagement \u00c9thique Et Directives D'octroi De Bourses<\/h1><\/div><\/div>\n\n<div class=\"et_pb_text_37 et_pb_text et_pb_bg_layout_light et_pb_module et_block_module\"><div class=\"et_pb_text_inner\"><p><span style=\"font-weight: 400;\">FES <\/span><b>ne soutient pas, <\/b><span style=\"font-weight: 400;\">ne s'associe pas, ne s'affilie pas et n'accorde pas de bourses \u00e0 des groupes qui :<\/span><\/p>\n<p><span style=\"font-weight: 400;\"><\/span><\/p>\n<ol>\n<li style=\"font-weight: 400;\" aria-level=\"1\"><span style=\"font-weight: 400;\">Perp\u00e9tuent des pr\u00e9jug\u00e9s et une discrimination syst\u00e9miques fond\u00e9s sur l'origine ethnique, la race, la religion, la couleur, l'orientation sexuelle, le genre, l'identit\u00e9 de genre, l\u2019origine nationale, l'ascendance, la citoyennet\u00e9, le statut de v\u00e9t\u00e9ran ou le handicap.<\/span><\/li>\n<li style=\"font-weight: 400;\" aria-level=\"1\"><span style=\"font-weight: 400;\">Encouragent ou soutiennent la violence, l'agression, les pr\u00e9jug\u00e9s, l'oppression ou toute violation des droits humains, en particulier les droits des peuples autochtones.<\/span><\/li>\n<li style=\"font-weight: 400;\" aria-level=\"1\"><span style=\"font-weight: 400;\">Forcent, contraignent ou excluent d'autres personnes en raison de leurs croyances religieuses ou spirituelles.<\/span><\/li>\n<li style=\"font-weight: 400;\" aria-level=\"1\"><span style=\"font-weight: 400;\">Sont li\u00e9s \u00e0 des partis politiques, \u00e0 des rassemblements politiques ou \u00e0 d'autres activit\u00e9s partisanes.<\/span><\/li>\n<li style=\"font-weight: 400;\" aria-level=\"1\"><span style=\"font-weight: 400;\">Promeuvent ou participent \u00e0 des pratiques non durables et\/ou ne disposent pas d'un plan climatique ad\u00e9quat pour faire face \u00e0 la crise climatique en r\u00e9ponse \u00e0 ses pratiques non durables.<\/span><\/li>\n<li style=\"font-weight: 400;\" aria-level=\"1\"><span style=\"font-weight: 400;\">Ont des ant\u00e9c\u00e9dents de tokenisation des jeunes ou de manque de respect envers leurs opinions.<\/span><\/li>\n<\/ol>\n<\/div><\/div>\n<\/div>\n<\/div>\n\n<div class=\"et_pb_row_46 et_pb_row et-vb-row--no-module et_block_row\">\n<div class=\"et_pb_column_59 et_pb_column et_pb_column_4_4 et-last-child et_block_column et_pb_column_empty et_pb_css_mix_blend_mode_passthrough\"><\/div>\n<\/div>\n<\/div>\n\n<div class=\"et_pb_section_12 et_pb_section et_section_regular et_block_section\">\n<div class=\"et_pb_row_47 et_pb_row et_pb_gutters2 et_block_row\">\n<div class=\"et_pb_column_60 et_pb_column et_pb_column_4_4 et-last-child et_block_column et_pb_css_mix_blend_mode_passthrough\">\n<div class=\"et_pb_module et_pb_button_module_wrapper et_pb_button_8_wrapper\"><a class=\"et_pb_button_8 et_pb_button et_pb_bg_layout_light et_pb_module et_block_module\" href=\"https:\/\/docs.google.com\/forms\/d\/e\/1FAIpQLSf7ESK86L-mCIQfUWpLev2PLCTYfiBIA2jJzEoPr90ZyIgnmA\/viewform\">Les candidatures sont actuellement ferm\u00e9es.<\/a><\/div>\n<\/div>\n<\/div>\n<\/div>","protected":false},"excerpt":{"rendered":"","protected":false},"author":1,"featured_media":28479,"parent":0,"menu_order":0,"comment_status":"closed","ping_status":"closed","template":"","meta":{"_acf_changed":false,"nf_dc_page":"","footnotes":""},"class_list":["post-27196","page","type-page","status-publish","has-post-thumbnail","hentry"],"acf":[],"yoast_head":"<!-- This site is optimized with the Yoast SEO plugin v28.4 - https:\/\/yoast.com\/product\/yoast-seo-wordpress\/ -->\n<title>Amplify Grants - The Youth Harbour<\/title>\n<meta name=\"description\" content=\"Branding Buddy offers in-kind branding services to youth-led organizations that are looking to develop their brand identity.\" \/>\n<meta name=\"robots\" content=\"index, follow, max-snippet:-1, max-image-preview:large, max-video-preview:-1\" \/>\n<link rel=\"canonical\" href=\"https:\/\/www.theyouthharbour.org\/fr\/amplify\/\" \/>\n<meta property=\"og:locale\" content=\"fr_CA\" \/>\n<meta property=\"og:type\" content=\"article\" \/>\n<meta property=\"og:title\" content=\"Amplify Grants - The Youth Harbour\" \/>\n<meta property=\"og:description\" content=\"Branding Buddy offers in-kind branding services to youth-led organizations that are looking to develop their brand identity.\" \/>\n<meta property=\"og:url\" content=\"https:\/\/www.theyouthharbour.org\/fr\/amplify\/\" \/>\n<meta property=\"og:site_name\" content=\"The Youth Harbour\" \/>\n<meta property=\"article:modified_time\" content=\"2026-08-24T19:57:44+00:00\" \/>\n<meta property=\"og:image\" content=\"https:\/\/i0.wp.com\/www.theyouthharbour.org\/wp-content\/uploads\/2023\/09\/Screenshot-2023-09-12-at-4.56.06-PM.png?fit=1082%2C671&ssl=1\" \/>\n\t<meta property=\"og:image:width\" content=\"1082\" \/>\n\t<meta property=\"og:image:height\" content=\"671\" \/>\n\t<meta property=\"og:image:type\" content=\"image\/png\" \/>\n<meta name=\"twitter:card\" content=\"summary_large_image\" \/>\n<meta name=\"twitter:label1\" content=\"Estimation du temps de lecture\" \/>\n\t<meta name=\"twitter:data1\" content=\"7 minutes\" \/>\n<script type=\"application\/ld+json\" class=\"yoast-schema-graph\">{\"@context\":\"https:\\\/\\\/schema.org\",\"@graph\":[{\"@type\":\"WebPage\",\"@id\":\"https:\\\/\\\/www.theyouthharbour.org\\\/amplify\\\/\",\"url\":\"https:\\\/\\\/www.theyouthharbour.org\\\/amplify\\\/\",\"name\":\"Amplify Grants - The Youth Harbour\",\"isPartOf\":{\"@id\":\"https:\\\/\\\/www.theyouthharbour.org\\\/#website\"},\"primaryImageOfPage\":{\"@id\":\"https:\\\/\\\/www.theyouthharbour.org\\\/amplify\\\/#primaryimage\"},\"image\":{\"@id\":\"https:\\\/\\\/www.theyouthharbour.org\\\/amplify\\\/#primaryimage\"},\"thumbnailUrl\":\"https:\\\/\\\/i0.wp.com\\\/www.theyouthharbour.org\\\/wp-content\\\/uploads\\\/2023\\\/09\\\/Screenshot-2023-09-12-at-4.56.06-PM.png?fit=1082%2C671&ssl=1\",\"datePublished\":\"2023-08-29T20:34:51+00:00\",\"dateModified\":\"2026-08-24T19:57:44+00:00\",\"description\":\"Branding Buddy offers in-kind branding services to youth-led organizations that are looking to develop their brand identity.\",\"breadcrumb\":{\"@id\":\"https:\\\/\\\/www.theyouthharbour.org\\\/amplify\\\/#breadcrumb\"},\"inLanguage\":\"fr-CA\",\"potentialAction\":[{\"@type\":\"ReadAction\",\"target\":[\"https:\\\/\\\/www.theyouthharbour.org\\\/amplify\\\/\"]}]},{\"@type\":\"ImageObject\",\"inLanguage\":\"fr-CA\",\"@id\":\"https:\\\/\\\/www.theyouthharbour.org\\\/amplify\\\/#primaryimage\",\"url\":\"https:\\\/\\\/i0.wp.com\\\/www.theyouthharbour.org\\\/wp-content\\\/uploads\\\/2023\\\/09\\\/Screenshot-2023-09-12-at-4.56.06-PM.png?fit=1082%2C671&ssl=1\",\"contentUrl\":\"https:\\\/\\\/i0.wp.com\\\/www.theyouthharbour.org\\\/wp-content\\\/uploads\\\/2023\\\/09\\\/Screenshot-2023-09-12-at-4.56.06-PM.png?fit=1082%2C671&ssl=1\",\"width\":1082,\"height\":671},{\"@type\":\"BreadcrumbList\",\"@id\":\"https:\\\/\\\/www.theyouthharbour.org\\\/amplify\\\/#breadcrumb\",\"itemListElement\":[{\"@type\":\"ListItem\",\"position\":1,\"name\":\"Home\",\"item\":\"https:\\\/\\\/www.theyouthharbour.org\\\/\"},{\"@type\":\"ListItem\",\"position\":2,\"name\":\"Amplify Grants\"}]},{\"@type\":\"WebSite\",\"@id\":\"https:\\\/\\\/www.theyouthharbour.org\\\/#website\",\"url\":\"https:\\\/\\\/www.theyouthharbour.org\\\/\",\"name\":\"The Youth Harbour\",\"description\":\"Youth-for-youth climate support system.\",\"potentialAction\":[{\"@type\":\"SearchAction\",\"target\":{\"@type\":\"EntryPoint\",\"urlTemplate\":\"https:\\\/\\\/www.theyouthharbour.org\\\/?s={search_term_string}\"},\"query-input\":{\"@type\":\"PropertyValueSpecification\",\"valueRequired\":true,\"valueName\":\"search_term_string\"}}],\"inLanguage\":\"fr-CA\"}]}<\/script>\n<!-- \/ Yoast SEO plugin. -->","yoast_head_json":{"title":"Amplify Grants - The Youth Harbour","description":"Branding Buddy offers in-kind branding services to youth-led organizations that are looking to develop their brand identity.","robots":{"index":"index","follow":"follow","max-snippet":"max-snippet:-1","max-image-preview":"max-image-preview:large","max-video-preview":"max-video-preview:-1"},"canonical":"https:\/\/www.theyouthharbour.org\/fr\/amplify\/","og_locale":"fr_CA","og_type":"article","og_title":"Amplify Grants - The Youth Harbour","og_description":"Branding Buddy offers in-kind branding services to youth-led organizations that are looking to develop their brand identity.","og_url":"https:\/\/www.theyouthharbour.org\/fr\/amplify\/","og_site_name":"The Youth Harbour","article_modified_time":"2026-08-24T19:57:44+00:00","og_image":[{"width":1082,"height":671,"url":"https:\/\/i0.wp.com\/www.theyouthharbour.org\/wp-content\/uploads\/2023\/09\/Screenshot-2023-09-12-at-4.56.06-PM.png?fit=1082%2C671&ssl=1","type":"image\/png"}],"twitter_card":"summary_large_image","twitter_misc":{"Estimation du temps de lecture":"7 minutes"},"schema":{"@context":"https:\/\/schema.org","@graph":[{"@type":"WebPage","@id":"https:\/\/www.theyouthharbour.org\/amplify\/","url":"https:\/\/www.theyouthharbour.org\/amplify\/","name":"Amplify Grants - The Youth Harbour","isPartOf":{"@id":"https:\/\/www.theyouthharbour.org\/#website"},"primaryImageOfPage":{"@id":"https:\/\/www.theyouthharbour.org\/amplify\/#primaryimage"},"image":{"@id":"https:\/\/www.theyouthharbour.org\/amplify\/#primaryimage"},"thumbnailUrl":"https:\/\/i0.wp.com\/www.theyouthharbour.org\/wp-content\/uploads\/2023\/09\/Screenshot-2023-09-12-at-4.56.06-PM.png?fit=1082%2C671&ssl=1","datePublished":"2023-08-29T20:34:51+00:00","dateModified":"2026-08-24T19:57:44+00:00","description":"Branding Buddy offers in-kind branding services to youth-led organizations that are looking to develop their brand identity.","breadcrumb":{"@id":"https:\/\/www.theyouthharbour.org\/amplify\/#breadcrumb"},"inLanguage":"fr-CA","potentialAction":[{"@type":"ReadAction","target":["https:\/\/www.theyouthharbour.org\/amplify\/"]}]},{"@type":"ImageObject","inLanguage":"fr-CA","@id":"https:\/\/www.theyouthharbour.org\/amplify\/#primaryimage","url":"https:\/\/i0.wp.com\/www.theyouthharbour.org\/wp-content\/uploads\/2023\/09\/Screenshot-2023-09-12-at-4.56.06-PM.png?fit=1082%2C671&ssl=1","contentUrl":"https:\/\/i0.wp.com\/www.theyouthharbour.org\/wp-content\/uploads\/2023\/09\/Screenshot-2023-09-12-at-4.56.06-PM.png?fit=1082%2C671&ssl=1","width":1082,"height":671},{"@type":"BreadcrumbList","@id":"https:\/\/www.theyouthharbour.org\/amplify\/#breadcrumb","itemListElement":[{"@type":"ListItem","position":1,"name":"Home","item":"https:\/\/www.theyouthharbour.org\/"},{"@type":"ListItem","position":2,"name":"Amplify Grants"}]},{"@type":"WebSite","@id":"https:\/\/www.theyouthharbour.org\/#website","url":"https:\/\/www.theyouthharbour.org\/","name":"Le Havre jeunesse","description":"Youth-for-youth climate support system.","potentialAction":[{"@type":"SearchAction","target":{"@type":"EntryPoint","urlTemplate":"https:\/\/www.theyouthharbour.org\/?s={search_term_string}"},"query-input":{"@type":"PropertyValueSpecification","valueRequired":true,"valueName":"search_term_string"}}],"inLanguage":"fr-CA"}]}},"jetpack_sharing_enabled":true,"_links":{"self":[{"href":"https:\/\/www.theyouthharbour.org\/fr\/wp-json\/wp\/v2\/pages\/27196","targetHints":{"allow":["GET"]}}],"collection":[{"href":"https:\/\/www.theyouthharbour.org\/fr\/wp-json\/wp\/v2\/pages"}],"about":[{"href":"https:\/\/www.theyouthharbour.org\/fr\/wp-json\/wp\/v2\/types\/page"}],"author":[{"embeddable":true,"href":"https:\/\/www.theyouthharbour.org\/fr\/wp-json\/wp\/v2\/users\/1"}],"replies":[{"embeddable":true,"href":"https:\/\/www.theyouthharbour.org\/fr\/wp-json\/wp\/v2\/comments?post=27196"}],"version-history":[{"count":20,"href":"https:\/\/www.theyouthharbour.org\/fr\/wp-json\/wp\/v2\/pages\/27196\/revisions"}],"predecessor-version":[{"id":33228,"href":"https:\/\/www.theyouthharbour.org\/fr\/wp-json\/wp\/v2\/pages\/27196\/revisions\/33228"}],"wp:featuredmedia":[{"embeddable":true,"href":"https:\/\/www.theyouthharbour.org\/fr\/wp-json\/wp\/v2\/media\/28479"}],"wp:attachment":[{"href":"https:\/\/www.theyouthharbour.org\/fr\/wp-json\/wp\/v2\/media?parent=27196"}],"curies":[{"name":"wp","href":"https:\/\/api.w.org\/{rel}","templated":true}]}}